
{"id":7,"date":"2020-01-24T10:33:50","date_gmt":"2020-01-24T09:33:50","guid":{"rendered":"https:\/\/odra.dracosk.pl\/polacy-na-swiecie\/?page_id=7"},"modified":"2025-07-25T12:31:49","modified_gmt":"2025-07-25T10:31:49","slug":"strona-glowna","status":"publish","type":"page","link":"https:\/\/odraniemen.org\/polacy-na-swiecie\/","title":{"rendered":"Strona g\u0142\u00f3wna"},"content":{"rendered":"\t\t<div data-elementor-type=\"wp-page\" data-elementor-id=\"7\" class=\"elementor elementor-7\">\n\t\t\t\t\t\t\t\t\t<section class=\"has_eae_slider elementor-section elementor-top-section elementor-element elementor-element-3a376a4 elementor-section-full_width elementor-section-stretched elementor-section-height-default elementor-section-height-default\" data-id=\"3a376a4\" data-element_type=\"section\" data-settings=\"{&quot;stretch_section&quot;:&quot;section-stretched&quot;}\">\n\t\t\t\t\t\t<div class=\"elementor-container elementor-column-gap-no\">\n\t\t\t\t\t<div class=\"has_eae_slider elementor-column elementor-col-100 elementor-top-column elementor-element elementor-element-9bd7c1e\" data-id=\"9bd7c1e\" data-element_type=\"column\">\n\t\t\t<div class=\"elementor-widget-wrap elementor-element-populated\">\n\t\t\t\t\t\t\t\t<div class=\"elementor-element elementor-element-3f908bc elementor-widget elementor-widget-image\" data-id=\"3f908bc\" data-element_type=\"widget\" data-widget_type=\"image.default\">\n\t\t\t\t<div class=\"elementor-widget-container\">\n\t\t\t\t\t\t\t\t\t\t\t\t\t\t\t<img loading=\"lazy\" decoding=\"async\" width=\"1400\" height=\"412\" src=\"https:\/\/odraniemen.org\/polacy-na-swiecie\/wp-content\/uploads\/sites\/10\/2025\/06\/flaga.jpg\" class=\"attachment-full size-full wp-image-3358\" alt=\"\" srcset=\"https:\/\/odraniemen.org\/polacy-na-swiecie\/wp-content\/uploads\/sites\/10\/2025\/06\/flaga.jpg 1400w, https:\/\/odraniemen.org\/polacy-na-swiecie\/wp-content\/uploads\/sites\/10\/2025\/06\/flaga-300x88.jpg 300w, https:\/\/odraniemen.org\/polacy-na-swiecie\/wp-content\/uploads\/sites\/10\/2025\/06\/flaga-1024x301.jpg 1024w, https:\/\/odraniemen.org\/polacy-na-swiecie\/wp-content\/uploads\/sites\/10\/2025\/06\/flaga-768x226.jpg 768w\" sizes=\"(max-width: 1400px) 100vw, 1400px\" \/>\t\t\t\t\t\t\t\t\t\t\t\t\t\t\t<\/div>\n\t\t\t\t<\/div>\n\t\t\t\t<div class=\"elementor-element elementor-element-29d8a30 elementor-widget elementor-widget-heading\" data-id=\"29d8a30\" data-element_type=\"widget\" data-widget_type=\"heading.default\">\n\t\t\t\t<div class=\"elementor-widget-container\">\n\t\t\t<h2 class=\"elementor-heading-title elementor-size-default\"><a href=\"https:\/\/odra.dracosk.pl\/aktualnosci\/\">Poznaj nas lepiej<\/a><\/h2>\t\t<\/div>\n\t\t\t\t<\/div>\n\t\t\t\t<div class=\"elementor-element elementor-element-4a87e02 elementor-widget elementor-widget-text-editor\" data-id=\"4a87e02\" data-element_type=\"widget\" data-widget_type=\"text-editor.default\">\n\t\t\t\t<div class=\"elementor-widget-container\">\n\t\t\t\t\t\t\t<p><strong>Stowarzyszenie Odra-Niemen dzia\u0142a od ponad 15 lat. Od pocz\u0105tku zajmujemy si\u0119 kilkoma obszarami:\u00a0\u00a0<\/strong><\/p>\t\t\t\t\t\t<\/div>\n\t\t\t\t<\/div>\n\t\t\t\t\t<\/div>\n\t\t<\/div>\n\t\t\t\t\t\t\t<\/div>\n\t\t<\/section>\n\t\t\t\t<section class=\"has_eae_slider elementor-section elementor-top-section elementor-element elementor-element-125764f elementor-section-boxed elementor-section-height-default elementor-section-height-default\" data-id=\"125764f\" data-element_type=\"section\">\n\t\t\t\t\t\t<div class=\"elementor-container elementor-column-gap-default\">\n\t\t\t\t\t<div class=\"has_eae_slider elementor-column elementor-col-100 elementor-top-column elementor-element elementor-element-b00635b\" data-id=\"b00635b\" data-element_type=\"column\">\n\t\t\t<div class=\"elementor-widget-wrap elementor-element-populated\">\n\t\t\t\t\t\t\t\t<div class=\"elementor-element elementor-element-3bf94f8 elementor-widget elementor-widget-image\" data-id=\"3bf94f8\" data-element_type=\"widget\" data-widget_type=\"image.default\">\n\t\t\t\t<div class=\"elementor-widget-container\">\n\t\t\t\t\t\t\t\t\t\t\t\t\t\t\t<img loading=\"lazy\" decoding=\"async\" width=\"768\" height=\"226\" src=\"https:\/\/odraniemen.org\/polacy-na-swiecie\/wp-content\/uploads\/sites\/10\/2025\/06\/cropped-Polacy-PONAD-GRANICAMI-logo.png\" class=\"attachment-medium_large size-medium_large wp-image-3335\" alt=\"\" srcset=\"https:\/\/odraniemen.org\/polacy-na-swiecie\/wp-content\/uploads\/sites\/10\/2025\/06\/cropped-Polacy-PONAD-GRANICAMI-logo-768x226.png 768w, https:\/\/odraniemen.org\/polacy-na-swiecie\/wp-content\/uploads\/sites\/10\/2025\/06\/cropped-Polacy-PONAD-GRANICAMI-logo-300x88.png 300w, https:\/\/odraniemen.org\/polacy-na-swiecie\/wp-content\/uploads\/sites\/10\/2025\/06\/cropped-Polacy-PONAD-GRANICAMI-logo-1024x301.png 1024w, https:\/\/odraniemen.org\/polacy-na-swiecie\/wp-content\/uploads\/sites\/10\/2025\/06\/cropped-Polacy-PONAD-GRANICAMI-logo-1536x451.png 1536w, https:\/\/odraniemen.org\/polacy-na-swiecie\/wp-content\/uploads\/sites\/10\/2025\/06\/cropped-Polacy-PONAD-GRANICAMI-logo.png 1546w\" sizes=\"(max-width: 768px) 100vw, 768px\" \/>\t\t\t\t\t\t\t\t\t\t\t\t\t\t\t<\/div>\n\t\t\t\t<\/div>\n\t\t\t\t\t<\/div>\n\t\t<\/div>\n\t\t\t\t\t\t\t<\/div>\n\t\t<\/section>\n\t\t\t\t<section class=\"has_eae_slider elementor-section elementor-top-section elementor-element elementor-element-99e2e65 elementor-section-boxed elementor-section-height-default elementor-section-height-default\" data-id=\"99e2e65\" data-element_type=\"section\">\n\t\t\t\t\t\t<div class=\"elementor-container elementor-column-gap-default\">\n\t\t\t\t\t<div class=\"has_eae_slider elementor-column elementor-col-33 elementor-top-column elementor-element elementor-element-29fea0d\" data-id=\"29fea0d\" data-element_type=\"column\">\n\t\t\t<div class=\"elementor-widget-wrap elementor-element-populated\">\n\t\t\t\t\t\t\t\t<div class=\"elementor-element elementor-element-bb081ad elementor-align-center elementor-widget elementor-widget-button\" data-id=\"bb081ad\" data-element_type=\"widget\" data-widget_type=\"button.default\">\n\t\t\t\t<div class=\"elementor-widget-container\">\n\t\t\t\t\t<div class=\"elementor-button-wrapper\">\n\t\t\t<a class=\"elementor-button elementor-button-link elementor-size-sm\" href=\"#\">\n\t\t\t\t\t\t<span class=\"elementor-button-content-wrapper\">\n\t\t\t\t\t\t<span class=\"elementor-button-text\">Polonia i Polacy za granic\u0105\u00a0<\/span>\n\t\t<\/span>\n\t\t\t\t\t<\/a>\n\t\t<\/div>\n\t\t\t\t<\/div>\n\t\t\t\t<\/div>\n\t\t\t\t\t<\/div>\n\t\t<\/div>\n\t\t\t\t<div class=\"has_eae_slider elementor-column elementor-col-33 elementor-top-column elementor-element elementor-element-ac2809d\" data-id=\"ac2809d\" data-element_type=\"column\">\n\t\t\t<div class=\"elementor-widget-wrap elementor-element-populated\">\n\t\t\t\t\t\t\t\t<div class=\"elementor-element elementor-element-2febd96 elementor-align-center elementor-widget elementor-widget-button\" data-id=\"2febd96\" data-element_type=\"widget\" data-widget_type=\"button.default\">\n\t\t\t\t<div class=\"elementor-widget-container\">\n\t\t\t\t\t<div class=\"elementor-button-wrapper\">\n\t\t\t<a class=\"elementor-button elementor-button-link elementor-size-sm\" href=\"https:\/\/rodacybohaterom.pl\/\">\n\t\t\t\t\t\t<span class=\"elementor-button-content-wrapper\">\n\t\t\t\t\t\t<span class=\"elementor-button-text\">Rodacy-Bohaterom\u00a0<\/span>\n\t\t<\/span>\n\t\t\t\t\t<\/a>\n\t\t<\/div>\n\t\t\t\t<\/div>\n\t\t\t\t<\/div>\n\t\t\t\t\t<\/div>\n\t\t<\/div>\n\t\t\t\t<div class=\"has_eae_slider elementor-column elementor-col-33 elementor-top-column elementor-element elementor-element-541054c\" data-id=\"541054c\" data-element_type=\"column\">\n\t\t\t<div class=\"elementor-widget-wrap elementor-element-populated\">\n\t\t\t\t\t\t\t\t<div class=\"elementor-element elementor-element-a5318cd elementor-align-center elementor-widget elementor-widget-button\" data-id=\"a5318cd\" data-element_type=\"widget\" data-widget_type=\"button.default\">\n\t\t\t\t<div class=\"elementor-widget-container\">\n\t\t\t\t\t<div class=\"elementor-button-wrapper\">\n\t\t\t<a class=\"elementor-button elementor-button-link elementor-size-sm\" href=\"#\">\n\t\t\t\t\t\t<span class=\"elementor-button-content-wrapper\">\n\t\t\t\t\t\t<span class=\"elementor-button-text\">Rozw\u00f3j \u015brodowiska pozarz\u0105dowego\u00a0<\/span>\n\t\t<\/span>\n\t\t\t\t\t<\/a>\n\t\t<\/div>\n\t\t\t\t<\/div>\n\t\t\t\t<\/div>\n\t\t\t\t\t<\/div>\n\t\t<\/div>\n\t\t\t\t\t\t\t<\/div>\n\t\t<\/section>\n\t\t\t\t<section class=\"has_eae_slider elementor-section elementor-top-section elementor-element elementor-element-9a9384c elementor-section-boxed elementor-section-height-default elementor-section-height-default\" data-id=\"9a9384c\" data-element_type=\"section\">\n\t\t\t\t\t\t<div class=\"elementor-container elementor-column-gap-default\">\n\t\t\t\t\t<div class=\"has_eae_slider elementor-column elementor-col-100 elementor-top-column elementor-element elementor-element-ad2f52a\" data-id=\"ad2f52a\" data-element_type=\"column\">\n\t\t\t<div class=\"elementor-widget-wrap elementor-element-populated\">\n\t\t\t\t\t\t\t\t<div class=\"elementor-element elementor-element-0891196 elementor-widget elementor-widget-heading\" data-id=\"0891196\" data-element_type=\"widget\" data-widget_type=\"heading.default\">\n\t\t\t\t<div class=\"elementor-widget-container\">\n\t\t\t<h2 class=\"elementor-heading-title elementor-size-default\">Skutecznie pozyskujemy \u015brodki na dzia\u0142ania spo\u0142eczne\n<\/h2>\t\t<\/div>\n\t\t\t\t<\/div>\n\t\t\t\t<div class=\"elementor-element elementor-element-5bfbae8 elementor-widget elementor-widget-text-editor\" data-id=\"5bfbae8\" data-element_type=\"widget\" data-widget_type=\"text-editor.default\">\n\t\t\t\t<div class=\"elementor-widget-container\">\n\t\t\t\t\t\t\t<p>Wsp\u00f3\u0142pracujemy z wieloma instytucjami publicznymi i prywatnymi, dzi\u0119ki czemu z powodzeniem realizujemy liczne projekty w kraju i za granic\u0105.<br \/>Pozyskali\u015bmy fundusze m.in. z:<\/p><ul><li>Kancelarii Prezesa Rady Ministr\u00f3w (KPRM)<\/li><li>Senatu RP<\/li><li>Ministerstwa Spraw Zagranicznych (MSZ)<\/li><li>Ministerstwa Edukacji Narodowej (MEN)<\/li><li>Ministerstwa Kultury i Dziedzictwa Narodowego (MKiDN)<\/li><li>Ministerstwa Obrony Narodowej (MON)<\/li><li>Instytutu Kolbego<\/li><li>Fundacji ORLEN, Fundacji ARP, KGHM<\/li><\/ul>\t\t\t\t\t\t<\/div>\n\t\t\t\t<\/div>\n\t\t\t\t<div class=\"elementor-element elementor-element-442f612 elementor-arrows-position-inside elementor-widget elementor-widget-image-carousel\" data-id=\"442f612\" data-element_type=\"widget\" data-settings=\"{&quot;slides_to_show&quot;:&quot;6&quot;,&quot;navigation&quot;:&quot;arrows&quot;,&quot;autoplay_speed&quot;:1000,&quot;image_spacing_custom&quot;:{&quot;unit&quot;:&quot;px&quot;,&quot;size&quot;:30,&quot;sizes&quot;:[]},&quot;autoplay&quot;:&quot;yes&quot;,&quot;pause_on_hover&quot;:&quot;yes&quot;,&quot;pause_on_interaction&quot;:&quot;yes&quot;,&quot;infinite&quot;:&quot;yes&quot;,&quot;speed&quot;:500,&quot;image_spacing_custom_tablet&quot;:{&quot;unit&quot;:&quot;px&quot;,&quot;size&quot;:&quot;&quot;,&quot;sizes&quot;:[]},&quot;image_spacing_custom_mobile&quot;:{&quot;unit&quot;:&quot;px&quot;,&quot;size&quot;:&quot;&quot;,&quot;sizes&quot;:[]}}\" data-widget_type=\"image-carousel.default\">\n\t\t\t\t<div class=\"elementor-widget-container\">\n\t\t\t\t\t<div class=\"elementor-image-carousel-wrapper swiper-container\" dir=\"ltr\">\n\t\t\t<div class=\"elementor-image-carousel swiper-wrapper\" aria-live=\"off\">\n\t\t\t\t\t\t\t\t<div class=\"swiper-slide\" role=\"group\" aria-roledescription=\"slide\" aria-label=\"1 of 14\"><figure class=\"swiper-slide-inner\"><img decoding=\"async\" class=\"swiper-slide-image\" src=\"https:\/\/odraniemen.org\/polacy-na-swiecie\/wp-content\/uploads\/sites\/10\/2025\/07\/1920x810-1.jpg\" alt=\"1920x810 (1)\" \/><\/figure><\/div><div class=\"swiper-slide\" role=\"group\" aria-roledescription=\"slide\" aria-label=\"2 of 14\"><figure class=\"swiper-slide-inner\"><img decoding=\"async\" class=\"swiper-slide-image\" src=\"https:\/\/odraniemen.org\/polacy-na-swiecie\/wp-content\/uploads\/sites\/10\/2025\/07\/5a1f6ce0-f642-473c-80ec-49ae947aa4e2-300x132.png\" alt=\"5a1f6ce0-f642-473c-80ec-49ae947aa4e2\" \/><\/figure><\/div><div class=\"swiper-slide\" role=\"group\" aria-roledescription=\"slide\" aria-label=\"3 of 14\"><figure class=\"swiper-slide-inner\"><img decoding=\"async\" class=\"swiper-slide-image\" src=\"https:\/\/odraniemen.org\/polacy-na-swiecie\/wp-content\/uploads\/sites\/10\/2025\/06\/logo_senat_polonia_2025_rgb-1-300x212.jpg\" alt=\"\" \/><\/figure><\/div><div class=\"swiper-slide\" role=\"group\" aria-roledescription=\"slide\" aria-label=\"4 of 14\"><figure class=\"swiper-slide-inner\"><img decoding=\"async\" class=\"swiper-slide-image\" src=\"https:\/\/odraniemen.org\/polacy-na-swiecie\/wp-content\/uploads\/sites\/10\/2025\/07\/Logo_MON.svg.png\" alt=\"Logo_MON.svg\" \/><\/figure><\/div><div class=\"swiper-slide\" role=\"group\" aria-roledescription=\"slide\" aria-label=\"5 of 14\"><figure class=\"swiper-slide-inner\"><img decoding=\"async\" class=\"swiper-slide-image\" src=\"https:\/\/odraniemen.org\/polacy-na-swiecie\/wp-content\/uploads\/sites\/10\/2025\/07\/Logo_Ministerstwa_Kultury_i_Dziedzictwa_Narodowego.svg.png\" alt=\"Logo_Ministerstwa_Kultury_i_Dziedzictwa_Narodowego.svg\" \/><\/figure><\/div><div class=\"swiper-slide\" role=\"group\" aria-roledescription=\"slide\" aria-label=\"6 of 14\"><figure class=\"swiper-slide-inner\"><img decoding=\"async\" class=\"swiper-slide-image\" src=\"https:\/\/odraniemen.org\/polacy-na-swiecie\/wp-content\/uploads\/sites\/10\/2025\/07\/logotyp-umwd_nowy.jpg\" alt=\"logotyp-umwd_nowy\" \/><\/figure><\/div><div class=\"swiper-slide\" role=\"group\" aria-roledescription=\"slide\" aria-label=\"7 of 14\"><figure class=\"swiper-slide-inner\"><img decoding=\"async\" class=\"swiper-slide-image\" src=\"https:\/\/odraniemen.org\/polacy-na-swiecie\/wp-content\/uploads\/sites\/10\/2025\/07\/logo_UDSKiOR.jpg\" alt=\"logo_UDSKiOR\" \/><\/figure><\/div><div class=\"swiper-slide\" role=\"group\" aria-roledescription=\"slide\" aria-label=\"8 of 14\"><figure class=\"swiper-slide-inner\"><img decoding=\"async\" class=\"swiper-slide-image\" src=\"https:\/\/odraniemen.org\/polacy-na-swiecie\/wp-content\/uploads\/sites\/10\/2025\/07\/mEWk9kuTURBXy9jOWZjMGE0NS05MWE1LTRmNTItYmY3OS02NDE1Y2JmODJmMDYuanBlZ5GVAs0DBwDDw4GhMAE.jpg\" alt=\"mEWk9kuTURBXy9jOWZjMGE0NS05MWE1LTRmNTItYmY3OS02NDE1Y2JmODJmMDYuanBlZ5GVAs0DBwDDw4GhMAE\" \/><\/figure><\/div><div class=\"swiper-slide\" role=\"group\" aria-roledescription=\"slide\" aria-label=\"9 of 14\"><figure class=\"swiper-slide-inner\"><img decoding=\"async\" class=\"swiper-slide-image\" src=\"https:\/\/odraniemen.org\/polacy-na-swiecie\/wp-content\/uploads\/sites\/10\/2025\/07\/nowe_logo_fundacja-orlen.jpg\" alt=\"nowe_logo_fundacja orlen\" \/><\/figure><\/div><div class=\"swiper-slide\" role=\"group\" aria-roledescription=\"slide\" aria-label=\"10 of 14\"><figure class=\"swiper-slide-inner\"><img decoding=\"async\" class=\"swiper-slide-image\" src=\"https:\/\/odraniemen.org\/polacy-na-swiecie\/wp-content\/uploads\/sites\/10\/2025\/07\/PKO-FND-LOGO-RGB.jpg\" alt=\"PKO FUN LOGO CMYK\" \/><\/figure><\/div><div class=\"swiper-slide\" role=\"group\" aria-roledescription=\"slide\" aria-label=\"11 of 14\"><figure class=\"swiper-slide-inner\"><img decoding=\"async\" class=\"swiper-slide-image\" src=\"https:\/\/odraniemen.org\/polacy-na-swiecie\/wp-content\/uploads\/sites\/10\/2025\/07\/fundacja_kghm_2x_white.png\" alt=\"fundacja_kghm_2x_white\" \/><\/figure><\/div><div class=\"swiper-slide\" role=\"group\" aria-roledescription=\"slide\" aria-label=\"12 of 14\"><figure class=\"swiper-slide-inner\"><img decoding=\"async\" class=\"swiper-slide-image\" src=\"https:\/\/odraniemen.org\/polacy-na-swiecie\/wp-content\/uploads\/sites\/10\/2025\/07\/Wroclaw-logo-0C0AA23C3D-seeklogo.com_.png\" alt=\"Wroclaw-logo-0C0AA23C3D-seeklogo.com\" \/><\/figure><\/div><div class=\"swiper-slide\" role=\"group\" aria-roledescription=\"slide\" aria-label=\"13 of 14\"><figure class=\"swiper-slide-inner\"><img decoding=\"async\" class=\"swiper-slide-image\" src=\"https:\/\/odraniemen.org\/polacy-na-swiecie\/wp-content\/uploads\/sites\/10\/2025\/07\/senatRP.png\" alt=\"senatRP\" \/><\/figure><\/div><div class=\"swiper-slide\" role=\"group\" aria-roledescription=\"slide\" aria-label=\"14 of 14\"><figure class=\"swiper-slide-inner\"><img decoding=\"async\" class=\"swiper-slide-image\" src=\"https:\/\/odraniemen.org\/polacy-na-swiecie\/wp-content\/uploads\/sites\/10\/2025\/07\/2-POLONIKA-PL-pionowe.jpg\" alt=\"2-POLONIKA-PL-pionowe\" \/><\/figure><\/div>\t\t\t<\/div>\n\t\t\t\t\t\t\t\t\t\t\t\t<div class=\"elementor-swiper-button elementor-swiper-button-prev\" role=\"button\" tabindex=\"0\">\n\t\t\t\t\t\t<i aria-hidden=\"true\" class=\"eicon-chevron-left\"><\/i>\t\t\t\t\t<\/div>\n\t\t\t\t\t<div class=\"elementor-swiper-button elementor-swiper-button-next\" role=\"button\" tabindex=\"0\">\n\t\t\t\t\t\t<i aria-hidden=\"true\" class=\"eicon-chevron-right\"><\/i>\t\t\t\t\t<\/div>\n\t\t\t\t\n\t\t\t\t\t\t\t\t\t<\/div>\n\t\t\t\t<\/div>\n\t\t\t\t<\/div>\n\t\t\t\t\t<\/div>\n\t\t<\/div>\n\t\t\t\t\t\t\t<\/div>\n\t\t<\/section>\n\t\t\t\t<section class=\"has_eae_slider elementor-section elementor-top-section elementor-element elementor-element-9e29731 elementor-section-boxed elementor-section-height-default elementor-section-height-default\" data-id=\"9e29731\" data-element_type=\"section\">\n\t\t\t\t\t\t<div class=\"elementor-container elementor-column-gap-default\">\n\t\t\t\t\t<div class=\"has_eae_slider elementor-column elementor-col-100 elementor-top-column elementor-element elementor-element-7ab89c8\" data-id=\"7ab89c8\" data-element_type=\"column\">\n\t\t\t<div class=\"elementor-widget-wrap elementor-element-populated\">\n\t\t\t\t\t\t\t\t<div class=\"elementor-element elementor-element-a4aa612 elementor-widget elementor-widget-heading\" data-id=\"a4aa612\" data-element_type=\"widget\" data-widget_type=\"heading.default\">\n\t\t\t\t<div class=\"elementor-widget-container\">\n\t\t\t<h2 class=\"elementor-heading-title elementor-size-default\">Dzia\u0142amy dla Polak\u00f3w na ca\u0142ym \u015bwiecie\n<\/h2>\t\t<\/div>\n\t\t\t\t<\/div>\n\t\t\t\t\t<\/div>\n\t\t<\/div>\n\t\t\t\t\t\t\t<\/div>\n\t\t<\/section>\n\t\t\t\t<section class=\"has_eae_slider elementor-section elementor-top-section elementor-element elementor-element-be80b8c elementor-section-boxed elementor-section-height-default elementor-section-height-default\" data-id=\"be80b8c\" data-element_type=\"section\">\n\t\t\t\t\t\t<div class=\"elementor-container elementor-column-gap-default\">\n\t\t\t\t\t<div class=\"has_eae_slider elementor-column elementor-col-50 elementor-top-column elementor-element elementor-element-fc9cc45\" data-id=\"fc9cc45\" data-element_type=\"column\">\n\t\t\t<div class=\"elementor-widget-wrap elementor-element-populated\">\n\t\t\t\t\t\t\t\t<div class=\"elementor-element elementor-element-ee588a1 elementor-widget elementor-widget-text-editor\" data-id=\"ee588a1\" data-element_type=\"widget\" data-widget_type=\"text-editor.default\">\n\t\t\t\t<div class=\"elementor-widget-container\">\n\t\t\t\t\t\t\t<p>Beneficjentami naszych projekt\u00f3w s\u0105 dzia\u0142acze polskich i polonijnych organizacji z wielu kraj\u00f3w, m.in.:<\/p><p>Litwa, Bia\u0142oru\u015b, Ukraina, Belgia, Mo\u0142dawia, \u0141otwa, Rumunia, Czechy, Wielka Brytania, Nowa Zelandia, USA, W\u0142ochy, Gruzja, Norwegia.<br \/>Ca\u0142y czas poszerzamy sie\u0107 kontakt\u00f3w i jeste\u015bmy otwarci na wsp\u00f3\u0142prac\u0119 z Polakami na ca\u0142ym \u015bwiecie.<\/p><p>Wspieramy tak\u017ce:<\/p><ul><li>dzieci i m\u0142odzie\u017c<\/li><li>nauczycieli i wolontariuszy<\/li><li>kombatant\u00f3w i senior\u00f3w<\/li><li>lider\u00f3w organizacji pozarz\u0105dowych<\/li><\/ul>\t\t\t\t\t\t<\/div>\n\t\t\t\t<\/div>\n\t\t\t\t\t<\/div>\n\t\t<\/div>\n\t\t\t\t<div class=\"has_eae_slider elementor-column elementor-col-50 elementor-top-column elementor-element elementor-element-4f599ae\" data-id=\"4f599ae\" data-element_type=\"column\">\n\t\t\t<div class=\"elementor-widget-wrap elementor-element-populated\">\n\t\t\t\t\t\t\t\t<div class=\"elementor-element elementor-element-a6e3383 elementor-widget elementor-widget-image\" data-id=\"a6e3383\" data-element_type=\"widget\" data-widget_type=\"image.default\">\n\t\t\t\t<div class=\"elementor-widget-container\">\n\t\t\t\t\t\t\t\t\t\t\t\t\t\t\t<img decoding=\"async\" src=\"https:\/\/odraniemen.org\/polacy-na-swiecie\/wp-content\/uploads\/sites\/10\/elementor\/thumbs\/polacy-na-swiecie-r99ssasnlx8d2yjxl8uunczfdra15hsztuynnxsazk.png\" title=\"polacy na \u015bwiecie\" alt=\"Polacy na \u015bwiecie\" class=\"elementor-animation-grow-rotate\" loading=\"lazy\" \/>\t\t\t\t\t\t\t\t\t\t\t\t\t\t\t<\/div>\n\t\t\t\t<\/div>\n\t\t\t\t\t<\/div>\n\t\t<\/div>\n\t\t\t\t\t\t\t<\/div>\n\t\t<\/section>\n\t\t\t\t<section class=\"has_eae_slider elementor-section elementor-top-section elementor-element elementor-element-e49b9fb elementor-section-boxed elementor-section-height-default elementor-section-height-default\" data-id=\"e49b9fb\" data-element_type=\"section\">\n\t\t\t\t\t\t<div class=\"elementor-container elementor-column-gap-default\">\n\t\t\t\t\t<div class=\"has_eae_slider elementor-column elementor-col-100 elementor-top-column elementor-element elementor-element-e39d7dd\" data-id=\"e39d7dd\" data-element_type=\"column\">\n\t\t\t<div class=\"elementor-widget-wrap elementor-element-populated\">\n\t\t\t\t\t\t\t\t<div class=\"elementor-element elementor-element-7b67244 elementor-widget elementor-widget-heading\" data-id=\"7b67244\" data-element_type=\"widget\" data-widget_type=\"heading.default\">\n\t\t\t\t<div class=\"elementor-widget-container\">\n\t\t\t<h2 class=\"elementor-heading-title elementor-size-default\">Wspieramy NGO \u2013 ma\u0142e granty, wielkie zmiany\n<\/h2>\t\t<\/div>\n\t\t\t\t<\/div>\n\t\t\t\t<section class=\"has_eae_slider elementor-section elementor-inner-section elementor-element elementor-element-58f8e59 elementor-section-boxed elementor-section-height-default elementor-section-height-default\" data-id=\"58f8e59\" data-element_type=\"section\">\n\t\t\t\t\t\t<div class=\"elementor-container elementor-column-gap-default\">\n\t\t\t\t\t<div class=\"has_eae_slider elementor-column elementor-col-50 elementor-inner-column elementor-element elementor-element-b05aaae\" data-id=\"b05aaae\" data-element_type=\"column\">\n\t\t\t<div class=\"elementor-widget-wrap elementor-element-populated\">\n\t\t\t\t\t\t\t\t<div class=\"elementor-element elementor-element-88a14b2 elementor-widget__width-initial elementor-widget elementor-widget-text-editor\" data-id=\"88a14b2\" data-element_type=\"widget\" data-widget_type=\"text-editor.default\">\n\t\t\t\t<div class=\"elementor-widget-container\">\n\t\t\t\t\t\t\t<p>Od lat realizujemy programy regrantingowe \u2013 tzw. ma\u0142e granty, skierowane do polskich i polonijnych organizacji spo\u0142ecznych. Dzi\u0119ki temu wzmacniamy lokalne \u015brodowiska, wspieramy ich rozw\u00f3j <br \/>i aktywizujemy spo\u0142eczno\u015bci w kraju i za granic\u0105.<\/p>\t\t\t\t\t\t<\/div>\n\t\t\t\t<\/div>\n\t\t\t\t\t<\/div>\n\t\t<\/div>\n\t\t\t\t<div class=\"has_eae_slider elementor-column elementor-col-50 elementor-inner-column elementor-element elementor-element-670a25c\" data-id=\"670a25c\" data-element_type=\"column\">\n\t\t\t<div class=\"elementor-widget-wrap elementor-element-populated\">\n\t\t\t\t\t\t\t\t<div class=\"elementor-element elementor-element-adf549b elementor-widget__width-initial elementor-widget-mobile__width-initial elementor-widget elementor-widget-image\" data-id=\"adf549b\" data-element_type=\"widget\" data-widget_type=\"image.default\">\n\t\t\t\t<div class=\"elementor-widget-container\">\n\t\t\t\t\t\t\t\t\t\t\t\t\t\t\t<img loading=\"lazy\" decoding=\"async\" width=\"1024\" height=\"561\" src=\"https:\/\/odraniemen.org\/polacy-na-swiecie\/wp-content\/uploads\/sites\/10\/2025\/07\/poeniadze-1024x561.jpg\" class=\"elementor-animation-bounce-in attachment-large size-large wp-image-3424\" alt=\"\" srcset=\"https:\/\/odraniemen.org\/polacy-na-swiecie\/wp-content\/uploads\/sites\/10\/2025\/07\/poeniadze-1024x561.jpg 1024w, https:\/\/odraniemen.org\/polacy-na-swiecie\/wp-content\/uploads\/sites\/10\/2025\/07\/poeniadze-300x164.jpg 300w, https:\/\/odraniemen.org\/polacy-na-swiecie\/wp-content\/uploads\/sites\/10\/2025\/07\/poeniadze-768x421.jpg 768w, https:\/\/odraniemen.org\/polacy-na-swiecie\/wp-content\/uploads\/sites\/10\/2025\/07\/poeniadze-1536x842.jpg 1536w, https:\/\/odraniemen.org\/polacy-na-swiecie\/wp-content\/uploads\/sites\/10\/2025\/07\/poeniadze.jpg 2000w\" sizes=\"(max-width: 1024px) 100vw, 1024px\" \/>\t\t\t\t\t\t\t\t\t\t\t\t\t\t\t<\/div>\n\t\t\t\t<\/div>\n\t\t\t\t\t<\/div>\n\t\t<\/div>\n\t\t\t\t\t\t\t<\/div>\n\t\t<\/section>\n\t\t\t\t\t<\/div>\n\t\t<\/div>\n\t\t\t\t\t\t\t<\/div>\n\t\t<\/section>\n\t\t\t\t<section class=\"has_eae_slider elementor-section elementor-top-section elementor-element elementor-element-ddc7a96 elementor-section-boxed elementor-section-height-default elementor-section-height-default\" data-id=\"ddc7a96\" data-element_type=\"section\">\n\t\t\t\t\t\t<div class=\"elementor-container elementor-column-gap-default\">\n\t\t\t\t\t<div class=\"has_eae_slider elementor-column elementor-col-100 elementor-top-column elementor-element elementor-element-50a5c1e\" data-id=\"50a5c1e\" data-element_type=\"column\">\n\t\t\t<div class=\"elementor-widget-wrap elementor-element-populated\">\n\t\t\t\t\t\t\t\t<div class=\"elementor-element elementor-element-5902c07 elementor-widget elementor-widget-heading\" data-id=\"5902c07\" data-element_type=\"widget\" data-widget_type=\"heading.default\">\n\t\t\t\t<div class=\"elementor-widget-container\">\n\t\t\t<h2 class=\"elementor-heading-title elementor-size-default\">Piel\u0119gnujemy pami\u0119\u0107, budujemy wi\u0119zi<\/h2>\t\t<\/div>\n\t\t\t\t<\/div>\n\t\t\t\t<section class=\"has_eae_slider elementor-section elementor-inner-section elementor-element elementor-element-c0397e6 elementor-section-boxed elementor-section-height-default elementor-section-height-default\" data-id=\"c0397e6\" data-element_type=\"section\">\n\t\t\t\t\t\t<div class=\"elementor-container elementor-column-gap-default\">\n\t\t\t\t\t<div class=\"has_eae_slider elementor-column elementor-col-50 elementor-inner-column elementor-element elementor-element-ff97673\" data-id=\"ff97673\" data-element_type=\"column\">\n\t\t\t<div class=\"elementor-widget-wrap elementor-element-populated\">\n\t\t\t\t\t\t\t\t<div class=\"elementor-element elementor-element-6271831 elementor-widget elementor-widget-text-editor\" data-id=\"6271831\" data-element_type=\"widget\" data-widget_type=\"text-editor.default\">\n\t\t\t\t<div class=\"elementor-widget-container\">\n\t\t\t\t\t\t\t<p>Od pocz\u0105tku naszej dzia\u0142alno\u015bci stawiamy na:<\/p><ul><li><strong>promocj\u0119 polskiej historii<\/strong><\/li><li><strong>wsp\u00f3\u0142prac\u0119 ze \u015brodowiskami kombatanckimi<\/strong><\/li><li><strong>\u0142\u0105czenie organizacji ponad podzia\u0142ami i granicami<\/strong><\/li><\/ul><p>Posiadamy sie\u0107 oddzia\u0142\u00f3w regionalnych i wielu partner\u00f3w zagranicznych. Od 2011 roku realizujemy nasz najwi\u0119kszy projekt spo\u0142eczny \u2013 \u201eRodacy-Bohaterom\u201d, oparty na wolontariacie i pomocy potrzebuj\u0105cym.<\/p>\t\t\t\t\t\t<\/div>\n\t\t\t\t<\/div>\n\t\t\t\t\t<\/div>\n\t\t<\/div>\n\t\t\t\t<div class=\"has_eae_slider elementor-column elementor-col-50 elementor-inner-column elementor-element elementor-element-190e8bf\" data-id=\"190e8bf\" data-element_type=\"column\">\n\t\t\t<div class=\"elementor-widget-wrap elementor-element-populated\">\n\t\t\t\t\t\t\t\t<div class=\"elementor-element elementor-element-14bd1d6 elementor-widget__width-initial elementor-widget elementor-widget-image\" data-id=\"14bd1d6\" data-element_type=\"widget\" data-widget_type=\"image.default\">\n\t\t\t\t<div class=\"elementor-widget-container\">\n\t\t\t\t\t\t\t\t\t\t\t\t\t\t\t<img decoding=\"async\" src=\"https:\/\/odraniemen.org\/polacy-na-swiecie\/wp-content\/uploads\/sites\/10\/elementor\/thumbs\/V9A7893-r99u0w8zuy7u2keru83stoiogho58yxswn8n8pk1no.jpg\" title=\"Rodacy bohaterom\" alt=\"Rodacy bohaterom\" loading=\"lazy\" \/>\t\t\t\t\t\t\t\t\t\t\t\t\t\t\t<\/div>\n\t\t\t\t<\/div>\n\t\t\t\t\t<\/div>\n\t\t<\/div>\n\t\t\t\t\t\t\t<\/div>\n\t\t<\/section>\n\t\t\t\t\t<\/div>\n\t\t<\/div>\n\t\t\t\t\t\t\t<\/div>\n\t\t<\/section>\n\t\t\t\t<section class=\"has_eae_slider elementor-section elementor-top-section elementor-element elementor-element-bb915b7 elementor-section-boxed elementor-section-height-default elementor-section-height-default\" data-id=\"bb915b7\" data-element_type=\"section\">\n\t\t\t\t\t\t<div class=\"elementor-container elementor-column-gap-default\">\n\t\t\t\t\t<div class=\"has_eae_slider elementor-column elementor-col-100 elementor-top-column elementor-element elementor-element-8c73d97\" data-id=\"8c73d97\" data-element_type=\"column\">\n\t\t\t<div class=\"elementor-widget-wrap elementor-element-populated\">\n\t\t\t\t\t\t\t\t<div class=\"elementor-element elementor-element-930d576 elementor-widget elementor-widget-heading\" data-id=\"930d576\" data-element_type=\"widget\" data-widget_type=\"heading.default\">\n\t\t\t\t<div class=\"elementor-widget-container\">\n\t\t\t<h2 class=\"elementor-heading-title elementor-size-default\">Edukacja historyczna i patriotyczna \u2013 nasza specjalno\u015b\u0107<\/h2>\t\t<\/div>\n\t\t\t\t<\/div>\n\t\t\t\t<section class=\"has_eae_slider elementor-section elementor-inner-section elementor-element elementor-element-765024d elementor-section-boxed elementor-section-height-default elementor-section-height-default\" data-id=\"765024d\" data-element_type=\"section\">\n\t\t\t\t\t\t<div class=\"elementor-container elementor-column-gap-default\">\n\t\t\t\t\t<div class=\"has_eae_slider elementor-column elementor-col-50 elementor-inner-column elementor-element elementor-element-ace1457\" data-id=\"ace1457\" data-element_type=\"column\">\n\t\t\t<div class=\"elementor-widget-wrap elementor-element-populated\">\n\t\t\t\t\t\t\t\t<div class=\"elementor-element elementor-element-147a274 elementor-widget elementor-widget-text-editor\" data-id=\"147a274\" data-element_type=\"widget\" data-widget_type=\"text-editor.default\">\n\t\t\t\t<div class=\"elementor-widget-container\">\n\t\t\t\t\t\t\t<p>Prowadzimy liczne dzia\u0142ania edukacyjne, kt\u00f3re maj\u0105 na celu:<\/p><ul><li><strong>wzmacnianie polskiej to\u017csamo\u015bci<\/strong><\/li><li><strong>rozw\u00f3j wiedzy historycznej<\/strong><\/li><li><strong>budowanie wi\u0119zi z Polsk\u0105<\/strong><\/li><\/ul><p>Stawiamy na nowoczesne, praktyczne i multimedialne formy pracy, dostosowane do r\u00f3\u017cnych grup wiekowych i spo\u0142ecznych.<\/p>\t\t\t\t\t\t<\/div>\n\t\t\t\t<\/div>\n\t\t\t\t\t<\/div>\n\t\t<\/div>\n\t\t\t\t<div class=\"has_eae_slider elementor-column elementor-col-50 elementor-inner-column elementor-element elementor-element-674152d\" data-id=\"674152d\" data-element_type=\"column\">\n\t\t\t<div class=\"elementor-widget-wrap elementor-element-populated\">\n\t\t\t\t\t\t\t\t<div class=\"elementor-element elementor-element-a5fe8e1 elementor-widget elementor-widget-image\" data-id=\"a5fe8e1\" data-element_type=\"widget\" data-widget_type=\"image.default\">\n\t\t\t\t<div class=\"elementor-widget-container\">\n\t\t\t\t\t\t\t\t\t\t\t\t\t\t\t<img decoding=\"async\" src=\"https:\/\/odraniemen.org\/polacy-na-swiecie\/wp-content\/uploads\/sites\/10\/elementor\/thumbs\/karuzela-RB-wolontariat1-r99ud6yz9x1vywjp11h2y2ss8z20yerdliica1bmli.jpg\" title=\"karuzela RB wolontariat1\" alt=\"karuzela RB wolontariat1\" loading=\"lazy\" \/>\t\t\t\t\t\t\t\t\t\t\t\t\t\t\t<\/div>\n\t\t\t\t<\/div>\n\t\t\t\t\t<\/div>\n\t\t<\/div>\n\t\t\t\t\t\t\t<\/div>\n\t\t<\/section>\n\t\t\t\t\t<\/div>\n\t\t<\/div>\n\t\t\t\t\t\t\t<\/div>\n\t\t<\/section>\n\t\t\t\t<section class=\"has_eae_slider elementor-section elementor-top-section elementor-element elementor-element-630936d elementor-section-boxed elementor-section-height-default elementor-section-height-default\" data-id=\"630936d\" data-element_type=\"section\">\n\t\t\t\t\t\t<div class=\"elementor-container elementor-column-gap-default\">\n\t\t\t\t\t<div class=\"has_eae_slider elementor-column elementor-col-100 elementor-top-column elementor-element elementor-element-3e2528c\" data-id=\"3e2528c\" data-element_type=\"column\">\n\t\t\t<div class=\"elementor-widget-wrap elementor-element-populated\">\n\t\t\t\t\t\t\t\t<div class=\"elementor-element elementor-element-a8f0cb1 elementor-widget elementor-widget-heading\" data-id=\"a8f0cb1\" data-element_type=\"widget\" data-widget_type=\"heading.default\">\n\t\t\t\t<div class=\"elementor-widget-container\">\n\t\t\t<h2 class=\"elementor-heading-title elementor-size-default\">Obecno\u015b\u0107 w mediach i komunikacja<\/h2>\t\t<\/div>\n\t\t\t\t<\/div>\n\t\t\t\t<section class=\"has_eae_slider elementor-section elementor-inner-section elementor-element elementor-element-4f8db7b elementor-section-boxed elementor-section-height-default elementor-section-height-default\" data-id=\"4f8db7b\" data-element_type=\"section\">\n\t\t\t\t\t\t<div class=\"elementor-container elementor-column-gap-default\">\n\t\t\t\t\t<div class=\"has_eae_slider elementor-column elementor-col-50 elementor-inner-column elementor-element elementor-element-312183e\" data-id=\"312183e\" data-element_type=\"column\">\n\t\t\t<div class=\"elementor-widget-wrap elementor-element-populated\">\n\t\t\t\t\t\t\t\t<div class=\"elementor-element elementor-element-42bf415 elementor-widget elementor-widget-text-editor\" data-id=\"42bf415\" data-element_type=\"widget\" data-widget_type=\"text-editor.default\">\n\t\t\t\t<div class=\"elementor-widget-container\">\n\t\t\t\t\t\t\t<p data-start=\"2257\" data-end=\"2370\">Od kilku lat wydajemy kwartalnik <strong data-start=\"2290\" data-end=\"2324\">\u201eOdra-Niemen. Ponad Granicami\u201d<\/strong> oraz prowadzimy portal <a href=\"http:\/\/ponadgranicami.org\"><strong data-start=\"2348\" data-end=\"2369\">\u201ePonad Granicami\u201d<\/strong>.<\/a><\/p><p data-start=\"2372\" data-end=\"2417\">Jeste\u015bmy aktywni w mediach spo\u0142eczno\u015bciowych:<\/p><ul data-start=\"2419\" data-end=\"2627\"><li data-start=\"2419\" data-end=\"2534\"><p data-start=\"2421\" data-end=\"2534\"><a href=\"https:\/\/www.facebook.com\/OdraNiemen\"><strong data-start=\"2421\" data-end=\"2433\">Facebook<\/strong><\/a> \u2013 ponad 12 000 cz\u0142onk\u00f3w spo\u0142eczno\u015bci, posty osi\u0105gaj\u0105 od kilkuset do kilkudziesi\u0119ciu tysi\u0119cy ods\u0142on<\/p><\/li><li data-start=\"2535\" data-end=\"2627\"><p data-start=\"2537\" data-end=\"2627\"><strong data-start=\"2537\" data-end=\"2568\">Twitter, Instagram, YouTube<\/strong> \u2013 tam r\u00f3wnie\u017c dzielimy si\u0119 naszymi dzia\u0142aniami i sukcesami<\/p><\/li><\/ul>\t\t\t\t\t\t<\/div>\n\t\t\t\t<\/div>\n\t\t\t\t\t<\/div>\n\t\t<\/div>\n\t\t\t\t<div class=\"has_eae_slider elementor-column elementor-col-50 elementor-inner-column elementor-element elementor-element-73cdee0\" data-id=\"73cdee0\" data-element_type=\"column\">\n\t\t\t<div class=\"elementor-widget-wrap elementor-element-populated\">\n\t\t\t\t\t\t\t\t<div class=\"elementor-element elementor-element-9c439c4 elementor-widget elementor-widget-image\" data-id=\"9c439c4\" data-element_type=\"widget\" data-widget_type=\"image.default\">\n\t\t\t\t<div class=\"elementor-widget-container\">\n\t\t\t\t\t\t\t\t\t\t\t\t\t\t\t<img loading=\"lazy\" decoding=\"async\" width=\"1024\" height=\"531\" src=\"https:\/\/odraniemen.org\/polacy-na-swiecie\/wp-content\/uploads\/sites\/10\/2025\/07\/ponad-granicami-1024x531.jpg\" class=\"attachment-large size-large wp-image-3413\" alt=\"\" srcset=\"https:\/\/odraniemen.org\/polacy-na-swiecie\/wp-content\/uploads\/sites\/10\/2025\/07\/ponad-granicami-1024x531.jpg 1024w, https:\/\/odraniemen.org\/polacy-na-swiecie\/wp-content\/uploads\/sites\/10\/2025\/07\/ponad-granicami-300x155.jpg 300w, https:\/\/odraniemen.org\/polacy-na-swiecie\/wp-content\/uploads\/sites\/10\/2025\/07\/ponad-granicami-768x398.jpg 768w, https:\/\/odraniemen.org\/polacy-na-swiecie\/wp-content\/uploads\/sites\/10\/2025\/07\/ponad-granicami-1536x796.jpg 1536w, https:\/\/odraniemen.org\/polacy-na-swiecie\/wp-content\/uploads\/sites\/10\/2025\/07\/ponad-granicami.jpg 1685w\" sizes=\"(max-width: 1024px) 100vw, 1024px\" \/>\t\t\t\t\t\t\t\t\t\t\t\t\t\t\t<\/div>\n\t\t\t\t<\/div>\n\t\t\t\t\t<\/div>\n\t\t<\/div>\n\t\t\t\t\t\t\t<\/div>\n\t\t<\/section>\n\t\t\t\t\t<\/div>\n\t\t<\/div>\n\t\t\t\t\t\t\t<\/div>\n\t\t<\/section>\n\t\t\t\t<section class=\"has_eae_slider elementor-section elementor-top-section elementor-element elementor-element-1e5c960 elementor-section-boxed elementor-section-height-default elementor-section-height-default\" data-id=\"1e5c960\" data-element_type=\"section\">\n\t\t\t\t\t\t<div class=\"elementor-container elementor-column-gap-default\">\n\t\t\t\t\t<div class=\"has_eae_slider elementor-column elementor-col-100 elementor-top-column elementor-element elementor-element-6406418\" data-id=\"6406418\" data-element_type=\"column\">\n\t\t\t<div class=\"elementor-widget-wrap elementor-element-populated\">\n\t\t\t\t\t\t\t\t<div class=\"elementor-element elementor-element-c61d361 elementor-widget elementor-widget-heading\" data-id=\"c61d361\" data-element_type=\"widget\" data-widget_type=\"heading.default\">\n\t\t\t\t<div class=\"elementor-widget-container\">\n\t\t\t<h2 class=\"elementor-heading-title elementor-size-default\">Si\u0142a naszej organizacji \u2013 ludzie<\/h2>\t\t<\/div>\n\t\t\t\t<\/div>\n\t\t\t\t<section class=\"has_eae_slider elementor-section elementor-inner-section elementor-element elementor-element-e57a226 elementor-section-boxed elementor-section-height-default elementor-section-height-default\" data-id=\"e57a226\" data-element_type=\"section\">\n\t\t\t\t\t\t<div class=\"elementor-container elementor-column-gap-default\">\n\t\t\t\t\t<div class=\"has_eae_slider elementor-column elementor-col-100 elementor-inner-column elementor-element elementor-element-67d734e\" data-id=\"67d734e\" data-element_type=\"column\">\n\t\t\t<div class=\"elementor-widget-wrap elementor-element-populated\">\n\t\t\t\t\t\t\t\t<div class=\"elementor-element elementor-element-111ee82 elementor-widget elementor-widget-text-editor\" data-id=\"111ee82\" data-element_type=\"widget\" data-widget_type=\"text-editor.default\">\n\t\t\t\t<div class=\"elementor-widget-container\">\n\t\t\t\t\t\t\t<p>Nasze Stowarzyszenie tworzy ponad <strong data-start=\"2705\" data-end=\"2721\">400 cz\u0142onk\u00f3w<\/strong>. Z ich grona rekrutujemy:<\/p><ul><li data-start=\"2749\" data-end=\"2783\"><p data-start=\"2751\" data-end=\"2783\"><strong data-start=\"2751\" data-end=\"2768\">wolontariuszy<\/strong> do projekt\u00f3w<\/p><\/li><li data-start=\"2784\" data-end=\"2850\"><p data-start=\"2786\" data-end=\"2850\"><strong data-start=\"2786\" data-end=\"2817\">uczestnik\u00f3w akcji lokalnych<\/strong> \u2013 uczni\u00f3w, student\u00f3w, senior\u00f3w<\/p><\/li><\/ul><p data-start=\"2852\" data-end=\"2949\">Dzia\u0142amy przez sie\u0107 <strong data-start=\"2872\" data-end=\"2909\">6 oddzia\u0142\u00f3w regionalnych w Polsce<\/strong> oraz <strong data-start=\"2915\" data-end=\"2948\">oddzia\u0142 zagraniczny we Lwowie<\/strong>.<\/p>\t\t\t\t\t\t<\/div>\n\t\t\t\t<\/div>\n\t\t\t\t<div class=\"elementor-element elementor-element-b4fe044 elementor-widget elementor-widget-image\" data-id=\"b4fe044\" data-element_type=\"widget\" data-widget_type=\"image.default\">\n\t\t\t\t<div class=\"elementor-widget-container\">\n\t\t\t\t\t\t\t\t\t\t\t\t\t\t\t<img loading=\"lazy\" decoding=\"async\" width=\"1024\" height=\"518\" src=\"https:\/\/odraniemen.org\/polacy-na-swiecie\/wp-content\/uploads\/sites\/10\/2025\/07\/V9A7615-1024x518.jpg\" class=\"attachment-large size-large wp-image-3415\" alt=\"\" srcset=\"https:\/\/odraniemen.org\/polacy-na-swiecie\/wp-content\/uploads\/sites\/10\/2025\/07\/V9A7615-1024x518.jpg 1024w, https:\/\/odraniemen.org\/polacy-na-swiecie\/wp-content\/uploads\/sites\/10\/2025\/07\/V9A7615-300x152.jpg 300w, https:\/\/odraniemen.org\/polacy-na-swiecie\/wp-content\/uploads\/sites\/10\/2025\/07\/V9A7615-768x388.jpg 768w, https:\/\/odraniemen.org\/polacy-na-swiecie\/wp-content\/uploads\/sites\/10\/2025\/07\/V9A7615.jpg 1400w\" sizes=\"(max-width: 1024px) 100vw, 1024px\" \/>\t\t\t\t\t\t\t\t\t\t\t\t\t\t\t<\/div>\n\t\t\t\t<\/div>\n\t\t\t\t\t<\/div>\n\t\t<\/div>\n\t\t\t\t\t\t\t<\/div>\n\t\t<\/section>\n\t\t\t\t\t<\/div>\n\t\t<\/div>\n\t\t\t\t\t\t\t<\/div>\n\t\t<\/section>\n\t\t\t\t<section class=\"has_eae_slider elementor-section elementor-top-section elementor-element elementor-element-aedacfb elementor-section-boxed elementor-section-height-default elementor-section-height-default\" data-id=\"aedacfb\" data-element_type=\"section\">\n\t\t\t\t\t\t<div class=\"elementor-container elementor-column-gap-default\">\n\t\t\t\t\t<div class=\"has_eae_slider elementor-column elementor-col-100 elementor-top-column elementor-element elementor-element-f870c9a\" data-id=\"f870c9a\" data-element_type=\"column\">\n\t\t\t<div class=\"elementor-widget-wrap elementor-element-populated\">\n\t\t\t\t\t\t\t\t<div class=\"elementor-element elementor-element-cdebac4 elementor-align-center elementor-widget elementor-widget-button\" data-id=\"cdebac4\" data-element_type=\"widget\" data-widget_type=\"button.default\">\n\t\t\t\t<div class=\"elementor-widget-container\">\n\t\t\t\t\t<div class=\"elementor-button-wrapper\">\n\t\t\t<a class=\"elementor-button elementor-button-link elementor-size-md\" href=\"https:\/\/odraniemen.org\/sposoby-wsparcia\/\">\n\t\t\t\t\t\t<span class=\"elementor-button-content-wrapper\">\n\t\t\t\t\t\t<span class=\"elementor-button-text\">Wspieraj nasze dzia\u0142ania<\/span>\n\t\t<\/span>\n\t\t\t\t\t<\/a>\n\t\t<\/div>\n\t\t\t\t<\/div>\n\t\t\t\t<\/div>\n\t\t\t\t\t<\/div>\n\t\t<\/div>\n\t\t\t\t\t\t\t<\/div>\n\t\t<\/section>\n\t\t\t\t<section class=\"has_eae_slider elementor-section elementor-top-section elementor-element elementor-element-3ab5b33 elementor-section-full_width elementor-section-height-default elementor-section-height-default\" data-id=\"3ab5b33\" data-element_type=\"section\">\n\t\t\t\t\t\t<div class=\"elementor-container elementor-column-gap-default\">\n\t\t\t\t\t<div class=\"has_eae_slider elementor-column elementor-col-100 elementor-top-column elementor-element elementor-element-ea2b33c\" data-id=\"ea2b33c\" data-element_type=\"column\">\n\t\t\t<div class=\"elementor-widget-wrap elementor-element-populated\">\n\t\t\t\t\t\t\t\t<div class=\"elementor-element elementor-element-a3227ee elementor-widget elementor-widget-heading\" data-id=\"a3227ee\" data-element_type=\"widget\" data-widget_type=\"heading.default\">\n\t\t\t\t<div class=\"elementor-widget-container\">\n\t\t\t<h2 class=\"elementor-heading-title elementor-size-default\"><a href=\"https:\/\/odra.dracosk.pl\/aktualnosci\/\">Aktualno\u015bci<\/a><\/h2>\t\t<\/div>\n\t\t\t\t<\/div>\n\t\t\t\t\t<\/div>\n\t\t<\/div>\n\t\t\t\t\t\t\t<\/div>\n\t\t<\/section>\n\t\t\t\t<section class=\"has_eae_slider elementor-section elementor-top-section elementor-element elementor-element-3df1d4a elementor-section-boxed elementor-section-height-default elementor-section-height-default\" data-id=\"3df1d4a\" data-element_type=\"section\">\n\t\t\t\t\t\t<div class=\"elementor-container elementor-column-gap-default\">\n\t\t\t\t\t<div class=\"has_eae_slider elementor-column elementor-col-100 elementor-top-column elementor-element elementor-element-a47223c\" data-id=\"a47223c\" data-element_type=\"column\">\n\t\t\t<div class=\"elementor-widget-wrap elementor-element-populated\">\n\t\t\t\t\t\t\t\t<div class=\"elementor-element elementor-element-0eff06b elementor-widget elementor-widget-lae-posts-carousel\" data-id=\"0eff06b\" data-element_type=\"widget\" data-widget_type=\"lae-posts-carousel.default\">\n\t\t\t\t<div class=\"elementor-widget-container\">\n\t\t\t\n<div        id=\"lae-posts-carousel-69f0bc5bc247a\"\n        class=\"lae-posts-carousel lae-container lae-classic-skin\"\n        data-settings='{\"arrows\":true,\"dots\":false,\"autoplay\":false,\"autoplay_speed\":3000,\"animation_speed\":300,\"pause_on_hover\":true,\"adaptive_height\":false,\"display_columns\":\"4\",\"scroll_columns\":3,\"gutter\":10,\"tablet_width\":800,\"tablet_display_columns\":2,\"tablet_scroll_columns\":2,\"tablet_gutter\":10,\"mobile_width\":480,\"mobile_display_columns\":1,\"mobile_scroll_columns\":1,\"mobile_gutter\":10}'>\n<div data-id=\"id-3923\" class=\"lae-posts-carousel-item\">\n\n    <article id=\"post-3923\" class=\"post-3923 post type-post status-publish format-standard has-post-thumbnail hentry category-aktualnosci category-edukacja-historyczna tag-edukacjahistoryczna tag-hutapieniacka tag-odraniemen tag-pamiec-historyczna tag-wolyn tag-wspolpraca\">\n\n        \n            \n            \n            \n                <div class=\"lae-project-image\">\n\n                    \n                    \n                    \n                        <a href=\"https:\/\/odraniemen.org\/polacy-na-swiecie\/2026\/02\/28\/huta-pieniacka\/\"><img loading=\"lazy\" decoding=\"async\" width=\"760\" height=\"760\"  src=\"https:\/\/odraniemen.org\/polacy-na-swiecie\/wp-content\/uploads\/sites\/10\/elementor\/thumbs\/Kopia-rk2j25fc42odyp908hv6s4dlgsoctf1jwd4qc9ce5s.jpg\" title=\"\" alt=\"\" class=\"lae-image\" \/><\/a>\n\n                    \n                    \n                        <div class=\"lae-image-info\">\n\n                            <div class=\"lae-entry-info\">\n\n                                \n                                    <h3 class=\"lae-post-title\">\n\n                                        <a href=\"https:\/\/odraniemen.org\/polacy-na-swiecie\/2026\/02\/28\/huta-pieniacka\/\" title=\"Huta Pieniacka\"\n                                           rel=\"bookmark\">Huta Pieniacka<\/a>\n\n                                    <\/h3>\n\n                                \n                                \n                            <\/div>\n\n                        <\/div><!-- .lae-image-info -->\n\n                    \n                <\/div>\n\n            \n            \n                <div class=\"lae-entry-text-wrap \">\n\n                    \n                        <h3 class=\"entry-title\">\n\n                            <a href=\"https:\/\/odraniemen.org\/polacy-na-swiecie\/2026\/02\/28\/huta-pieniacka\/\" title=\"Huta Pieniacka\"\n                               rel=\"bookmark\">Huta Pieniacka<\/a>\n\n                        <\/h3>\n\n                    \n                    \n                        <div class=\"lae-entry-meta\">\n\n                            <span class=\"published\"><abbr title=\"sobota, luty, 2026, 5:40 pm\">28 lutego 2026<\/abbr><\/span>\n                        <\/div>\n\n                    \n                    \n                        <div class=\"entry-summary\">\n\n                            Nasza delegacja ze Lwowa odda\u0142a cze\u015b\u0107 Polakom pomordowanym przez ukrai\u0144skich nacjonalist\u00f3w i 14. Dywizj\u0119 SS \"Galizien\" w Hucie Pieniackiej. \n                        <\/div>\n\n                    \n                    \n                <\/div>\n\n            \n        \n    <\/article><!-- .hentry -->\n\n<\/div><!-- .lae-posts-carousel-item -->\n<div data-id=\"id-3611\" class=\"lae-posts-carousel-item\">\n\n    <article id=\"post-3611\" class=\"post-3611 post type-post status-publish format-standard has-post-thumbnail hentry category-aktualnosci tag-grantypolonijne tag-polonia tag-poloniaipolacyzagranica tag-wspolpraca\">\n\n        \n            \n            \n            \n                <div class=\"lae-project-image\">\n\n                    \n                    \n                    \n                        <a href=\"https:\/\/odraniemen.org\/polacy-na-swiecie\/2025\/12\/31\/projekty-polonijne-na-2026-rok\/\"><img loading=\"lazy\" decoding=\"async\" width=\"760\" height=\"760\"  src=\"https:\/\/odraniemen.org\/polacy-na-swiecie\/wp-content\/uploads\/sites\/10\/elementor\/thumbs\/logo-lg-rhnkhzpt4wnmw4io08dkym3tmtevj984edc1sqzqnk.jpg\" title=\"\" alt=\"\" class=\"lae-image\" \/><\/a>\n\n                    \n                    \n                        <div class=\"lae-image-info\">\n\n                            <div class=\"lae-entry-info\">\n\n                                \n                                    <h3 class=\"lae-post-title\">\n\n                                        <a href=\"https:\/\/odraniemen.org\/polacy-na-swiecie\/2025\/12\/31\/projekty-polonijne-na-2026-rok\/\" title=\"Projekty polonijne na 2026 rok\"\n                                           rel=\"bookmark\">Projekty polonijne na 2026 rok<\/a>\n\n                                    <\/h3>\n\n                                \n                                \n                            <\/div>\n\n                        <\/div><!-- .lae-image-info -->\n\n                    \n                <\/div>\n\n            \n            \n                <div class=\"lae-entry-text-wrap \">\n\n                    \n                        <h3 class=\"entry-title\">\n\n                            <a href=\"https:\/\/odraniemen.org\/polacy-na-swiecie\/2025\/12\/31\/projekty-polonijne-na-2026-rok\/\" title=\"Projekty polonijne na 2026 rok\"\n                               rel=\"bookmark\">Projekty polonijne na 2026 rok<\/a>\n\n                        <\/h3>\n\n                    \n                    \n                        <div class=\"lae-entry-meta\">\n\n                            <span class=\"published\"><abbr title=\"\u015broda, grudzie\u0144, 2025, 6:43 pm\">31 grudnia 2025<\/abbr><\/span>\n                        <\/div>\n\n                    \n                    \n                        <div class=\"entry-summary\">\n\n                            W grudniu zesp\u00f3\u0142 Odra-Niemen z\u0142o\u017cy\u0142 do Senatu RP 60 projekt\u00f3w polonijnych. Z\u0142o\u017cone wnioski to wsp\u00f3\u0142praca z organizacjami z ponad 20 kraj\u00f3w.  \n                        <\/div>\n\n                    \n                    \n                <\/div>\n\n            \n        \n    <\/article><!-- .hentry -->\n\n<\/div><!-- .lae-posts-carousel-item -->\n<div data-id=\"id-3899\" class=\"lae-posts-carousel-item\">\n\n    <article id=\"post-3899\" class=\"post-3899 post type-post status-publish format-standard has-post-thumbnail hentry category-aktualnosci\">\n\n        \n            \n            \n            \n                <div class=\"lae-project-image\">\n\n                    \n                    \n                    \n                        <a href=\"https:\/\/odraniemen.org\/polacy-na-swiecie\/2025\/12\/31\/media-polonijne-2025\/\"><img loading=\"lazy\" decoding=\"async\" width=\"760\" height=\"760\"  src=\"https:\/\/odraniemen.org\/polacy-na-swiecie\/wp-content\/uploads\/sites\/10\/elementor\/thumbs\/screen1-rilya23v3o10iajaike9b1bbruin03lm67zfy9c69c.png\" title=\"\" alt=\"\" class=\"lae-image\" \/><\/a>\n\n                    \n                    \n                        <div class=\"lae-image-info\">\n\n                            <div class=\"lae-entry-info\">\n\n                                \n                                    <h3 class=\"lae-post-title\">\n\n                                        <a href=\"https:\/\/odraniemen.org\/polacy-na-swiecie\/2025\/12\/31\/media-polonijne-2025\/\" title=\"Media polonijne 2025 &#8211; Londynek.net\"\n                                           rel=\"bookmark\">Media polonijne 2025 &#8211; Londynek.net<\/a>\n\n                                    <\/h3>\n\n                                \n                                \n                            <\/div>\n\n                        <\/div><!-- .lae-image-info -->\n\n                    \n                <\/div>\n\n            \n            \n                <div class=\"lae-entry-text-wrap \">\n\n                    \n                        <h3 class=\"entry-title\">\n\n                            <a href=\"https:\/\/odraniemen.org\/polacy-na-swiecie\/2025\/12\/31\/media-polonijne-2025\/\" title=\"Media polonijne 2025 &#8211; Londynek.net\"\n                               rel=\"bookmark\">Media polonijne 2025 &#8211; Londynek.net<\/a>\n\n                        <\/h3>\n\n                    \n                    \n                        <div class=\"lae-entry-meta\">\n\n                            <span class=\"published\"><abbr title=\"\u015broda, grudzie\u0144, 2025, 12:29 pm\">31 grudnia 2025<\/abbr><\/span>\n                        <\/div>\n\n                    \n                    \n                        <div class=\"entry-summary\">\n\n                            Zrealizowali\u015bmy projekt wspieraj\u0105cy funkcjonowanie i rozw\u00f3j portalu Londynek.net \u2013 jednego z kluczowych medi\u00f3w dla Polonii w Wielkiej Brytanii.\n                        <\/div>\n\n                    \n                    \n                <\/div>\n\n            \n        \n    <\/article><!-- .hentry -->\n\n<\/div><!-- .lae-posts-carousel-item -->\n<div data-id=\"id-3648\" class=\"lae-posts-carousel-item\">\n\n    <article id=\"post-3648\" class=\"post-3648 post type-post status-publish format-standard has-post-thumbnail hentry category-aktualnosci tag-wolontariat\">\n\n        \n            \n            \n            \n                <div class=\"lae-project-image\">\n\n                    \n                    \n                    \n                        <a href=\"https:\/\/odraniemen.org\/polacy-na-swiecie\/2025\/12\/30\/pomoc-polakom-w-kryzysie-na-ukrainie\/\"><img loading=\"lazy\" decoding=\"async\" width=\"760\" height=\"760\"  src=\"https:\/\/odraniemen.org\/polacy-na-swiecie\/wp-content\/uploads\/sites\/10\/elementor\/thumbs\/pomoc-polakom-w-Ukrainie-rhp4iit31l4uc3e8vw065qzk9e6wuypln9oa3129ww.jpg\" title=\"pomoc polakom w Ukrainie\" alt=\"pomoc polakom w Ukrainie\" class=\"lae-image\" \/><\/a>\n\n                    \n                    \n                        <div class=\"lae-image-info\">\n\n                            <div class=\"lae-entry-info\">\n\n                                \n                                    <h3 class=\"lae-post-title\">\n\n                                        <a href=\"https:\/\/odraniemen.org\/polacy-na-swiecie\/2025\/12\/30\/pomoc-polakom-w-kryzysie-na-ukrainie\/\" title=\"Pomoc Polakom w kryzysie na Ukrainie\"\n                                           rel=\"bookmark\">Pomoc Polakom w kryzysie na Ukrainie<\/a>\n\n                                    <\/h3>\n\n                                \n                                \n                            <\/div>\n\n                        <\/div><!-- .lae-image-info -->\n\n                    \n                <\/div>\n\n            \n            \n                <div class=\"lae-entry-text-wrap \">\n\n                    \n                        <h3 class=\"entry-title\">\n\n                            <a href=\"https:\/\/odraniemen.org\/polacy-na-swiecie\/2025\/12\/30\/pomoc-polakom-w-kryzysie-na-ukrainie\/\" title=\"Pomoc Polakom w kryzysie na Ukrainie\"\n                               rel=\"bookmark\">Pomoc Polakom w kryzysie na Ukrainie<\/a>\n\n                        <\/h3>\n\n                    \n                    \n                        <div class=\"lae-entry-meta\">\n\n                            <span class=\"published\"><abbr title=\"wtorek, grudzie\u0144, 2025, 11:09 am\">30 grudnia 2025<\/abbr><\/span>\n                        <\/div>\n\n                    \n                    \n                        <div class=\"entry-summary\">\n\n                            Tu\u017c na pocz\u0105tku grudnia mimo ci\u0105g\u0142ego braku pr\u0105du uda\u0142o nam si\u0119 realizowa\u0107 projekt pt. \u201ePomoc Polakom w kryzysie na Ukrainie\u201d. W ramach tego projektu odby\u0142y si\u0119 dwa szkolenia psychologiczne \u201ePomoc psychologiczna i komunikacja z osobami starszymi\u201d oraz dwa szkolenia \u201ePierwsza pomoc przedmedyczna\u201d. W ka\u017cdej grupie bra\u0142o udzia\u0142 10 wolontariuszy CPK Odra-Niemen- Dniestr \u00a0Sk\u0105d pomys\u0142 w\u0142a\u015bnie &hellip;<p class=\"read-more\"> <a class=\"\" href=\"https:\/\/odraniemen.org\/polacy-na-swiecie\/2025\/12\/30\/pomoc-polakom-w-kryzysie-na-ukrainie\/\"> <span class=\"screen-reader-text\">Pomoc Polakom w kryzysie na Ukrainie<\/span> Read More &raquo;<\/a><\/p>\n                        <\/div>\n\n                    \n                    \n                <\/div>\n\n            \n        \n    <\/article><!-- .hentry -->\n\n<\/div><!-- .lae-posts-carousel-item -->\n<div data-id=\"id-3804\" class=\"lae-posts-carousel-item\">\n\n    <article id=\"post-3804\" class=\"post-3804 post type-post status-publish format-standard has-post-thumbnail hentry category-aktualnosci category-wydawnictwa-odry-niemen tag-britispoles tag-kwartalnikson tag-media-polonijnemedia tag-odarniemen tag-polonijnyportal-2 tag-portal\">\n\n        \n            \n            \n            \n                <div class=\"lae-project-image\">\n\n                    \n                    \n                    \n                        <a href=\"https:\/\/odraniemen.org\/polacy-na-swiecie\/2025\/12\/29\/projekt-medialny-z-british-poles-2025\/\"><img loading=\"lazy\" decoding=\"async\" width=\"760\" height=\"760\"  src=\"https:\/\/odraniemen.org\/polacy-na-swiecie\/wp-content\/uploads\/sites\/10\/elementor\/thumbs\/projekt-medialny_1200x900px-wer2-pjq5h2gh0ca5d9q0e4xcgiz5dk2ux2vc9owvkodz8w.jpg\" title=\"projekt-medialny_1200x900px-wer2\" alt=\"projekt-medialny_1200x900px-wer2\" class=\"lae-image\" \/><\/a>\n\n                    \n                    \n                        <div class=\"lae-image-info\">\n\n                            <div class=\"lae-entry-info\">\n\n                                \n                                    <h3 class=\"lae-post-title\">\n\n                                        <a href=\"https:\/\/odraniemen.org\/polacy-na-swiecie\/2025\/12\/29\/projekt-medialny-z-british-poles-2025\/\" title=\"Projekt medialny z British Poles 2025\"\n                                           rel=\"bookmark\">Projekt medialny z British Poles 2025<\/a>\n\n                                    <\/h3>\n\n                                \n                                \n                            <\/div>\n\n                        <\/div><!-- .lae-image-info -->\n\n                    \n                <\/div>\n\n            \n            \n                <div class=\"lae-entry-text-wrap \">\n\n                    \n                        <h3 class=\"entry-title\">\n\n                            <a href=\"https:\/\/odraniemen.org\/polacy-na-swiecie\/2025\/12\/29\/projekt-medialny-z-british-poles-2025\/\" title=\"Projekt medialny z British Poles 2025\"\n                               rel=\"bookmark\">Projekt medialny z British Poles 2025<\/a>\n\n                        <\/h3>\n\n                    \n                    \n                        <div class=\"lae-entry-meta\">\n\n                            <span class=\"published\"><abbr title=\"poniedzia\u0142ek, grudzie\u0144, 2025, 6:57 pm\">29 grudnia 2025<\/abbr><\/span>\n                        <\/div>\n\n                    \n                    \n                        <div class=\"entry-summary\">\n\n                            Opis projektu Projekt &#8220;Ponad Granicami&#8221;. Media polonijne na Wschodzie i Zachodzie Europy&#8221;, dotyczy sp\u00f3jnego rozwoju medi\u00f3w pisz\u0105cych na temat \u017cycia Polak\u00f3w poza granicami Ojczyzny.\u00a0Zadanie realizowane jest w okresie 3 lat od 2023 do 2025 roku i zawiera 3 elementy merytoryczne:\u00a0 Rozw\u00f3j polonijnego portalu British Poles Powstanie portalu &#8220;Ponad Granicami&#8221; o dzia\u0142alno\u015bci organizacji polonijnych z ca\u0142ego &hellip;<p class=\"read-more\"> <a class=\"\" href=\"https:\/\/odraniemen.org\/polacy-na-swiecie\/2025\/12\/29\/projekt-medialny-z-british-poles-2025\/\"> <span class=\"screen-reader-text\">Projekt medialny z British Poles 2025<\/span> Read More &raquo;<\/a><\/p>\n                        <\/div>\n\n                    \n                    \n                <\/div>\n\n            \n        \n    <\/article><!-- .hentry -->\n\n<\/div><!-- .lae-posts-carousel-item -->\n<div data-id=\"id-3590\" class=\"lae-posts-carousel-item\">\n\n    <article id=\"post-3590\" class=\"post-3590 post type-post status-publish format-standard has-post-thumbnail hentry category-aktualnosci category-projekty tag-wspolpraca\">\n\n        \n            \n            \n            \n                <div class=\"lae-project-image\">\n\n                    \n                    \n                    \n                        <a href=\"https:\/\/odraniemen.org\/polacy-na-swiecie\/2025\/12\/29\/wsparcie-polakow-z-dawnych-kresow-polski-akcje-charytatywne-i-pomocowe\/\"><img loading=\"lazy\" decoding=\"async\" width=\"760\" height=\"760\"  src=\"https:\/\/odraniemen.org\/polacy-na-swiecie\/wp-content\/uploads\/sites\/10\/elementor\/thumbs\/7R501734-rhnj3htxzbj369v8vel40cucrmb00mr8sfmznlv4xc.jpg\" title=\"_Ukraine_\" alt=\"_Ukraine_\" class=\"lae-image\" \/><\/a>\n\n                    \n                    \n                        <div class=\"lae-image-info\">\n\n                            <div class=\"lae-entry-info\">\n\n                                \n                                    <h3 class=\"lae-post-title\">\n\n                                        <a href=\"https:\/\/odraniemen.org\/polacy-na-swiecie\/2025\/12\/29\/wsparcie-polakow-z-dawnych-kresow-polski-akcje-charytatywne-i-pomocowe\/\" title=\"Wsparcie Polak\u00f3w z dawnych Kres\u00f3w Polski &#8211; akcje charytatywne i pomocowe\"\n                                           rel=\"bookmark\">Wsparcie Polak\u00f3w z dawnych Kres\u00f3w Polski &#8211; akcje charytatywne i pomocowe<\/a>\n\n                                    <\/h3>\n\n                                \n                                \n                            <\/div>\n\n                        <\/div><!-- .lae-image-info -->\n\n                    \n                <\/div>\n\n            \n            \n                <div class=\"lae-entry-text-wrap \">\n\n                    \n                        <h3 class=\"entry-title\">\n\n                            <a href=\"https:\/\/odraniemen.org\/polacy-na-swiecie\/2025\/12\/29\/wsparcie-polakow-z-dawnych-kresow-polski-akcje-charytatywne-i-pomocowe\/\" title=\"Wsparcie Polak\u00f3w z dawnych Kres\u00f3w Polski &#8211; akcje charytatywne i pomocowe\"\n                               rel=\"bookmark\">Wsparcie Polak\u00f3w z dawnych Kres\u00f3w Polski &#8211; akcje charytatywne i pomocowe<\/a>\n\n                        <\/h3>\n\n                    \n                    \n                        <div class=\"lae-entry-meta\">\n\n                            <span class=\"published\"><abbr title=\"poniedzia\u0142ek, grudzie\u0144, 2025, 1:05 pm\">29 grudnia 2025<\/abbr><\/span>\n                        <\/div>\n\n                    \n                    \n                        <div class=\"entry-summary\">\n\n                            W ramach projektu dofinansowanego w konkursie Senat Polonia 2025 uda\u0142o si\u0119 Stowarzyszeniu Odra-Niemen w pe\u0142ni zrealizowa\u0107 wszystkie zak\u0142adane cele, dzia\u0142ania i rezultaty zgodnie z planem. Do polskich rodzin na dawnych Kresach trafi\u0142o ponad 1500 \u201ePaczek Pami\u0119ci\u201d stanowi\u0105cych wsparcie materialne oraz wyraz solidarno\u015bci z Rodakami mieszkaj\u0105cymi na Wschodzie. R\u00f3wnolegle zrealizowano dzia\u0142ania skierowane do dzieci: na Litwie &hellip;<p class=\"read-more\"> <a class=\"\" href=\"https:\/\/odraniemen.org\/polacy-na-swiecie\/2025\/12\/29\/wsparcie-polakow-z-dawnych-kresow-polski-akcje-charytatywne-i-pomocowe\/\"> <span class=\"screen-reader-text\">Wsparcie Polak\u00f3w z dawnych Kres\u00f3w Polski &#8211; akcje charytatywne i pomocowe<\/span> Read More &raquo;<\/a><\/p>\n                        <\/div>\n\n                    \n                    \n                <\/div>\n\n            \n        \n    <\/article><!-- .hentry -->\n\n<\/div><!-- .lae-posts-carousel-item -->\n<div data-id=\"id-3672\" class=\"lae-posts-carousel-item\">\n\n    <article id=\"post-3672\" class=\"post-3672 post type-post status-publish format-standard has-post-thumbnail hentry category-aktualnosci category-projekty tag-odraniemenponadgranicami tag-irjp\">\n\n        \n            \n            \n            \n                <div class=\"lae-project-image\">\n\n                    \n                    \n                    \n                        <a href=\"https:\/\/odraniemen.org\/polacy-na-swiecie\/2025\/12\/27\/wsparcie-nauczania-jezyka-polskiego-w-moldawii\/\"><img loading=\"lazy\" decoding=\"async\" width=\"760\" height=\"760\"  src=\"https:\/\/odraniemen.org\/polacy-na-swiecie\/wp-content\/uploads\/sites\/10\/elementor\/thumbs\/557285048_1209535884541156_100632397182827373_n-rhp4jwmj3t11ffdvszjebwezqtdd6x7di490ip0er4.jpg\" title=\"557285048_1209535884541156_100632397182827373_n\" alt=\"557285048_1209535884541156_100632397182827373_n\" class=\"lae-image\" \/><\/a>\n\n                    \n                    \n                        <div class=\"lae-image-info\">\n\n                            <div class=\"lae-entry-info\">\n\n                                \n                                    <h3 class=\"lae-post-title\">\n\n                                        <a href=\"https:\/\/odraniemen.org\/polacy-na-swiecie\/2025\/12\/27\/wsparcie-nauczania-jezyka-polskiego-w-moldawii\/\" title=\"Wsparcie nauczania j\u0119zyka polskiego w Mo\u0142dawii\"\n                                           rel=\"bookmark\">Wsparcie nauczania j\u0119zyka polskiego w Mo\u0142dawii<\/a>\n\n                                    <\/h3>\n\n                                \n                                \n                            <\/div>\n\n                        <\/div><!-- .lae-image-info -->\n\n                    \n                <\/div>\n\n            \n            \n                <div class=\"lae-entry-text-wrap \">\n\n                    \n                        <h3 class=\"entry-title\">\n\n                            <a href=\"https:\/\/odraniemen.org\/polacy-na-swiecie\/2025\/12\/27\/wsparcie-nauczania-jezyka-polskiego-w-moldawii\/\" title=\"Wsparcie nauczania j\u0119zyka polskiego w Mo\u0142dawii\"\n                               rel=\"bookmark\">Wsparcie nauczania j\u0119zyka polskiego w Mo\u0142dawii<\/a>\n\n                        <\/h3>\n\n                    \n                    \n                        <div class=\"lae-entry-meta\">\n\n                            <span class=\"published\"><abbr title=\"sobota, grudzie\u0144, 2025, 1:38 pm\">27 grudnia 2025<\/abbr><\/span>\n                        <\/div>\n\n                    \n                    \n                        <div class=\"entry-summary\">\n\n                            Z powodzeniem zako\u0144czono projekt \u201eWsparcie nauczania j\u0119zyka polskiego w Mo\u0142dawii\u201d, kt\u00f3rego celem by\u0142o wzmocnienie szk\u00f3\u0142ki j\u0119zyka polskiego dzia\u0142aj\u0105cej przy Stowarzyszeniu Polak\u00f3w Gagauzji w Komracie. Szk\u00f3\u0142ka funkcjonuje nieprzerwanie od listopada 2004 roku i stanowi jeden z najwa\u017cniejszych filar\u00f3w podtrzymywania polskiej to\u017csamo\u015bci w regionie. Projekt dofinansowany by\u0142 przez Instytut Rozwoju J\u0119zyka Polskiego. Miejsce, kt\u00f3re \u0142\u0105czy spo\u0142eczno\u015b\u0107 Zaj\u0119cia &hellip;<p class=\"read-more\"> <a class=\"\" href=\"https:\/\/odraniemen.org\/polacy-na-swiecie\/2025\/12\/27\/wsparcie-nauczania-jezyka-polskiego-w-moldawii\/\"> <span class=\"screen-reader-text\">Wsparcie nauczania j\u0119zyka polskiego w Mo\u0142dawii<\/span> Read More &raquo;<\/a><\/p>\n                        <\/div>\n\n                    \n                    \n                <\/div>\n\n            \n        \n    <\/article><!-- .hentry -->\n\n<\/div><!-- .lae-posts-carousel-item -->\n<div data-id=\"id-3913\" class=\"lae-posts-carousel-item\">\n\n    <article id=\"post-3913\" class=\"post-3913 post type-post status-publish format-standard has-post-thumbnail hentry category-aktualnosci tag-edukacjahistoryczna tag-grzegorzwiwer tag-kombatanci tag-odraniemen tag-polacywelwowie tag-sybirak\">\n\n        \n            \n            \n            \n                <div class=\"lae-project-image\">\n\n                    \n                    \n                    \n                        <a href=\"https:\/\/odraniemen.org\/polacy-na-swiecie\/2025\/12\/26\/zmarl-grzegorz-wiwer-sybirak\/\"><img loading=\"lazy\" decoding=\"async\" width=\"760\" height=\"760\"  src=\"https:\/\/odraniemen.org\/polacy-na-swiecie\/wp-content\/uploads\/sites\/10\/elementor\/thumbs\/Grzegorz-Wiwer4-scaled-rk26g79bih96y8mwz9vhlo9ljq4tfqwa5iwwnif35c.jpg\" title=\"Grzegorz Wiwer4\" alt=\"Grzegorz Wiwer4\" class=\"lae-image\" \/><\/a>\n\n                    \n                    \n                        <div class=\"lae-image-info\">\n\n                            <div class=\"lae-entry-info\">\n\n                                \n                                    <h3 class=\"lae-post-title\">\n\n                                        <a href=\"https:\/\/odraniemen.org\/polacy-na-swiecie\/2025\/12\/26\/zmarl-grzegorz-wiwer-sybirak\/\" title=\"Zmar\u0142 Grzegorz Wiwer &#8211; Sybirak\"\n                                           rel=\"bookmark\">Zmar\u0142 Grzegorz Wiwer &#8211; Sybirak<\/a>\n\n                                    <\/h3>\n\n                                \n                                \n                            <\/div>\n\n                        <\/div><!-- .lae-image-info -->\n\n                    \n                <\/div>\n\n            \n            \n                <div class=\"lae-entry-text-wrap \">\n\n                    \n                        <h3 class=\"entry-title\">\n\n                            <a href=\"https:\/\/odraniemen.org\/polacy-na-swiecie\/2025\/12\/26\/zmarl-grzegorz-wiwer-sybirak\/\" title=\"Zmar\u0142 Grzegorz Wiwer &#8211; Sybirak\"\n                               rel=\"bookmark\">Zmar\u0142 Grzegorz Wiwer &#8211; Sybirak<\/a>\n\n                        <\/h3>\n\n                    \n                    \n                        <div class=\"lae-entry-meta\">\n\n                            <span class=\"published\"><abbr title=\"pi\u0105tek, grudzie\u0144, 2025, 12:40 pm\">26 grudnia 2025<\/abbr><\/span>\n                        <\/div>\n\n                    \n                    \n                        <div class=\"entry-summary\">\n\n                            Ostatni lwowski Sybirak, zmar\u0142 23 grudnia 2025 roku po ci\u0119\u017ckiej chorobie. By\u0142 \u015bwiadkiem historii, zes\u0142a\u0144cem oraz aktywnie piel\u0119gnowa\u0142 pami\u0119\u0107 o losach Polak\u00f3w na Syberii. \n                        <\/div>\n\n                    \n                    \n                <\/div>\n\n            \n        \n    <\/article><!-- .hentry -->\n\n<\/div><!-- .lae-posts-carousel-item -->\n<div data-id=\"id-3680\" class=\"lae-posts-carousel-item\">\n\n    <article id=\"post-3680\" class=\"post-3680 post type-post status-publish format-standard has-post-thumbnail hentry category-aktualnosci category-projekty tag-jedennarodponadgranicami tag-edukacjahistoryczna tag-odraniemen\">\n\n        \n            \n            \n            \n                <div class=\"lae-project-image\">\n\n                    \n                    \n                    \n                        <a href=\"https:\/\/odraniemen.org\/polacy-na-swiecie\/2025\/12\/23\/z-pasja-po-polsku-roznorodne-zajecia-pozalekcyjne-dla-mlodziezy\/\"><img loading=\"lazy\" decoding=\"async\" width=\"760\" height=\"760\"  src=\"https:\/\/odraniemen.org\/polacy-na-swiecie\/wp-content\/uploads\/sites\/10\/elementor\/thumbs\/logo_senat_polonia_2025_rgb-rhp535dl0pdd41fmfszfvjlpjsivruljtd1v7mh9dc.jpg\" title=\"logo_senat_polonia_2025_rgb\" alt=\"logo_senat_polonia_2025_rgb\" class=\"lae-image\" \/><\/a>\n\n                    \n                    \n                        <div class=\"lae-image-info\">\n\n                            <div class=\"lae-entry-info\">\n\n                                \n                                    <h3 class=\"lae-post-title\">\n\n                                        <a href=\"https:\/\/odraniemen.org\/polacy-na-swiecie\/2025\/12\/23\/z-pasja-po-polsku-roznorodne-zajecia-pozalekcyjne-dla-mlodziezy\/\" title=\"Z pasj\u0105 po polsku: r\u00f3\u017cnorodne zaj\u0119cia pozalekcyjne dla m\u0142odzie\u017cy\"\n                                           rel=\"bookmark\">Z pasj\u0105 po polsku: r\u00f3\u017cnorodne zaj\u0119cia pozalekcyjne dla m\u0142odzie\u017cy<\/a>\n\n                                    <\/h3>\n\n                                \n                                \n                            <\/div>\n\n                        <\/div><!-- .lae-image-info -->\n\n                    \n                <\/div>\n\n            \n            \n                <div class=\"lae-entry-text-wrap \">\n\n                    \n                        <h3 class=\"entry-title\">\n\n                            <a href=\"https:\/\/odraniemen.org\/polacy-na-swiecie\/2025\/12\/23\/z-pasja-po-polsku-roznorodne-zajecia-pozalekcyjne-dla-mlodziezy\/\" title=\"Z pasj\u0105 po polsku: r\u00f3\u017cnorodne zaj\u0119cia pozalekcyjne dla m\u0142odzie\u017cy\"\n                               rel=\"bookmark\">Z pasj\u0105 po polsku: r\u00f3\u017cnorodne zaj\u0119cia pozalekcyjne dla m\u0142odzie\u017cy<\/a>\n\n                        <\/h3>\n\n                    \n                    \n                        <div class=\"lae-entry-meta\">\n\n                            <span class=\"published\"><abbr title=\"wtorek, grudzie\u0144, 2025, 12:29 am\">23 grudnia 2025<\/abbr><\/span>\n                        <\/div>\n\n                    \n                    \n                        <div class=\"entry-summary\">\n\n                            Dzi\u0119ki dotacji z Senatu RP na Litwie i Ukrainie mog\u0142y oby\u0107 si\u0119 liczne wydarzenia, skierowane na edukacj\u0119, nauk\u0119 j\u0119zyka polskiego i wzmacnianie to\u017csamo\u015bci.\n                        <\/div>\n\n                    \n                    \n                <\/div>\n\n            \n        \n    <\/article><!-- .hentry -->\n\n<\/div><!-- .lae-posts-carousel-item -->\n<div data-id=\"id-3683\" class=\"lae-posts-carousel-item\">\n\n    <article id=\"post-3683\" class=\"post-3683 post type-post status-publish format-standard has-post-thumbnail hentry category-aktualnosci category-projekty tag-odraniemen\">\n\n        \n            \n            \n            \n                <div class=\"lae-project-image\">\n\n                    \n                    \n                    \n                        <a href=\"https:\/\/odraniemen.org\/polacy-na-swiecie\/2025\/12\/20\/ksiazki-dla-polskich-szkol-na-litwie\/\"><img loading=\"lazy\" decoding=\"async\" width=\"760\" height=\"760\"  src=\"https:\/\/odraniemen.org\/polacy-na-swiecie\/wp-content\/uploads\/sites\/10\/elementor\/thumbs\/Wilno-rhp4lztmajvz88cnlw1jvdfv9n2qaphwggfuwtwwxc.jpg\" title=\"Wilno\" alt=\"Wilno\" class=\"lae-image\" \/><\/a>\n\n                    \n                    \n                        <div class=\"lae-image-info\">\n\n                            <div class=\"lae-entry-info\">\n\n                                \n                                    <h3 class=\"lae-post-title\">\n\n                                        <a href=\"https:\/\/odraniemen.org\/polacy-na-swiecie\/2025\/12\/20\/ksiazki-dla-polskich-szkol-na-litwie\/\" title=\"Nowe ksi\u0105\u017cki dla polskich szk\u00f3\u0142 na Litwie\"\n                                           rel=\"bookmark\">Nowe ksi\u0105\u017cki dla polskich szk\u00f3\u0142 na Litwie<\/a>\n\n                                    <\/h3>\n\n                                \n                                \n                            <\/div>\n\n                        <\/div><!-- .lae-image-info -->\n\n                    \n                <\/div>\n\n            \n            \n                <div class=\"lae-entry-text-wrap \">\n\n                    \n                        <h3 class=\"entry-title\">\n\n                            <a href=\"https:\/\/odraniemen.org\/polacy-na-swiecie\/2025\/12\/20\/ksiazki-dla-polskich-szkol-na-litwie\/\" title=\"Nowe ksi\u0105\u017cki dla polskich szk\u00f3\u0142 na Litwie\"\n                               rel=\"bookmark\">Nowe ksi\u0105\u017cki dla polskich szk\u00f3\u0142 na Litwie<\/a>\n\n                        <\/h3>\n\n                    \n                    \n                        <div class=\"lae-entry-meta\">\n\n                            <span class=\"published\"><abbr title=\"sobota, grudzie\u0144, 2025, 10:50 pm\">20 grudnia 2025<\/abbr><\/span>\n                        <\/div>\n\n                    \n                    \n                        <div class=\"entry-summary\">\n\n                            Zrealizowany projekt \u201eWieloaspektowe wsparcie dla polskich uczni\u00f3w z Litwy\u201d by\u0142 konkretn\u0105 odpowiedzi\u0105 na realne potrzeby polskich plac\u00f3wek o\u015bwiatowych na Litwie. Zadanie zosta\u0142o dofinansowane przez Instytut Rozwoju J\u0119zyka Polskiego ze \u015brodk\u00f3w bud\u017cetu pa\u0144stwa i skoncentrowa\u0142o si\u0119 na wzmocnieniu szkolnych bibliotek\n                        <\/div>\n\n                    \n                    \n                <\/div>\n\n            \n        \n    <\/article><!-- .hentry -->\n\n<\/div><!-- .lae-posts-carousel-item -->\n<div data-id=\"id-3690\" class=\"lae-posts-carousel-item\">\n\n    <article id=\"post-3690\" class=\"post-3690 post type-post status-publish format-standard has-post-thumbnail hentry category-aktualnosci category-projekty tag-odraniemen\">\n\n        \n            \n            \n            \n                <div class=\"lae-project-image\">\n\n                    \n                    \n                    \n                        <a href=\"https:\/\/odraniemen.org\/polacy-na-swiecie\/2025\/12\/18\/wsparcie-polskich-bilbiotek-na-litwie\/\"><img loading=\"lazy\" decoding=\"async\" width=\"760\" height=\"760\"  src=\"https:\/\/odraniemen.org\/polacy-na-swiecie\/wp-content\/uploads\/sites\/10\/elementor\/thumbs\/594431626_1277610674407705_2236615011239582656_n-rhp4mzjhi98vhewrtbhdi4fdua6of7fp9d8b5cfycw.jpg\" title=\"594431626_1277610674407705_2236615011239582656_n\" alt=\"594431626_1277610674407705_2236615011239582656_n\" class=\"lae-image\" \/><\/a>\n\n                    \n                    \n                        <div class=\"lae-image-info\">\n\n                            <div class=\"lae-entry-info\">\n\n                                \n                                    <h3 class=\"lae-post-title\">\n\n                                        <a href=\"https:\/\/odraniemen.org\/polacy-na-swiecie\/2025\/12\/18\/wsparcie-polskich-bilbiotek-na-litwie\/\" title=\"Wsparcie sieci polskich bibliotek na Litwie\"\n                                           rel=\"bookmark\">Wsparcie sieci polskich bibliotek na Litwie<\/a>\n\n                                    <\/h3>\n\n                                \n                                \n                            <\/div>\n\n                        <\/div><!-- .lae-image-info -->\n\n                    \n                <\/div>\n\n            \n            \n                <div class=\"lae-entry-text-wrap \">\n\n                    \n                        <h3 class=\"entry-title\">\n\n                            <a href=\"https:\/\/odraniemen.org\/polacy-na-swiecie\/2025\/12\/18\/wsparcie-polskich-bilbiotek-na-litwie\/\" title=\"Wsparcie sieci polskich bibliotek na Litwie\"\n                               rel=\"bookmark\">Wsparcie sieci polskich bibliotek na Litwie<\/a>\n\n                        <\/h3>\n\n                    \n                    \n                        <div class=\"lae-entry-meta\">\n\n                            <span class=\"published\"><abbr title=\"czwartek, grudzie\u0144, 2025, 9:51 pm\">18 grudnia 2025<\/abbr><\/span>\n                        <\/div>\n\n                    \n                    \n                        <div class=\"entry-summary\">\n\n                            Podsumowujemy projekt \u201ePromocja j\u0119zyka polskiego poprzez wsparcie sieci polskich bibliotek na Litwie\u201d, kt\u00f3ry mia\u0142 na celu zwi\u0119kszenie dost\u0119pno\u015bci polskiej literatury oraz wsparcie dzia\u0142alno\u015bci edukacyjnej i kulturalnej polskich bibliotek w rejonach wile\u0144skim i solecznickim. Projekt ten odpowiada\u0142 na zidentyfikowane potrzeby, zwi\u0105zane g\u0142\u00f3wnie z brakiem odpowiednich ksi\u0105\u017cek i sprz\u0119tu, co utrudnia\u0142o pe\u0142nienie przez te plac\u00f3wki swojej roli &hellip;<p class=\"read-more\"> <a class=\"\" href=\"https:\/\/odraniemen.org\/polacy-na-swiecie\/2025\/12\/18\/wsparcie-polskich-bilbiotek-na-litwie\/\"> <span class=\"screen-reader-text\">Wsparcie sieci polskich bibliotek na Litwie<\/span> Read More &raquo;<\/a><\/p>\n                        <\/div>\n\n                    \n                    \n                <\/div>\n\n            \n        \n    <\/article><!-- .hentry -->\n\n<\/div><!-- .lae-posts-carousel-item -->\n<div data-id=\"id-3586\" class=\"lae-posts-carousel-item\">\n\n    <article id=\"post-3586\" class=\"post-3586 post type-post status-publish format-standard has-post-thumbnail hentry category-aktualnosci tag-polacywanglii tag-polonia tag-spotkaniapatriotyczne tag-wspolpraca\">\n\n        \n            \n            \n            \n                <div class=\"lae-project-image\">\n\n                    \n                    \n                    \n                        <a href=\"https:\/\/odraniemen.org\/polacy-na-swiecie\/2025\/12\/17\/spotkania-w-wielkiej-brytanii\/\"><img loading=\"lazy\" decoding=\"async\" width=\"760\" height=\"760\"  src=\"https:\/\/odraniemen.org\/polacy-na-swiecie\/wp-content\/uploads\/sites\/10\/elementor\/thumbs\/Aktualnosci32-rhnikwkuta2xjwvdfdaqp1q5t9xns4ycwf59ylffzk.jpg\" title=\"Uczestnicy spotkania przed Pomnikiem przed Raf Ingham\" alt=\"Uczestnicy spotkania przed Pomnikiem przed Raf Ingham\" class=\"lae-image\" \/><\/a>\n\n                    \n                    \n                        <div class=\"lae-image-info\">\n\n                            <div class=\"lae-entry-info\">\n\n                                \n                                    <h3 class=\"lae-post-title\">\n\n                                        <a href=\"https:\/\/odraniemen.org\/polacy-na-swiecie\/2025\/12\/17\/spotkania-w-wielkiej-brytanii\/\" title=\"Spotkania w Wielkiej Brytanii\"\n                                           rel=\"bookmark\">Spotkania w Wielkiej Brytanii<\/a>\n\n                                    <\/h3>\n\n                                \n                                \n                            <\/div>\n\n                        <\/div><!-- .lae-image-info -->\n\n                    \n                <\/div>\n\n            \n            \n                <div class=\"lae-entry-text-wrap \">\n\n                    \n                        <h3 class=\"entry-title\">\n\n                            <a href=\"https:\/\/odraniemen.org\/polacy-na-swiecie\/2025\/12\/17\/spotkania-w-wielkiej-brytanii\/\" title=\"Spotkania w Wielkiej Brytanii\"\n                               rel=\"bookmark\">Spotkania w Wielkiej Brytanii<\/a>\n\n                        <\/h3>\n\n                    \n                    \n                        <div class=\"lae-entry-meta\">\n\n                            <span class=\"published\"><abbr title=\"\u015broda, grudzie\u0144, 2025, 5:52 pm\">17 grudnia 2025<\/abbr><\/span>\n                        <\/div>\n\n                    \n                    \n                        <div class=\"entry-summary\">\n\n                            Delegacja Stowarzyszenia Odra-Niemen by\u0142a uczestnikami kilku wydarze\u0144 polonijnych w Wielkiej Brytanii, w Londynie i na p\u00f3\u0142nocy kraju.\n                        <\/div>\n\n                    \n                    \n                <\/div>\n\n            \n        \n    <\/article><!-- .hentry -->\n\n<\/div><!-- .lae-posts-carousel-item -->\n<div data-id=\"id-3700\" class=\"lae-posts-carousel-item\">\n\n    <article id=\"post-3700\" class=\"post-3700 post type-post status-publish format-standard has-post-thumbnail hentry category-aktualnosci category-projekty tag-wspolpraca\">\n\n        \n            \n            \n            \n                <div class=\"lae-project-image\">\n\n                    \n                    \n                    \n                        <a href=\"https:\/\/odraniemen.org\/polacy-na-swiecie\/2025\/12\/12\/smoku-mam-cie-na-oku\/\"><img loading=\"lazy\" decoding=\"async\" width=\"760\" height=\"760\"  src=\"https:\/\/odraniemen.org\/polacy-na-swiecie\/wp-content\/uploads\/sites\/10\/elementor\/thumbs\/597380853_1388493362614184_2521081217193561195_n-rhp4o7pwfgxcn34lncku9ba1re4xgzb33fw4pcmg8g.jpg\" title=\"597380853_1388493362614184_2521081217193561195_n\" alt=\"597380853_1388493362614184_2521081217193561195_n\" class=\"lae-image\" \/><\/a>\n\n                    \n                    \n                        <div class=\"lae-image-info\">\n\n                            <div class=\"lae-entry-info\">\n\n                                \n                                    <h3 class=\"lae-post-title\">\n\n                                        <a href=\"https:\/\/odraniemen.org\/polacy-na-swiecie\/2025\/12\/12\/smoku-mam-cie-na-oku\/\" title=\"&#8220;Smoku, mam ci\u0119 na oku&#8221; &#8211; wydarzenie kulturalno-j\u0119zykowe w Hull\"\n                                           rel=\"bookmark\">&#8220;Smoku, mam ci\u0119 na oku&#8221; &#8211; wydarzenie kulturalno-j\u0119zykowe w Hull<\/a>\n\n                                    <\/h3>\n\n                                \n                                \n                            <\/div>\n\n                        <\/div><!-- .lae-image-info -->\n\n                    \n                <\/div>\n\n            \n            \n                <div class=\"lae-entry-text-wrap \">\n\n                    \n                        <h3 class=\"entry-title\">\n\n                            <a href=\"https:\/\/odraniemen.org\/polacy-na-swiecie\/2025\/12\/12\/smoku-mam-cie-na-oku\/\" title=\"&#8220;Smoku, mam ci\u0119 na oku&#8221; &#8211; wydarzenie kulturalno-j\u0119zykowe w Hull\"\n                               rel=\"bookmark\">&#8220;Smoku, mam ci\u0119 na oku&#8221; &#8211; wydarzenie kulturalno-j\u0119zykowe w Hull<\/a>\n\n                        <\/h3>\n\n                    \n                    \n                        <div class=\"lae-entry-meta\">\n\n                            <span class=\"published\"><abbr title=\"pi\u0105tek, grudzie\u0144, 2025, 11:20 pm\">12 grudnia 2025<\/abbr><\/span>\n                        <\/div>\n\n                    \n                    \n                        <div class=\"entry-summary\">\n\n                            W Polskiej Szkole Sobotniej w Hull oby\u0142o si\u0119 wydarzenie promuj\u0105ce polski j\u0119zyk i kultur\u0119 - przedstawienie \"Smoku mam Ci\u0119 na oku\", zrealizowane dzi\u0119ki dotacji IRJP\n                        <\/div>\n\n                    \n                    \n                <\/div>\n\n            \n        \n    <\/article><!-- .hentry -->\n\n<\/div><!-- .lae-posts-carousel-item -->\n<div data-id=\"id-3816\" class=\"lae-posts-carousel-item\">\n\n    <article id=\"post-3816\" class=\"post-3816 post type-post status-publish format-standard has-post-thumbnail hentry category-aktualnosci tag-bari tag-odraniemen tag-polonia tag-poloniawewloszech tag-wspolpraca\">\n\n        \n            \n            \n            \n                <div class=\"lae-project-image\">\n\n                    \n                    \n                    \n                        <a href=\"https:\/\/odraniemen.org\/polacy-na-swiecie\/2025\/12\/09\/irjp-polska-na-glos-literatura-dzwieki-obrazy\/\"><img loading=\"lazy\" decoding=\"async\" width=\"760\" height=\"760\"  src=\"https:\/\/odraniemen.org\/polacy-na-swiecie\/wp-content\/uploads\/sites\/10\/elementor\/thumbs\/narodowe-czytanie-2025_1-ri73oy94n0xdzv4lf9h1sz014p787suxvsahia90a8.jpg\" title=\"Narodowe czytanie 2025_1\" alt=\"Narodowe czytanie 2025_1\" class=\"lae-image\" \/><\/a>\n\n                    \n                    \n                        <div class=\"lae-image-info\">\n\n                            <div class=\"lae-entry-info\">\n\n                                \n                                    <h3 class=\"lae-post-title\">\n\n                                        <a href=\"https:\/\/odraniemen.org\/polacy-na-swiecie\/2025\/12\/09\/irjp-polska-na-glos-literatura-dzwieki-obrazy\/\" title=\"Polska na g\u0142os\u2013literatura, d\u017awi\u0119ki, obrazy\"\n                                           rel=\"bookmark\">Polska na g\u0142os\u2013literatura, d\u017awi\u0119ki, obrazy<\/a>\n\n                                    <\/h3>\n\n                                \n                                \n                            <\/div>\n\n                        <\/div><!-- .lae-image-info -->\n\n                    \n                <\/div>\n\n            \n            \n                <div class=\"lae-entry-text-wrap \">\n\n                    \n                        <h3 class=\"entry-title\">\n\n                            <a href=\"https:\/\/odraniemen.org\/polacy-na-swiecie\/2025\/12\/09\/irjp-polska-na-glos-literatura-dzwieki-obrazy\/\" title=\"Polska na g\u0142os\u2013literatura, d\u017awi\u0119ki, obrazy\"\n                               rel=\"bookmark\">Polska na g\u0142os\u2013literatura, d\u017awi\u0119ki, obrazy<\/a>\n\n                        <\/h3>\n\n                    \n                    \n                        <div class=\"lae-entry-meta\">\n\n                            <span class=\"published\"><abbr title=\"wtorek, grudzie\u0144, 2025, 9:43 am\">9 grudnia 2025<\/abbr><\/span>\n                        <\/div>\n\n                    \n                    \n                        <div class=\"entry-summary\">\n\n                            We wsp\u00f3\u0142pracy z Apulijskim Stowarzyszeniem Polsko-W\u0142oskim, zrealizowano w Bari  projekt, kt\u00f3rego by\u0142a promocja j\u0119zyka polskiego i polskiej kultury\n                        <\/div>\n\n                    \n                    \n                <\/div>\n\n            \n        \n    <\/article><!-- .hentry -->\n\n<\/div><!-- .lae-posts-carousel-item -->\n<div data-id=\"id-3619\" class=\"lae-posts-carousel-item\">\n\n    <article id=\"post-3619\" class=\"post-3619 post type-post status-publish format-standard has-post-thumbnail hentry category-aktualnosci tag-edukacja-historyczna tag-odraniemen tag-pedagodzy tag-polacynalitwie tag-projektypolonijne tag-wspolpraca\">\n\n        \n            \n            \n            \n                <div class=\"lae-project-image\">\n\n                    \n                    \n                    \n                        <a href=\"https:\/\/odraniemen.org\/polacy-na-swiecie\/2025\/12\/08\/nauczyciel-przewodnik-do-polskosci\/\"><img loading=\"lazy\" decoding=\"async\" width=\"760\" height=\"760\"  src=\"https:\/\/odraniemen.org\/polacy-na-swiecie\/wp-content\/uploads\/sites\/10\/elementor\/thumbs\/26-scaled-rhp55ojxfmu6e7r6nee93elf661hihnihwbyrgq2ls.jpg\" title=\"\" alt=\"\" class=\"lae-image\" \/><\/a>\n\n                    \n                    \n                        <div class=\"lae-image-info\">\n\n                            <div class=\"lae-entry-info\">\n\n                                \n                                    <h3 class=\"lae-post-title\">\n\n                                        <a href=\"https:\/\/odraniemen.org\/polacy-na-swiecie\/2025\/12\/08\/nauczyciel-przewodnik-do-polskosci\/\" title=\"Nauczyciel \u2013 Przewodnik do Polsko\u015bci\"\n                                           rel=\"bookmark\">Nauczyciel \u2013 Przewodnik do Polsko\u015bci<\/a>\n\n                                    <\/h3>\n\n                                \n                                \n                            <\/div>\n\n                        <\/div><!-- .lae-image-info -->\n\n                    \n                <\/div>\n\n            \n            \n                <div class=\"lae-entry-text-wrap \">\n\n                    \n                        <h3 class=\"entry-title\">\n\n                            <a href=\"https:\/\/odraniemen.org\/polacy-na-swiecie\/2025\/12\/08\/nauczyciel-przewodnik-do-polskosci\/\" title=\"Nauczyciel \u2013 Przewodnik do Polsko\u015bci\"\n                               rel=\"bookmark\">Nauczyciel \u2013 Przewodnik do Polsko\u015bci<\/a>\n\n                        <\/h3>\n\n                    \n                    \n                        <div class=\"lae-entry-meta\">\n\n                            <span class=\"published\"><abbr title=\"poniedzia\u0142ek, grudzie\u0144, 2025, 12:38 pm\">8 grudnia 2025<\/abbr><\/span>\n                        <\/div>\n\n                    \n                    \n                        <div class=\"entry-summary\">\n\n                            To wyj\u0105tkowa inicjatywa, kt\u00f3rej celem jest organizacja konferencji, spotka\u0144 i warsztat\u00f3w dla polskich nauczycieli z Litwy.  \n                        <\/div>\n\n                    \n                    \n                <\/div>\n\n            \n        \n    <\/article><!-- .hentry -->\n\n<\/div><!-- .lae-posts-carousel-item -->\n<div data-id=\"id-3797\" class=\"lae-posts-carousel-item\">\n\n    <article id=\"post-3797\" class=\"post-3797 post type-post status-publish format-standard has-post-thumbnail hentry category-aktualnosci category-projekty category-wydawnictwa-odry-niemen tag-kwartalnikson tag-mediapolonijne tag-mediason tag-oddzialyson tag-polacynaswiecie tag-wspolpraca\">\n\n        \n            \n            \n            \n                <div class=\"lae-project-image\">\n\n                    \n                    \n                    \n                        <a href=\"https:\/\/odraniemen.org\/polacy-na-swiecie\/2025\/11\/30\/kwartalnik-odry-niemen-w-2025-2\/\"><img loading=\"lazy\" decoding=\"async\" width=\"760\" height=\"760\"  src=\"https:\/\/odraniemen.org\/polacy-na-swiecie\/wp-content\/uploads\/sites\/10\/elementor\/thumbs\/0001-\u2014-kopia-ri6py9qvvvqvvpog0fnckswyijf3ab0ejcd75vpuwg.jpg\" title=\"\" alt=\"\" class=\"lae-image\" \/><\/a>\n\n                    \n                    \n                        <div class=\"lae-image-info\">\n\n                            <div class=\"lae-entry-info\">\n\n                                \n                                    <h3 class=\"lae-post-title\">\n\n                                        <a href=\"https:\/\/odraniemen.org\/polacy-na-swiecie\/2025\/11\/30\/kwartalnik-odry-niemen-w-2025-2\/\" title=\"Kwartalnik Odry-Niemen w 2025\"\n                                           rel=\"bookmark\">Kwartalnik Odry-Niemen w 2025<\/a>\n\n                                    <\/h3>\n\n                                \n                                \n                            <\/div>\n\n                        <\/div><!-- .lae-image-info -->\n\n                    \n                <\/div>\n\n            \n            \n                <div class=\"lae-entry-text-wrap \">\n\n                    \n                        <h3 class=\"entry-title\">\n\n                            <a href=\"https:\/\/odraniemen.org\/polacy-na-swiecie\/2025\/11\/30\/kwartalnik-odry-niemen-w-2025-2\/\" title=\"Kwartalnik Odry-Niemen w 2025\"\n                               rel=\"bookmark\">Kwartalnik Odry-Niemen w 2025<\/a>\n\n                        <\/h3>\n\n                    \n                    \n                        <div class=\"lae-entry-meta\">\n\n                            <span class=\"published\"><abbr title=\"niedziela, listopad, 2025, 6:36 pm\">30 listopada 2025<\/abbr><\/span>\n                        <\/div>\n\n                    \n                    \n                        <div class=\"entry-summary\">\n\n                            Przedstawiamy kolejne numery kwartalnika \"Odra-Niemen Ponad Granicami\" wydane w II p\u00f3\u0142roczu 2025 roku.\n                        <\/div>\n\n                    \n                    \n                <\/div>\n\n            \n        \n    <\/article><!-- .hentry -->\n\n<\/div><!-- .lae-posts-carousel-item -->\n<div data-id=\"id-3560\" class=\"lae-posts-carousel-item\">\n\n    <article id=\"post-3560\" class=\"post-3560 post type-post status-publish format-standard has-post-thumbnail hentry category-aktualnosci tag-odraniemenponadgranicami tag-wspolpraca\">\n\n        \n            \n            \n            \n                <div class=\"lae-project-image\">\n\n                    \n                    \n                    \n                        <a href=\"https:\/\/odraniemen.org\/polacy-na-swiecie\/2025\/11\/10\/konkurs-dla-organizacji-polonijnych\/\"><img loading=\"lazy\" decoding=\"async\" width=\"760\" height=\"760\"  src=\"https:\/\/odraniemen.org\/polacy-na-swiecie\/wp-content\/uploads\/sites\/10\/elementor\/thumbs\/mini-senat-rei487ft70hlftan1kippkso5m85vyaesp82dxga0g.jpg\" title=\"mini senat\" alt=\"mini senat\" class=\"lae-image\" \/><\/a>\n\n                    \n                    \n                        <div class=\"lae-image-info\">\n\n                            <div class=\"lae-entry-info\">\n\n                                \n                                    <h3 class=\"lae-post-title\">\n\n                                        <a href=\"https:\/\/odraniemen.org\/polacy-na-swiecie\/2025\/11\/10\/konkurs-dla-organizacji-polonijnych\/\" title=\"Konkurs dla organizacji Polonijnych\"\n                                           rel=\"bookmark\">Konkurs dla organizacji Polonijnych<\/a>\n\n                                    <\/h3>\n\n                                \n                                \n                            <\/div>\n\n                        <\/div><!-- .lae-image-info -->\n\n                    \n                <\/div>\n\n            \n            \n                <div class=\"lae-entry-text-wrap \">\n\n                    \n                        <h3 class=\"entry-title\">\n\n                            <a href=\"https:\/\/odraniemen.org\/polacy-na-swiecie\/2025\/11\/10\/konkurs-dla-organizacji-polonijnych\/\" title=\"Konkurs dla organizacji Polonijnych\"\n                               rel=\"bookmark\">Konkurs dla organizacji Polonijnych<\/a>\n\n                        <\/h3>\n\n                    \n                    \n                        <div class=\"lae-entry-meta\">\n\n                            <span class=\"published\"><abbr title=\"poniedzia\u0142ek, listopad, 2025, 2:29 pm\">10 listopada 2025<\/abbr><\/span>\n                        <\/div>\n\n                    \n                    \n                        <div class=\"entry-summary\">\n\n                            Trwa nab\u00f3r wniosk\u00f3w do konkursu Senatu RP \u2013 projekty polonijne 2026. Odra-Niemen operatorem naboru. Stowarzyszenie Odra-Niemen, jako wieloletni partner \u015brodowisk polonijnych, prowadzi nab\u00f3r projekt\u00f3w, kt\u00f3re jako operator z\u0142o\u017cymy do Senatu RP w ramach konkursu na dofinansowanie dzia\u0142a\u0144 polonijnych w 2026 roku. Zapewniamy kompleksowe wsparcie: konsultacje merytoryczne, weryfikacj\u0119 zgodno\u015bci z regulaminem, pomoc w bud\u017cecie i harmonogramie, &hellip;<p class=\"read-more\"> <a class=\"\" href=\"https:\/\/odraniemen.org\/polacy-na-swiecie\/2025\/11\/10\/konkurs-dla-organizacji-polonijnych\/\"> <span class=\"screen-reader-text\">Konkurs dla organizacji Polonijnych<\/span> Read More &raquo;<\/a><\/p>\n                        <\/div>\n\n                    \n                    \n                <\/div>\n\n            \n        \n    <\/article><!-- .hentry -->\n\n<\/div><!-- .lae-posts-carousel-item -->\n<div data-id=\"id-3642\" class=\"lae-posts-carousel-item\">\n\n    <article id=\"post-3642\" class=\"post-3642 post type-post status-publish format-standard has-post-thumbnail hentry category-aktualnosci tag-poalcynabialorusi tag-teresasobol tag-zpb\">\n\n        \n            \n            \n            \n                <div class=\"lae-project-image\">\n\n                    \n                    \n                    \n                        <a href=\"https:\/\/odraniemen.org\/polacy-na-swiecie\/2025\/11\/02\/pamieci-teresy-sobol\/\"><img loading=\"lazy\" decoding=\"async\" width=\"760\" height=\"760\"  src=\"https:\/\/odraniemen.org\/polacy-na-swiecie\/wp-content\/uploads\/sites\/10\/elementor\/thumbs\/Pamieci-Teresy-Sobol1-rhp096ey3l7ua84xb3s8vy1fhg084ky0wa9mkyff00.jpg\" title=\"Pami\u0119ci Teresy Sobol\" alt=\"Pami\u0119ci Teresy Sobol\" class=\"lae-image\" \/><\/a>\n\n                    \n                    \n                        <div class=\"lae-image-info\">\n\n                            <div class=\"lae-entry-info\">\n\n                                \n                                    <h3 class=\"lae-post-title\">\n\n                                        <a href=\"https:\/\/odraniemen.org\/polacy-na-swiecie\/2025\/11\/02\/pamieci-teresy-sobol\/\" title=\"Pami\u0119ci Teresy Sobol\"\n                                           rel=\"bookmark\">Pami\u0119ci Teresy Sobol<\/a>\n\n                                    <\/h3>\n\n                                \n                                \n                            <\/div>\n\n                        <\/div><!-- .lae-image-info -->\n\n                    \n                <\/div>\n\n            \n            \n                <div class=\"lae-entry-text-wrap \">\n\n                    \n                        <h3 class=\"entry-title\">\n\n                            <a href=\"https:\/\/odraniemen.org\/polacy-na-swiecie\/2025\/11\/02\/pamieci-teresy-sobol\/\" title=\"Pami\u0119ci Teresy Sobol\"\n                               rel=\"bookmark\">Pami\u0119ci Teresy Sobol<\/a>\n\n                        <\/h3>\n\n                    \n                    \n                        <div class=\"lae-entry-meta\">\n\n                            <span class=\"published\"><abbr title=\"niedziela, listopad, 2025, 2:10 pm\">2 listopada 2025<\/abbr><\/span>\n                        <\/div>\n\n                    \n                    \n                        <div class=\"entry-summary\">\n\n                            Stracili\u015bmy bardzo wa\u017cn\u0105 osob\u0119 dla Odra-Niemen. Zmar\u0142a kochana Teresa Sobol, dzia\u0142aczka ZPB, skromna i oddana sprawie polskiej na Bia\u0142orusi.  \n                        <\/div>\n\n                    \n                    \n                <\/div>\n\n            \n        \n    <\/article><!-- .hentry -->\n\n<\/div><!-- .lae-posts-carousel-item -->\n<div data-id=\"id-3599\" class=\"lae-posts-carousel-item\">\n\n    <article id=\"post-3599\" class=\"post-3599 post type-post status-publish format-standard has-post-thumbnail hentry category-aktualnosci tag-ambasadapolska tag-berlin tag-biuropolonii tag-konferencja tag-odraniemen tag-wspolpraca\">\n\n        \n            \n            \n            \n                <div class=\"lae-project-image\">\n\n                    \n                    \n                    \n                        <a href=\"https:\/\/odraniemen.org\/polacy-na-swiecie\/2025\/10\/31\/konferencja-w-berlinie\/\"><img loading=\"lazy\" decoding=\"async\" width=\"760\" height=\"760\"  src=\"https:\/\/odraniemen.org\/polacy-na-swiecie\/wp-content\/uploads\/sites\/10\/elementor\/thumbs\/IMG-20251029-WA0027-rhnk306g6051ryadir5q7e98nna6szq706vcbx7pv4.jpg\" title=\"\" alt=\"\" class=\"lae-image\" \/><\/a>\n\n                    \n                    \n                        <div class=\"lae-image-info\">\n\n                            <div class=\"lae-entry-info\">\n\n                                \n                                    <h3 class=\"lae-post-title\">\n\n                                        <a href=\"https:\/\/odraniemen.org\/polacy-na-swiecie\/2025\/10\/31\/konferencja-w-berlinie\/\" title=\"Konferencja w Berlinie\"\n                                           rel=\"bookmark\">Konferencja w Berlinie<\/a>\n\n                                    <\/h3>\n\n                                \n                                \n                            <\/div>\n\n                        <\/div><!-- .lae-image-info -->\n\n                    \n                <\/div>\n\n            \n            \n                <div class=\"lae-entry-text-wrap \">\n\n                    \n                        <h3 class=\"entry-title\">\n\n                            <a href=\"https:\/\/odraniemen.org\/polacy-na-swiecie\/2025\/10\/31\/konferencja-w-berlinie\/\" title=\"Konferencja w Berlinie\"\n                               rel=\"bookmark\">Konferencja w Berlinie<\/a>\n\n                        <\/h3>\n\n                    \n                    \n                        <div class=\"lae-entry-meta\">\n\n                            <span class=\"published\"><abbr title=\"pi\u0105tek, pa\u017adziernik, 2025, 6:30 pm\">31 pa\u017adziernika 2025<\/abbr><\/span>\n                        <\/div>\n\n                    \n                    \n                        <div class=\"entry-summary\">\n\n                            W Ambasadzie RP w Berlinie odby\u0142a si\u0119 konferencja \u201eMADEbyPolonia\u201d organizowana przez Biuro Polonii oraz Stowarzyszenie Odra-Niemen. \n                        <\/div>\n\n                    \n                    \n                <\/div>\n\n            \n        \n    <\/article><!-- .hentry -->\n\n<\/div><!-- .lae-posts-carousel-item -->\n<div data-id=\"id-3558\" class=\"lae-posts-carousel-item\">\n\n    <article id=\"post-3558\" class=\"post-3558 post type-post status-publish format-standard has-post-thumbnail hentry category-aktualnosci category-edukacja-historyczna category-rozwoj-stowarzyszenia-odra-niemen tag-edukacjahistoryczna tag-kombatanci tag-odraniemen tag-ponadgranicami tag-rodacybohaterom-2 tag-wspolpraca\">\n\n        \n            \n            \n            \n                <div class=\"lae-project-image\">\n\n                    \n                    \n                    \n                        <a href=\"https:\/\/odraniemen.org\/polacy-na-swiecie\/2025\/10\/15\/xvi-edycja-rodacy-bohaterom\/\"><img loading=\"lazy\" decoding=\"async\" width=\"760\" height=\"760\"  src=\"https:\/\/odraniemen.org\/polacy-na-swiecie\/wp-content\/uploads\/sites\/10\/elementor\/thumbs\/Rodacy-bohaterom-16-re9igckhlyfps3zo2498gpk984b9k06rk4pipkf7hs.jpg\" title=\"Rodacy bohaterom 16\" alt=\"Rodacy bohaterom 16\" class=\"lae-image\" \/><\/a>\n\n                    \n                    \n                        <div class=\"lae-image-info\">\n\n                            <div class=\"lae-entry-info\">\n\n                                \n                                    <h3 class=\"lae-post-title\">\n\n                                        <a href=\"https:\/\/odraniemen.org\/polacy-na-swiecie\/2025\/10\/15\/xvi-edycja-rodacy-bohaterom\/\" title=\"XVI edycja akcji Rodacy Bohaterom\"\n                                           rel=\"bookmark\">XVI edycja akcji Rodacy Bohaterom<\/a>\n\n                                    <\/h3>\n\n                                \n                                \n                            <\/div>\n\n                        <\/div><!-- .lae-image-info -->\n\n                    \n                <\/div>\n\n            \n            \n                <div class=\"lae-entry-text-wrap \">\n\n                    \n                        <h3 class=\"entry-title\">\n\n                            <a href=\"https:\/\/odraniemen.org\/polacy-na-swiecie\/2025\/10\/15\/xvi-edycja-rodacy-bohaterom\/\" title=\"XVI edycja akcji Rodacy Bohaterom\"\n                               rel=\"bookmark\">XVI edycja akcji Rodacy Bohaterom<\/a>\n\n                        <\/h3>\n\n                    \n                    \n                        <div class=\"lae-entry-meta\">\n\n                            <span class=\"published\"><abbr title=\"\u015broda, pa\u017adziernik, 2025, 3:28 pm\">15 pa\u017adziernika 2025<\/abbr><\/span>\n                        <\/div>\n\n                    \n                    \n                        <div class=\"entry-summary\">\n\n                            15 pa\u017adziernika rusza XVI edycja akcji Rodacy Bohaterom, zach\u0119camy do wsp\u00f3\u0142pracy na rzecz naszych Rodak\u00f3w na Kresach!\n                        <\/div>\n\n                    \n                    \n                <\/div>\n\n            \n        \n    <\/article><!-- .hentry -->\n\n<\/div><!-- .lae-posts-carousel-item -->\n<div data-id=\"id-3582\" class=\"lae-posts-carousel-item\">\n\n    <article id=\"post-3582\" class=\"post-3582 post type-post status-publish format-standard has-post-thumbnail hentry category-aktualnosci tag-gala tag-polacywewloszech tag-polakroku tag-polonia tag-wspolpraca\">\n\n        \n            \n            \n            \n                <div class=\"lae-project-image\">\n\n                    \n                    \n                    \n                        <a href=\"https:\/\/odraniemen.org\/polacy-na-swiecie\/2025\/10\/13\/polak-roku-we-wloszech-i-na-swiecie\/\"><img loading=\"lazy\" decoding=\"async\" width=\"760\" height=\"760\"  src=\"https:\/\/odraniemen.org\/polacy-na-swiecie\/wp-content\/uploads\/sites\/10\/elementor\/thumbs\/Aktualnosci17-rhnhv5rzmmu7ke9lr8olejlo3ctqykr0ozwirrlmeo.jpg\" title=\"Uczestnicy wydarzenia polonijnego\" alt=\"Uczestnicy wydarzenia polonijnego\" class=\"lae-image\" \/><\/a>\n\n                    \n                    \n                        <div class=\"lae-image-info\">\n\n                            <div class=\"lae-entry-info\">\n\n                                \n                                    <h3 class=\"lae-post-title\">\n\n                                        <a href=\"https:\/\/odraniemen.org\/polacy-na-swiecie\/2025\/10\/13\/polak-roku-we-wloszech-i-na-swiecie\/\" title=\"Polak Roku we W\u0142oszech i na \u015awiecie\"\n                                           rel=\"bookmark\">Polak Roku we W\u0142oszech i na \u015awiecie<\/a>\n\n                                    <\/h3>\n\n                                \n                                \n                            <\/div>\n\n                        <\/div><!-- .lae-image-info -->\n\n                    \n                <\/div>\n\n            \n            \n                <div class=\"lae-entry-text-wrap \">\n\n                    \n                        <h3 class=\"entry-title\">\n\n                            <a href=\"https:\/\/odraniemen.org\/polacy-na-swiecie\/2025\/10\/13\/polak-roku-we-wloszech-i-na-swiecie\/\" title=\"Polak Roku we W\u0142oszech i na \u015awiecie\"\n                               rel=\"bookmark\">Polak Roku we W\u0142oszech i na \u015awiecie<\/a>\n\n                        <\/h3>\n\n                    \n                    \n                        <div class=\"lae-entry-meta\">\n\n                            <span class=\"published\"><abbr title=\"poniedzia\u0142ek, pa\u017adziernik, 2025, 5:45 pm\">13 pa\u017adziernika 2025<\/abbr><\/span>\n                        <\/div>\n\n                    \n                    \n                        <div class=\"entry-summary\">\n\n                            Delegacja Odry-Niemen przebywa\u0142a w Neapolu, na zaproszenie w\u0142oskiej Polonii oraz organizator\u00f3w Gali IX edycji Polak Roku we W\u0142oszech i na \u015awiecie.\n                        <\/div>\n\n                    \n                    \n                <\/div>\n\n            \n        \n    <\/article><!-- .hentry -->\n\n<\/div><!-- .lae-posts-carousel-item -->\n<div data-id=\"id-3713\" class=\"lae-posts-carousel-item\">\n\n    <article id=\"post-3713\" class=\"post-3713 post type-post status-publish format-standard has-post-thumbnail hentry category-aktualnosci tag-wspolpraca\">\n\n        \n            \n            \n            \n                <div class=\"lae-project-image\">\n\n                    \n                    \n                    \n                        <a href=\"https:\/\/odraniemen.org\/polacy-na-swiecie\/2025\/09\/19\/dozynki-na-wilenszczyznie\/\"><img loading=\"lazy\" decoding=\"async\" width=\"760\" height=\"760\"  src=\"https:\/\/odraniemen.org\/polacy-na-swiecie\/wp-content\/uploads\/sites\/10\/elementor\/thumbs\/WhatsApp-Image-2025-09-16-at-09.54.59-1-1-rhp4thlas059sbgsumnh8zd5r852nu8v5jo7n8sxbk.jpeg\" title=\"WhatsApp Image 2025-09-16 at 09.54.59 (1)\" alt=\"WhatsApp Image 2025-09-16 at 09.54.59 (1)\" class=\"lae-image\" \/><\/a>\n\n                    \n                    \n                        <div class=\"lae-image-info\">\n\n                            <div class=\"lae-entry-info\">\n\n                                \n                                    <h3 class=\"lae-post-title\">\n\n                                        <a href=\"https:\/\/odraniemen.org\/polacy-na-swiecie\/2025\/09\/19\/dozynki-na-wilenszczyznie\/\" title=\"Do\u017cynki na Wile\u0144szczy\u017anie\"\n                                           rel=\"bookmark\">Do\u017cynki na Wile\u0144szczy\u017anie<\/a>\n\n                                    <\/h3>\n\n                                \n                                \n                            <\/div>\n\n                        <\/div><!-- .lae-image-info -->\n\n                    \n                <\/div>\n\n            \n            \n                <div class=\"lae-entry-text-wrap \">\n\n                    \n                        <h3 class=\"entry-title\">\n\n                            <a href=\"https:\/\/odraniemen.org\/polacy-na-swiecie\/2025\/09\/19\/dozynki-na-wilenszczyznie\/\" title=\"Do\u017cynki na Wile\u0144szczy\u017anie\"\n                               rel=\"bookmark\">Do\u017cynki na Wile\u0144szczy\u017anie<\/a>\n\n                        <\/h3>\n\n                    \n                    \n                        <div class=\"lae-entry-meta\">\n\n                            <span class=\"published\"><abbr title=\"pi\u0105tek, wrzesie\u0144, 2025, 3:05 pm\">19 wrze\u015bnia 2025<\/abbr><\/span>\n                        <\/div>\n\n                    \n                    \n                        <div class=\"entry-summary\">\n\n                            Delegacja Odra-Niemen w rejonie solecznickim i wile\u0144skim Na zaproszenie Samorz\u0105du Rejonu Solecznickiego przedstawiciele Stowarzyszenia Odra-Niemen go\u015bcili na tradycyjnych \u015bwi\u0119tach plon\u00f3w, kt\u00f3re w po\u0142owie wrze\u015bnia odby\u0142y si\u0119 w dw\u00f3ch sercach Wile\u0144szczyzny \u2013\u00a0 Solecznikach i Bia\u0142ej Wace (rejon wile\u0144ski).\u00a0Nasza delegacja przyby\u0142a na Litw\u0119 ju\u017c w pi\u0105tek 12 wrze\u015bnia, aby wzi\u0105\u0107 udzia\u0142 w uroczystej kolacji zorganizowanej przez mera &hellip;<p class=\"read-more\"> <a class=\"\" href=\"https:\/\/odraniemen.org\/polacy-na-swiecie\/2025\/09\/19\/dozynki-na-wilenszczyznie\/\"> <span class=\"screen-reader-text\">Do\u017cynki na Wile\u0144szczy\u017anie<\/span> Read More &raquo;<\/a><\/p>\n                        <\/div>\n\n                    \n                    \n                <\/div>\n\n            \n        \n    <\/article><!-- .hentry -->\n\n<\/div><!-- .lae-posts-carousel-item -->\n<div data-id=\"id-3566\" class=\"lae-posts-carousel-item\">\n\n    <article id=\"post-3566\" class=\"post-3566 post type-post status-publish format-standard has-post-thumbnail hentry category-aktualnosci tag-polacynalitwie tag-szkolenie tag-wspolpraca\">\n\n        \n            \n            \n            \n                <div class=\"lae-project-image\">\n\n                    \n                    \n                    \n                        <a href=\"https:\/\/odraniemen.org\/polacy-na-swiecie\/2025\/09\/18\/szkolenie-w-niemenczynie\/\"><img loading=\"lazy\" decoding=\"async\" width=\"760\" height=\"760\"  src=\"https:\/\/odraniemen.org\/polacy-na-swiecie\/wp-content\/uploads\/sites\/10\/elementor\/thumbs\/resize_1200x900_dsc05305-rhngd7tfewzta0meqx9db5nctapf7wlkm03da3kzhs.jpg\" title=\"\" alt=\"\" class=\"lae-image\" \/><\/a>\n\n                    \n                    \n                        <div class=\"lae-image-info\">\n\n                            <div class=\"lae-entry-info\">\n\n                                \n                                    <h3 class=\"lae-post-title\">\n\n                                        <a href=\"https:\/\/odraniemen.org\/polacy-na-swiecie\/2025\/09\/18\/szkolenie-w-niemenczynie\/\" title=\"Szkolenie w Niemenczynie\"\n                                           rel=\"bookmark\">Szkolenie w Niemenczynie<\/a>\n\n                                    <\/h3>\n\n                                \n                                \n                            <\/div>\n\n                        <\/div><!-- .lae-image-info -->\n\n                    \n                <\/div>\n\n            \n            \n                <div class=\"lae-entry-text-wrap \">\n\n                    \n                        <h3 class=\"entry-title\">\n\n                            <a href=\"https:\/\/odraniemen.org\/polacy-na-swiecie\/2025\/09\/18\/szkolenie-w-niemenczynie\/\" title=\"Szkolenie w Niemenczynie\"\n                               rel=\"bookmark\">Szkolenie w Niemenczynie<\/a>\n\n                        <\/h3>\n\n                    \n                    \n                        <div class=\"lae-entry-meta\">\n\n                            <span class=\"published\"><abbr title=\"czwartek, wrzesie\u0144, 2025, 5:11 pm\">18 wrze\u015bnia 2025<\/abbr><\/span>\n                        <\/div>\n\n                    \n                    \n                        <div class=\"entry-summary\">\n\n                            W Niemenczy\u0144skim Centrum Kultury, na Wile\u0144szczy\u017anie, odby\u0142o si\u0119 szkolenie \u201ePrzygotowanie wniosk\u00f3w o dofinansowanie z Polski\u201d. \n                        <\/div>\n\n                    \n                    \n                <\/div>\n\n            \n        \n    <\/article><!-- .hentry -->\n\n<\/div><!-- .lae-posts-carousel-item -->\n<div data-id=\"id-3539\" class=\"lae-posts-carousel-item\">\n\n    <article id=\"post-3539\" class=\"post-3539 post type-post status-publish format-standard has-post-thumbnail hentry category-aktualnosci tag-odraniemen tag-polacynalitwie tag-rodacybohaterom-2 tag-wspolpraca\">\n\n        \n            \n            \n            \n                <div class=\"lae-project-image\">\n\n                    \n                    \n                    \n                        <a href=\"https:\/\/odraniemen.org\/polacy-na-swiecie\/2025\/09\/15\/spotkania-na-litwie-3\/\"><img loading=\"lazy\" decoding=\"async\" width=\"760\" height=\"760\"  src=\"https:\/\/odraniemen.org\/polacy-na-swiecie\/wp-content\/uploads\/sites\/10\/elementor\/thumbs\/resize_1200x900_resize_1200x900_d2_vrsa-101-rbxkz5z94a5d9t3w1t7m4qs52rhj716vmuzhvdi6r4.jpg\" title=\"\" alt=\"\" class=\"lae-image\" \/><\/a>\n\n                    \n                    \n                        <div class=\"lae-image-info\">\n\n                            <div class=\"lae-entry-info\">\n\n                                \n                                    <h3 class=\"lae-post-title\">\n\n                                        <a href=\"https:\/\/odraniemen.org\/polacy-na-swiecie\/2025\/09\/15\/spotkania-na-litwie-3\/\" title=\"Spotkania na Litwie\"\n                                           rel=\"bookmark\">Spotkania na Litwie<\/a>\n\n                                    <\/h3>\n\n                                \n                                \n                            <\/div>\n\n                        <\/div><!-- .lae-image-info -->\n\n                    \n                <\/div>\n\n            \n            \n                <div class=\"lae-entry-text-wrap \">\n\n                    \n                        <h3 class=\"entry-title\">\n\n                            <a href=\"https:\/\/odraniemen.org\/polacy-na-swiecie\/2025\/09\/15\/spotkania-na-litwie-3\/\" title=\"Spotkania na Litwie\"\n                               rel=\"bookmark\">Spotkania na Litwie<\/a>\n\n                        <\/h3>\n\n                    \n                    \n                        <div class=\"lae-entry-meta\">\n\n                            <span class=\"published\"><abbr title=\"poniedzia\u0142ek, wrzesie\u0144, 2025, 11:19 am\">15 wrze\u015bnia 2025<\/abbr><\/span>\n                        <\/div>\n\n                    \n                    \n                        <div class=\"entry-summary\">\n\n                            Delegacja Stowarzyszenia Odra-Niemen go\u015bci\u0142a na tradycyjnych \u015awi\u0119tach Plon\u00f3w w Rejonach Solecznickim i Wile\u0144skim. \n                        <\/div>\n\n                    \n                    \n                <\/div>\n\n            \n        \n    <\/article><!-- .hentry -->\n\n<\/div><!-- .lae-posts-carousel-item -->\n<div data-id=\"id-3534\" class=\"lae-posts-carousel-item\">\n\n    <article id=\"post-3534\" class=\"post-3534 post type-post status-publish format-standard has-post-thumbnail hentry category-aktualnosci\">\n\n        \n            \n            \n            \n                <div class=\"lae-project-image\">\n\n                    \n                    \n                    \n                        <a href=\"https:\/\/odraniemen.org\/polacy-na-swiecie\/2025\/09\/12\/polonijne-spotkania-2\/\"><img loading=\"lazy\" decoding=\"async\" width=\"760\" height=\"760\"  src=\"https:\/\/odraniemen.org\/polacy-na-swiecie\/wp-content\/uploads\/sites\/10\/elementor\/thumbs\/IMG_20250628_190229-scaled-rbnlmsiikd87x3wvdzqe56xy4l87hsol1r5cdie94g.jpg\" title=\"\" alt=\"\" class=\"lae-image\" \/><\/a>\n\n                    \n                    \n                        <div class=\"lae-image-info\">\n\n                            <div class=\"lae-entry-info\">\n\n                                \n                                    <h3 class=\"lae-post-title\">\n\n                                        <a href=\"https:\/\/odraniemen.org\/polacy-na-swiecie\/2025\/09\/12\/polonijne-spotkania-2\/\" title=\"Polonijne spotkania\"\n                                           rel=\"bookmark\">Polonijne spotkania<\/a>\n\n                                    <\/h3>\n\n                                \n                                \n                            <\/div>\n\n                        <\/div><!-- .lae-image-info -->\n\n                    \n                <\/div>\n\n            \n            \n                <div class=\"lae-entry-text-wrap \">\n\n                    \n                        <h3 class=\"entry-title\">\n\n                            <a href=\"https:\/\/odraniemen.org\/polacy-na-swiecie\/2025\/09\/12\/polonijne-spotkania-2\/\" title=\"Polonijne spotkania\"\n                               rel=\"bookmark\">Polonijne spotkania<\/a>\n\n                        <\/h3>\n\n                    \n                    \n                        <div class=\"lae-entry-meta\">\n\n                            <span class=\"published\"><abbr title=\"pi\u0105tek, wrzesie\u0144, 2025, 6:07 pm\">12 wrze\u015bnia 2025<\/abbr><\/span>\n                        <\/div>\n\n                    \n                    \n                        <div class=\"entry-summary\">\n\n                            W ramach podsumowa\u0144 projektowych przedstawiamy spot z pobytu grupy wolontariuszy Stowarzyszenia Odra-Niemen w Brukseli.\n                        <\/div>\n\n                    \n                    \n                <\/div>\n\n            \n        \n    <\/article><!-- .hentry -->\n\n<\/div><!-- .lae-posts-carousel-item -->\n<div data-id=\"id-3737\" class=\"lae-posts-carousel-item\">\n\n    <article id=\"post-3737\" class=\"post-3737 post type-post status-publish format-standard has-post-thumbnail hentry category-aktualnosci category-wolontariat category-miejsca-pamieci tag-edukacja-historyczna tag-edukacjahistoryczna tag-pamiec-historyczna tag-rodacybohaterom-2 tag-wolontariat\">\n\n        \n            \n            \n            \n                <div class=\"lae-project-image\">\n\n                    \n                    \n                    \n                        <a href=\"https:\/\/odraniemen.org\/polacy-na-swiecie\/2025\/09\/08\/kolonie-dla-dzieci-z-obwodu-lwowskiego-i-lwowa\/\"><img loading=\"lazy\" decoding=\"async\" width=\"760\" height=\"760\"  src=\"https:\/\/odraniemen.org\/polacy-na-swiecie\/wp-content\/uploads\/sites\/10\/elementor\/thumbs\/UA-I-tura-3-rhp4v03xse7whp9m0a7u9llw7kod2a9ap1idhak3ao.jpg\" title=\"UA I tura 3\" alt=\"UA I tura 3\" class=\"lae-image\" \/><\/a>\n\n                    \n                    \n                        <div class=\"lae-image-info\">\n\n                            <div class=\"lae-entry-info\">\n\n                                \n                                    <h3 class=\"lae-post-title\">\n\n                                        <a href=\"https:\/\/odraniemen.org\/polacy-na-swiecie\/2025\/09\/08\/kolonie-dla-dzieci-z-obwodu-lwowskiego-i-lwowa\/\" title=\"Letnie kolonie dla dzieci z obwodu lwowskiego i Lwowa\"\n                                           rel=\"bookmark\">Letnie kolonie dla dzieci z obwodu lwowskiego i Lwowa<\/a>\n\n                                    <\/h3>\n\n                                \n                                \n                            <\/div>\n\n                        <\/div><!-- .lae-image-info -->\n\n                    \n                <\/div>\n\n            \n            \n                <div class=\"lae-entry-text-wrap \">\n\n                    \n                        <h3 class=\"entry-title\">\n\n                            <a href=\"https:\/\/odraniemen.org\/polacy-na-swiecie\/2025\/09\/08\/kolonie-dla-dzieci-z-obwodu-lwowskiego-i-lwowa\/\" title=\"Letnie kolonie dla dzieci z obwodu lwowskiego i Lwowa\"\n                               rel=\"bookmark\">Letnie kolonie dla dzieci z obwodu lwowskiego i Lwowa<\/a>\n\n                        <\/h3>\n\n                    \n                    \n                        <div class=\"lae-entry-meta\">\n\n                            <span class=\"published\"><abbr title=\"poniedzia\u0142ek, wrzesie\u0144, 2025, 1:32 pm\">8 wrze\u015bnia 2025<\/abbr><\/span>\n                        <\/div>\n\n                    \n                    \n                        <div class=\"entry-summary\">\n\n                              Podczas letnich wakacji Centrum Polskiej Kultury \u201eOdra-Niemen-Dniestr\u201d organizowa\u0142o dwa turnusy kolonii dla dzieci. \u0141\u0105cznie wzi\u0119\u0142o udzia\u0142 60 dzieci ze Lwowa oraz obwodu lwowskiego. \n                        <\/div>\n\n                    \n                    \n                <\/div>\n\n            \n        \n    <\/article><!-- .hentry -->\n\n<\/div><!-- .lae-posts-carousel-item -->\n<div data-id=\"id-3518\" class=\"lae-posts-carousel-item\">\n\n    <article id=\"post-3518\" class=\"post-3518 post type-post status-publish format-standard has-post-thumbnail hentry category-aktualnosci tag-edukacja-2 tag-jezykpolski tag-odraniemen tag-wspolpraca tag-zadanieedukacyjne\">\n\n        \n            \n            \n            \n                <div class=\"lae-project-image\">\n\n                    \n                    \n                    \n                        <a href=\"https:\/\/odraniemen.org\/polacy-na-swiecie\/2025\/09\/02\/jezyk-polski-jak-najbardziej-2\/\"><img loading=\"lazy\" decoding=\"async\" width=\"760\" height=\"760\"  src=\"https:\/\/odraniemen.org\/polacy-na-swiecie\/wp-content\/uploads\/sites\/10\/elementor\/thumbs\/Jezyk-polski_Jak-najbardziej7-rbax57oybywcdoloxzkcpnd9c28s9bikn3cqgumjsg.jpg\" title=\"\" alt=\"\" class=\"lae-image\" \/><\/a>\n\n                    \n                    \n                        <div class=\"lae-image-info\">\n\n                            <div class=\"lae-entry-info\">\n\n                                \n                                    <h3 class=\"lae-post-title\">\n\n                                        <a href=\"https:\/\/odraniemen.org\/polacy-na-swiecie\/2025\/09\/02\/jezyk-polski-jak-najbardziej-2\/\" title=\"J\u0119zyk polski? Jak najbardziej!\"\n                                           rel=\"bookmark\">J\u0119zyk polski? Jak najbardziej!<\/a>\n\n                                    <\/h3>\n\n                                \n                                \n                            <\/div>\n\n                        <\/div><!-- .lae-image-info -->\n\n                    \n                <\/div>\n\n            \n            \n                <div class=\"lae-entry-text-wrap \">\n\n                    \n                        <h3 class=\"entry-title\">\n\n                            <a href=\"https:\/\/odraniemen.org\/polacy-na-swiecie\/2025\/09\/02\/jezyk-polski-jak-najbardziej-2\/\" title=\"J\u0119zyk polski? Jak najbardziej!\"\n                               rel=\"bookmark\">J\u0119zyk polski? Jak najbardziej!<\/a>\n\n                        <\/h3>\n\n                    \n                    \n                        <div class=\"lae-entry-meta\">\n\n                            <span class=\"published\"><abbr title=\"wtorek, wrzesie\u0144, 2025, 5:06 pm\">2 wrze\u015bnia 2025<\/abbr><\/span>\n                        <\/div>\n\n                    \n                    \n                        <div class=\"entry-summary\">\n\n                            Razem z  Centrum Polskiej Kultury Odra Niemen Dniestr ze Lwowa, realizujemy pierwsz\u0105 cz\u0119\u015b\u0107 du\u017cego projektu edukacyjnego w tym roku. \n                        <\/div>\n\n                    \n                    \n                <\/div>\n\n            \n        \n    <\/article><!-- .hentry -->\n\n<\/div><!-- .lae-posts-carousel-item -->\n<div data-id=\"id-3564\" class=\"lae-posts-carousel-item\">\n\n    <article id=\"post-3564\" class=\"post-3564 post type-post status-publish format-standard has-post-thumbnail hentry category-aktualnosci tag-edukacja-2 tag-odraniemen tag-polacy-na-swiecie tag-polkolonie tag-wspolpraca\">\n\n        \n            \n            \n            \n                <div class=\"lae-project-image\">\n\n                    \n                    \n                    \n                        <a href=\"https:\/\/odraniemen.org\/polacy-na-swiecie\/2025\/09\/01\/kolonie-w-kraju-zamieszkania-dla-polskich-uczniow-zukrainy-i-z-moldawii\/\"><img loading=\"lazy\" decoding=\"async\" width=\"760\" height=\"760\"  src=\"https:\/\/odraniemen.org\/polacy-na-swiecie\/wp-content\/uploads\/sites\/10\/elementor\/thumbs\/Kolonie-dla-polskich-uczniow-z-Moldawii2-rb9livppns3tkirlfyhs596i33yzmfqexxman4hg34.jpg\" title=\"\" alt=\"\" class=\"lae-image\" \/><\/a>\n\n                    \n                    \n                        <div class=\"lae-image-info\">\n\n                            <div class=\"lae-entry-info\">\n\n                                \n                                    <h3 class=\"lae-post-title\">\n\n                                        <a href=\"https:\/\/odraniemen.org\/polacy-na-swiecie\/2025\/09\/01\/kolonie-w-kraju-zamieszkania-dla-polskich-uczniow-zukrainy-i-z-moldawii\/\" title=\"Kolonie w kraju zamieszkania dla polskich uczni\u00f3w z Ukrainy i z Mo\u0142dawii\"\n                                           rel=\"bookmark\">Kolonie w kraju zamieszkania dla polskich uczni\u00f3w z Ukrainy i z Mo\u0142dawii<\/a>\n\n                                    <\/h3>\n\n                                \n                                \n                            <\/div>\n\n                        <\/div><!-- .lae-image-info -->\n\n                    \n                <\/div>\n\n            \n            \n                <div class=\"lae-entry-text-wrap \">\n\n                    \n                        <h3 class=\"entry-title\">\n\n                            <a href=\"https:\/\/odraniemen.org\/polacy-na-swiecie\/2025\/09\/01\/kolonie-w-kraju-zamieszkania-dla-polskich-uczniow-zukrainy-i-z-moldawii\/\" title=\"Kolonie w kraju zamieszkania dla polskich uczni\u00f3w z Ukrainy i z Mo\u0142dawii\"\n                               rel=\"bookmark\">Kolonie w kraju zamieszkania dla polskich uczni\u00f3w z Ukrainy i z Mo\u0142dawii<\/a>\n\n                        <\/h3>\n\n                    \n                    \n                        <div class=\"lae-entry-meta\">\n\n                            <span class=\"published\"><abbr title=\"poniedzia\u0142ek, wrzesie\u0144, 2025, 5:06 pm\">1 wrze\u015bnia 2025<\/abbr><\/span>\n                        <\/div>\n\n                    \n                    \n                        <div class=\"entry-summary\">\n\n                            W ramach dotacji z Instytutu Rozwoju J\u0119zyka Polskiego, zrealizowano dla 90 polskich uczni\u00f3w z Ukrainy i Mo\u0142dawii kolonie w kraju zamieszkania. Osi\u0105gni\u0119to nast\u0119puj\u0105ce rezultaty:\u00a0 1\/ Realizacja 2 turnus\u00f3w, 7-dniowych kolonii, na Ukrainie (14 dni) oraz 1 kolonii w Mo\u0142dawii (10 dni)2\/ Udzia\u0142 Beneficjent\u00f3w w 2 wyprawach krajoznawczych podczas organizowanej kolonii w Mo\u0142dawii (Kiszyni\u00f3w, Dniepr) oraz &hellip;<p class=\"read-more\"> <a class=\"\" href=\"https:\/\/odraniemen.org\/polacy-na-swiecie\/2025\/09\/01\/kolonie-w-kraju-zamieszkania-dla-polskich-uczniow-zukrainy-i-z-moldawii\/\"> <span class=\"screen-reader-text\">Kolonie w kraju zamieszkania dla polskich uczni\u00f3w z Ukrainy i z Mo\u0142dawii<\/span> Read More &raquo;<\/a><\/p>\n                        <\/div>\n\n                    \n                    \n                <\/div>\n\n            \n        \n    <\/article><!-- .hentry -->\n\n<\/div><!-- .lae-posts-carousel-item -->\n<div data-id=\"id-3489\" class=\"lae-posts-carousel-item\">\n\n    <article id=\"post-3489\" class=\"post-3489 post type-post status-publish format-standard has-post-thumbnail hentry category-aktualnosci category-rozwoj-stowarzyszenia-odra-niemen category-wydawnictwa-odry-niemen tag-media tag-mediaodraniemen tag-odraniemen tag-ponadgranicami tag-portalpolonijny tag-portalponadgranicami\">\n\n        \n            \n            \n            \n                <div class=\"lae-project-image\">\n\n                    \n                    \n                    \n                        <a href=\"https:\/\/odraniemen.org\/polacy-na-swiecie\/2025\/09\/01\/projekt-medialny\/\"><img loading=\"lazy\" decoding=\"async\" width=\"760\" height=\"760\"  src=\"https:\/\/odraniemen.org\/polacy-na-swiecie\/wp-content\/uploads\/sites\/10\/elementor\/thumbs\/plakta_projekt-medialny-rb9fiy8fnwiihcf0bmd4cqshek9hdki8l6grssn9gw.jpg\" title=\"\" alt=\"\" class=\"lae-image\" \/><\/a>\n\n                    \n                    \n                        <div class=\"lae-image-info\">\n\n                            <div class=\"lae-entry-info\">\n\n                                \n                                    <h3 class=\"lae-post-title\">\n\n                                        <a href=\"https:\/\/odraniemen.org\/polacy-na-swiecie\/2025\/09\/01\/projekt-medialny\/\" title=\"Projekt Medialny\"\n                                           rel=\"bookmark\">Projekt Medialny<\/a>\n\n                                    <\/h3>\n\n                                \n                                \n                            <\/div>\n\n                        <\/div><!-- .lae-image-info -->\n\n                    \n                <\/div>\n\n            \n            \n                <div class=\"lae-entry-text-wrap \">\n\n                    \n                        <h3 class=\"entry-title\">\n\n                            <a href=\"https:\/\/odraniemen.org\/polacy-na-swiecie\/2025\/09\/01\/projekt-medialny\/\" title=\"Projekt Medialny\"\n                               rel=\"bookmark\">Projekt Medialny<\/a>\n\n                        <\/h3>\n\n                    \n                    \n                        <div class=\"lae-entry-meta\">\n\n                            <span class=\"published\"><abbr title=\"poniedzia\u0142ek, wrzesie\u0144, 2025, 2:34 pm\">1 wrze\u015bnia 2025<\/abbr><\/span>\n                        <\/div>\n\n                    \n                    \n                        <div class=\"entry-summary\">\n\n                            W tym roku ko\u0144czymy 3-letni projekt medialny, kt\u00f3rego celem jest rozw\u00f3j medi\u00f3w polonijnych. Projekt rozwija portale internetowe i kwartalnik. \n                        <\/div>\n\n                    \n                    \n                <\/div>\n\n            \n        \n    <\/article><!-- .hentry -->\n\n<\/div><!-- .lae-posts-carousel-item -->\n<div data-id=\"id-3750\" class=\"lae-posts-carousel-item\">\n\n    <article id=\"post-3750\" class=\"post-3750 post type-post status-publish format-standard has-post-thumbnail hentry category-aktualnosci category-wolontariat category-miejsca-pamieci tag-edukacja-historyczna tag-edukacjahistoryczna tag-pamiec-historyczna tag-rodacybohaterom-2 tag-wolontariat\">\n\n        \n            \n            \n            \n                <div class=\"lae-project-image\">\n\n                    \n                    \n                    \n                        <a href=\"https:\/\/odraniemen.org\/polacy-na-swiecie\/2025\/08\/31\/polkolonie-na-litwie\/\"><img loading=\"lazy\" decoding=\"async\" width=\"760\" height=\"760\"  src=\"https:\/\/odraniemen.org\/polacy-na-swiecie\/wp-content\/uploads\/sites\/10\/elementor\/thumbs\/Podbrzezie-3-rhp50m78lrwjtv4287kmnolzxf0a17jl4trrns8g4w.jpg\" title=\"Podbrzezie 3\" alt=\"Podbrzezie 3\" class=\"lae-image\" \/><\/a>\n\n                    \n                    \n                        <div class=\"lae-image-info\">\n\n                            <div class=\"lae-entry-info\">\n\n                                \n                                    <h3 class=\"lae-post-title\">\n\n                                        <a href=\"https:\/\/odraniemen.org\/polacy-na-swiecie\/2025\/08\/31\/polkolonie-na-litwie\/\" title=\"P\u00f3\u0142kolonie z j\u0119zykiem polskim na Litwie\"\n                                           rel=\"bookmark\">P\u00f3\u0142kolonie z j\u0119zykiem polskim na Litwie<\/a>\n\n                                    <\/h3>\n\n                                \n                                \n                            <\/div>\n\n                        <\/div><!-- .lae-image-info -->\n\n                    \n                <\/div>\n\n            \n            \n                <div class=\"lae-entry-text-wrap \">\n\n                    \n                        <h3 class=\"entry-title\">\n\n                            <a href=\"https:\/\/odraniemen.org\/polacy-na-swiecie\/2025\/08\/31\/polkolonie-na-litwie\/\" title=\"P\u00f3\u0142kolonie z j\u0119zykiem polskim na Litwie\"\n                               rel=\"bookmark\">P\u00f3\u0142kolonie z j\u0119zykiem polskim na Litwie<\/a>\n\n                        <\/h3>\n\n                    \n                    \n                        <div class=\"lae-entry-meta\">\n\n                            <span class=\"published\"><abbr title=\"niedziela, sierpie\u0144, 2025, 12:12 pm\">31 sierpnia 2025<\/abbr><\/span>\n                        <\/div>\n\n                    \n                    \n                        <div class=\"entry-summary\">\n\n                            350 uczni\u00f3w polskich szk\u00f3\u0142 na Litwie bra\u0142o udzia\u0142 w p\u00f3\u0142koloniach, na kt\u00f3rych rozwijali swoje umiej\u0119tno\u015bci j\u0119zykowe, poznawali polsk\u0105 histori\u0119 i kultur\u0119, a tak\u017ce dobrze si\u0119 bawili!\n                        <\/div>\n\n                    \n                    \n                <\/div>\n\n            \n        \n    <\/article><!-- .hentry -->\n\n<\/div><!-- .lae-posts-carousel-item -->\n<div data-id=\"id-3486\" class=\"lae-posts-carousel-item\">\n\n    <article id=\"post-3486\" class=\"post-3486 post type-post status-publish format-standard has-post-thumbnail hentry category-aktualnosci category-wolontariat category-miejsca-pamieci tag-edukacja-historyczna tag-edukacjahistoryczna tag-pamiec-historyczna tag-rodacybohaterom-2 tag-wolontariat\">\n\n        \n            \n            \n            \n                <div class=\"lae-project-image\">\n\n                    \n                    \n                    \n                        <a href=\"https:\/\/odraniemen.org\/polacy-na-swiecie\/2025\/08\/28\/oboz-dla-wolontariuszy-w-trokach\/\"><img loading=\"lazy\" decoding=\"async\" width=\"760\" height=\"760\"  src=\"https:\/\/odraniemen.org\/polacy-na-swiecie\/wp-content\/uploads\/sites\/10\/elementor\/thumbs\/Rodacy-Bohaterom-48-raxitwqa6vud7brrg3qt0pv839rfijef2pqjzddcxc.jpg\" title=\"Rodacy Bohaterom-48\" alt=\"Rodacy Bohaterom-48\" class=\"lae-image\" \/><\/a>\n\n                    \n                    \n                        <div class=\"lae-image-info\">\n\n                            <div class=\"lae-entry-info\">\n\n                                \n                                    <h3 class=\"lae-post-title\">\n\n                                        <a href=\"https:\/\/odraniemen.org\/polacy-na-swiecie\/2025\/08\/28\/oboz-dla-wolontariuszy-w-trokach\/\" title=\"Ob\u00f3z dla wolontariuszy w Trokach\"\n                                           rel=\"bookmark\">Ob\u00f3z dla wolontariuszy w Trokach<\/a>\n\n                                    <\/h3>\n\n                                \n                                \n                            <\/div>\n\n                        <\/div><!-- .lae-image-info -->\n\n                    \n                <\/div>\n\n            \n            \n                <div class=\"lae-entry-text-wrap \">\n\n                    \n                        <h3 class=\"entry-title\">\n\n                            <a href=\"https:\/\/odraniemen.org\/polacy-na-swiecie\/2025\/08\/28\/oboz-dla-wolontariuszy-w-trokach\/\" title=\"Ob\u00f3z dla wolontariuszy w Trokach\"\n                               rel=\"bookmark\">Ob\u00f3z dla wolontariuszy w Trokach<\/a>\n\n                        <\/h3>\n\n                    \n                    \n                        <div class=\"lae-entry-meta\">\n\n                            <span class=\"published\"><abbr title=\"czwartek, sierpie\u0144, 2025, 2:56 pm\">28 sierpnia 2025<\/abbr><\/span>\n                        <\/div>\n\n                    \n                    \n                        <div class=\"entry-summary\">\n\n                            Wolontariusze Stowarzyszenia Odra-Niemen pracowali na polskim cmentarzu w Trokach na Litwie. \n                        <\/div>\n\n                    \n                    \n                <\/div>\n\n            \n        \n    <\/article><!-- .hentry -->\n\n<\/div><!-- .lae-posts-carousel-item -->\n<div data-id=\"id-3496\" class=\"lae-posts-carousel-item\">\n\n    <article id=\"post-3496\" class=\"post-3496 post type-post status-publish format-standard has-post-thumbnail hentry category-aktualnosci\">\n\n        \n            \n            \n            \n                <div class=\"lae-project-image\">\n\n                    \n                    \n                    \n                        <a href=\"https:\/\/odraniemen.org\/polacy-na-swiecie\/2025\/08\/23\/kolonie-dla-polskich-uczniow-z-moldawii\/\"><img loading=\"lazy\" decoding=\"async\" width=\"760\" height=\"760\"  src=\"https:\/\/odraniemen.org\/polacy-na-swiecie\/wp-content\/uploads\/sites\/10\/elementor\/thumbs\/Kolonie-dla-polskich-uczniow-z-Moldawii12-rb9litu1a418xaubqxoj09nkwc8971iy9obbokk8fk.jpg\" title=\"\" alt=\"\" class=\"lae-image\" \/><\/a>\n\n                    \n                    \n                        <div class=\"lae-image-info\">\n\n                            <div class=\"lae-entry-info\">\n\n                                \n                                    <h3 class=\"lae-post-title\">\n\n                                        <a href=\"https:\/\/odraniemen.org\/polacy-na-swiecie\/2025\/08\/23\/kolonie-dla-polskich-uczniow-z-moldawii\/\" title=\"Kolonie dla polskich uczni\u00f3w z Mo\u0142dawii\"\n                                           rel=\"bookmark\">Kolonie dla polskich uczni\u00f3w z Mo\u0142dawii<\/a>\n\n                                    <\/h3>\n\n                                \n                                \n                            <\/div>\n\n                        <\/div><!-- .lae-image-info -->\n\n                    \n                <\/div>\n\n            \n            \n                <div class=\"lae-entry-text-wrap \">\n\n                    \n                        <h3 class=\"entry-title\">\n\n                            <a href=\"https:\/\/odraniemen.org\/polacy-na-swiecie\/2025\/08\/23\/kolonie-dla-polskich-uczniow-z-moldawii\/\" title=\"Kolonie dla polskich uczni\u00f3w z Mo\u0142dawii\"\n                               rel=\"bookmark\">Kolonie dla polskich uczni\u00f3w z Mo\u0142dawii<\/a>\n\n                        <\/h3>\n\n                    \n                    \n                        <div class=\"lae-entry-meta\">\n\n                            <span class=\"published\"><abbr title=\"sobota, sierpie\u0144, 2025, 4:48 pm\">23 sierpnia 2025<\/abbr><\/span>\n                        <\/div>\n\n                    \n                    \n                        <div class=\"entry-summary\">\n\n                            Projekt dotyczy organizacji kolonii dla 30 polskich uczni\u00f3w z Komratu (Mo\u0142dawia). Zaj\u0119cia odbywaj\u0105 si\u0119 w kraju zamieszkania. \n                        <\/div>\n\n                    \n                    \n                <\/div>\n\n            \n        \n    <\/article><!-- .hentry -->\n\n<\/div><!-- .lae-posts-carousel-item -->\n<div data-id=\"id-3471\" class=\"lae-posts-carousel-item\">\n\n    <article id=\"post-3471\" class=\"post-3471 post type-post status-publish format-standard has-post-thumbnail hentry category-aktualnosci category-projekty category-wydawnictwa-odry-niemen tag-kwartalnikson tag-mediapolonijne tag-mediason tag-oddzialyson tag-polacynaswiecie tag-wspolpraca\">\n\n        \n            \n            \n            \n                <div class=\"lae-project-image\">\n\n                    \n                    \n                    \n                        <a href=\"https:\/\/odraniemen.org\/polacy-na-swiecie\/2025\/08\/22\/kwartalnik-odry-niemen-w-2025\/\"><img loading=\"lazy\" decoding=\"async\" width=\"760\" height=\"760\"  src=\"https:\/\/odraniemen.org\/polacy-na-swiecie\/wp-content\/uploads\/sites\/10\/elementor\/thumbs\/Ponad-Granicami-19-internet-01-\u2014-kopia-ran3wtlgrtck4n1jyewe55t87h6p59wf2c45gbmx0w.jpg\" title=\"Ponad-Granicami-19&#8211;internet-01 \u2014 kopia\" alt=\"Ponad-Granicami-19--internet-01 \u2014 kopia\" class=\"lae-image\" \/><\/a>\n\n                    \n                    \n                        <div class=\"lae-image-info\">\n\n                            <div class=\"lae-entry-info\">\n\n                                \n                                    <h3 class=\"lae-post-title\">\n\n                                        <a href=\"https:\/\/odraniemen.org\/polacy-na-swiecie\/2025\/08\/22\/kwartalnik-odry-niemen-w-2025\/\" title=\"Kwartalnik Odry-Niemen w 2025\"\n                                           rel=\"bookmark\">Kwartalnik Odry-Niemen w 2025<\/a>\n\n                                    <\/h3>\n\n                                \n                                \n                            <\/div>\n\n                        <\/div><!-- .lae-image-info -->\n\n                    \n                <\/div>\n\n            \n            \n                <div class=\"lae-entry-text-wrap \">\n\n                    \n                        <h3 class=\"entry-title\">\n\n                            <a href=\"https:\/\/odraniemen.org\/polacy-na-swiecie\/2025\/08\/22\/kwartalnik-odry-niemen-w-2025\/\" title=\"Kwartalnik Odry-Niemen w 2025\"\n                               rel=\"bookmark\">Kwartalnik Odry-Niemen w 2025<\/a>\n\n                        <\/h3>\n\n                    \n                    \n                        <div class=\"lae-entry-meta\">\n\n                            <span class=\"published\"><abbr title=\"pi\u0105tek, sierpie\u0144, 2025, 6:49 pm\">22 sierpnia 2025<\/abbr><\/span>\n                        <\/div>\n\n                    \n                    \n                        <div class=\"entry-summary\">\n\n                            Przedstawiamy kolejne numery kwartalnika \"Odra-Niemen Ponad Granicami\" wydane w I p\u00f3\u0142roczu 2025 roku.\n                        <\/div>\n\n                    \n                    \n                <\/div>\n\n            \n        \n    <\/article><!-- .hentry -->\n\n<\/div><!-- .lae-posts-carousel-item -->\n<div data-id=\"id-3441\" class=\"lae-posts-carousel-item\">\n\n    <article id=\"post-3441\" class=\"post-3441 post type-post status-publish format-standard has-post-thumbnail hentry category-aktualnosci category-rozwoj-stowarzyszenia-odra-niemen tag-budapeszt tag-dary-polacynaukrainie tag-kiszyniow tag-komrat tag-lwow tag-moldawia tag-odraniemen tag-polacywmoldawii tag-polonia tag-polonianawegrzech tag-strzelczyska tag-ukraina tag-wspolpraca\">\n\n        \n            \n            \n            \n                <div class=\"lae-project-image\">\n\n                    \n                    \n                    \n                        <a href=\"https:\/\/odraniemen.org\/polacy-na-swiecie\/2025\/08\/19\/polonijne-spotkania\/\"><img loading=\"lazy\" decoding=\"async\" width=\"760\" height=\"760\"  src=\"https:\/\/odraniemen.org\/polacy-na-swiecie\/wp-content\/uploads\/sites\/10\/elementor\/thumbs\/529379914_1188514656636821_6483078401959347776_n-ra0rxwdkuwo3r094aocgzt23xl625ai4g63ly9lh9s.jpg\" title=\"\" alt=\"\" class=\"lae-image\" \/><\/a>\n\n                    \n                    \n                        <div class=\"lae-image-info\">\n\n                            <div class=\"lae-entry-info\">\n\n                                \n                                    <h3 class=\"lae-post-title\">\n\n                                        <a href=\"https:\/\/odraniemen.org\/polacy-na-swiecie\/2025\/08\/19\/polonijne-spotkania\/\" title=\"Polonijne spotkania\"\n                                           rel=\"bookmark\">Polonijne spotkania<\/a>\n\n                                    <\/h3>\n\n                                \n                                \n                            <\/div>\n\n                        <\/div><!-- .lae-image-info -->\n\n                    \n                <\/div>\n\n            \n            \n                <div class=\"lae-entry-text-wrap \">\n\n                    \n                        <h3 class=\"entry-title\">\n\n                            <a href=\"https:\/\/odraniemen.org\/polacy-na-swiecie\/2025\/08\/19\/polonijne-spotkania\/\" title=\"Polonijne spotkania\"\n                               rel=\"bookmark\">Polonijne spotkania<\/a>\n\n                        <\/h3>\n\n                    \n                    \n                        <div class=\"lae-entry-meta\">\n\n                            <span class=\"published\"><abbr title=\"wtorek, sierpie\u0144, 2025, 10:40 pm\">19 sierpnia 2025<\/abbr><\/span>\n                        <\/div>\n\n                    \n                    \n                        <div class=\"entry-summary\">\n\n                            Delegacja Stowarzyszenia Odra-Niemen przebywa\u0142a w podr\u00f3\u017cy s\u0142u\u017cbowej i spotykamy si\u0119 z Polakami z W\u0119gier, Mo\u0142dawii, Ukrainy\n                        <\/div>\n\n                    \n                    \n                <\/div>\n\n            \n        \n    <\/article><!-- .hentry -->\n\n<\/div><!-- .lae-posts-carousel-item -->\n<div data-id=\"id-3478\" class=\"lae-posts-carousel-item\">\n\n    <article id=\"post-3478\" class=\"post-3478 post type-post status-publish format-standard has-post-thumbnail hentry category-aktualnosci category-wydawnictwa-odry-niemen tag-media tag-mediapolonijne tag-mediason tag-polonijnyportal-2 tag-ponadgranicami tag-portalpolonijny tag-wspolpraca\">\n\n        \n            \n            \n            \n                <div class=\"lae-project-image\">\n\n                    \n                    \n                    \n                        <a href=\"https:\/\/odraniemen.org\/polacy-na-swiecie\/2025\/07\/21\/portal-ponad-granicami-2025\/\"><img loading=\"lazy\" decoding=\"async\" width=\"760\" height=\"760\"  src=\"https:\/\/odraniemen.org\/polacy-na-swiecie\/wp-content\/uploads\/sites\/10\/elementor\/thumbs\/DSC03094-768x576-1-ran6beiaafvdjla2du79tb9q16fu5lmcave8tv9fw0.png\" title=\"\" alt=\"\" class=\"lae-image\" \/><\/a>\n\n                    \n                    \n                        <div class=\"lae-image-info\">\n\n                            <div class=\"lae-entry-info\">\n\n                                \n                                    <h3 class=\"lae-post-title\">\n\n                                        <a href=\"https:\/\/odraniemen.org\/polacy-na-swiecie\/2025\/07\/21\/portal-ponad-granicami-2025\/\" title=\"Portal Ponad Granicami 2025\"\n                                           rel=\"bookmark\">Portal Ponad Granicami 2025<\/a>\n\n                                    <\/h3>\n\n                                \n                                \n                            <\/div>\n\n                        <\/div><!-- .lae-image-info -->\n\n                    \n                <\/div>\n\n            \n            \n                <div class=\"lae-entry-text-wrap \">\n\n                    \n                        <h3 class=\"entry-title\">\n\n                            <a href=\"https:\/\/odraniemen.org\/polacy-na-swiecie\/2025\/07\/21\/portal-ponad-granicami-2025\/\" title=\"Portal Ponad Granicami 2025\"\n                               rel=\"bookmark\">Portal Ponad Granicami 2025<\/a>\n\n                        <\/h3>\n\n                    \n                    \n                        <div class=\"lae-entry-meta\">\n\n                            <span class=\"published\"><abbr title=\"poniedzia\u0142ek, lipiec, 2025, 7:42 pm\">21 lipca 2025<\/abbr><\/span>\n                        <\/div>\n\n                    \n                    \n                        <div class=\"entry-summary\">\n\n                            Portal Ponad Granicami zosta\u0142 stworzony w celu promowania dzia\u0142alno\u015bci Polonii oraz Polak\u00f3w poza granicami Polski.\n                        <\/div>\n\n                    \n                    \n                <\/div>\n\n            \n        \n    <\/article><!-- .hentry -->\n\n<\/div><!-- .lae-posts-carousel-item -->\n<div data-id=\"id-3456\" class=\"lae-posts-carousel-item\">\n\n    <article id=\"post-3456\" class=\"post-3456 post type-post status-publish format-standard has-post-thumbnail hentry category-aktualnosci tag-litwa tag-odraniemen tag-polacynakresach tag-polacynalitwie tag-polskaeduakcja tag-spotaknia tag-wspolpraca\">\n\n        \n            \n            \n            \n                <div class=\"lae-project-image\">\n\n                    \n                    \n                    \n                        <a href=\"https:\/\/odraniemen.org\/polacy-na-swiecie\/2025\/07\/07\/spotkania-w-biurze-odra-niemen\/\"><img loading=\"lazy\" decoding=\"async\" width=\"760\" height=\"760\"  src=\"https:\/\/odraniemen.org\/polacy-na-swiecie\/wp-content\/uploads\/sites\/10\/elementor\/thumbs\/1751895639095-scaled-ra1mp1k0qu9ksa2ccqtxdx8kv273iwsd00tiia0ucw.jpg\" title=\"\" alt=\"\" class=\"lae-image\" \/><\/a>\n\n                    \n                    \n                        <div class=\"lae-image-info\">\n\n                            <div class=\"lae-entry-info\">\n\n                                \n                                    <h3 class=\"lae-post-title\">\n\n                                        <a href=\"https:\/\/odraniemen.org\/polacy-na-swiecie\/2025\/07\/07\/spotkania-w-biurze-odra-niemen\/\" title=\"Spotkania w Biurze Odra-Niemen\"\n                                           rel=\"bookmark\">Spotkania w Biurze Odra-Niemen<\/a>\n\n                                    <\/h3>\n\n                                \n                                \n                            <\/div>\n\n                        <\/div><!-- .lae-image-info -->\n\n                    \n                <\/div>\n\n            \n            \n                <div class=\"lae-entry-text-wrap \">\n\n                    \n                        <h3 class=\"entry-title\">\n\n                            <a href=\"https:\/\/odraniemen.org\/polacy-na-swiecie\/2025\/07\/07\/spotkania-w-biurze-odra-niemen\/\" title=\"Spotkania w Biurze Odra-Niemen\"\n                               rel=\"bookmark\">Spotkania w Biurze Odra-Niemen<\/a>\n\n                        <\/h3>\n\n                    \n                    \n                        <div class=\"lae-entry-meta\">\n\n                            <span class=\"published\"><abbr title=\"poniedzia\u0142ek, lipiec, 2025, 10:44 am\">7 lipca 2025<\/abbr><\/span>\n                        <\/div>\n\n                    \n                    \n                        <div class=\"entry-summary\">\n\n                            W naszym wroc\u0142awskim biurze, odby\u0142o si\u0119 spotkanie z Pani\u0105 Renat\u0105 Cytack\u0105.\n                        <\/div>\n\n                    \n                    \n                <\/div>\n\n            \n        \n    <\/article><!-- .hentry -->\n\n<\/div><!-- .lae-posts-carousel-item -->\n<div data-id=\"id-3460\" class=\"lae-posts-carousel-item\">\n\n    <article id=\"post-3460\" class=\"post-3460 post type-post status-publish format-standard has-post-thumbnail hentry category-aktualnosci category-rozwoj-stowarzyszenia-odra-niemen tag-oddzialyson tag-odraniemen tag-wspolpraca\">\n\n        \n            \n            \n            \n                <div class=\"lae-project-image\">\n\n                    \n                    \n                    \n                        <a href=\"https:\/\/odraniemen.org\/polacy-na-swiecie\/2025\/06\/30\/aktywnosci-oddzialow-son-w-i-polroczu\/\"><img loading=\"lazy\" decoding=\"async\" width=\"760\" height=\"760\"  src=\"https:\/\/odraniemen.org\/polacy-na-swiecie\/wp-content\/uploads\/sites\/10\/elementor\/thumbs\/DJI_0183-scaled-r2krwuvabne8o12cyac0nkx2trt0rfa6t0wc6jtupc.jpg\" title=\"\" alt=\"\" class=\"lae-image\" \/><\/a>\n\n                    \n                    \n                        <div class=\"lae-image-info\">\n\n                            <div class=\"lae-entry-info\">\n\n                                \n                                    <h3 class=\"lae-post-title\">\n\n                                        <a href=\"https:\/\/odraniemen.org\/polacy-na-swiecie\/2025\/06\/30\/aktywnosci-oddzialow-son-w-i-polroczu\/\" title=\"Aktywno\u015bci Oddzia\u0142\u00f3w SON w I p\u00f3\u0142roczu\"\n                                           rel=\"bookmark\">Aktywno\u015bci Oddzia\u0142\u00f3w SON w I p\u00f3\u0142roczu<\/a>\n\n                                    <\/h3>\n\n                                \n                                \n                            <\/div>\n\n                        <\/div><!-- .lae-image-info -->\n\n                    \n                <\/div>\n\n            \n            \n                <div class=\"lae-entry-text-wrap \">\n\n                    \n                        <h3 class=\"entry-title\">\n\n                            <a href=\"https:\/\/odraniemen.org\/polacy-na-swiecie\/2025\/06\/30\/aktywnosci-oddzialow-son-w-i-polroczu\/\" title=\"Aktywno\u015bci Oddzia\u0142\u00f3w SON w I p\u00f3\u0142roczu\"\n                               rel=\"bookmark\">Aktywno\u015bci Oddzia\u0142\u00f3w SON w I p\u00f3\u0142roczu<\/a>\n\n                        <\/h3>\n\n                    \n                    \n                        <div class=\"lae-entry-meta\">\n\n                            <span class=\"published\"><abbr title=\"poniedzia\u0142ek, czerwiec, 2025, 1:14 pm\">30 czerwca 2025<\/abbr><\/span>\n                        <\/div>\n\n                    \n                    \n                        <div class=\"entry-summary\">\n\n                            Zapraszamy do zapoznania si\u0119 w z aktualno\u015bciami oddzia\u0142owymi Stowarzyszenia Odra-Niemen.\n                        <\/div>\n\n                    \n                    \n                <\/div>\n\n            \n        \n    <\/article><!-- .hentry -->\n\n<\/div><!-- .lae-posts-carousel-item -->\n<div data-id=\"id-3336\" class=\"lae-posts-carousel-item\">\n\n    <article id=\"post-3336\" class=\"post-3336 post type-post status-publish format-standard has-post-thumbnail hentry category-aktualnosci tag-brussels tag-polishdayinbrussels tag-polonia-2 tag-belgia-2 tag-brussels-2 tag-odraniemen tag-polishdayinbrussels-2 tag-poloniawbelgii-2 tag-ponadgranicami tag-wspolpraca\">\n\n        \n            \n            \n            \n                <div class=\"lae-project-image\">\n\n                    \n                    \n                    \n                        <a href=\"https:\/\/odraniemen.org\/polacy-na-swiecie\/2025\/06\/25\/polish-day-in-brussels-2025\/\"><img loading=\"lazy\" decoding=\"async\" width=\"760\" height=\"760\"  src=\"https:\/\/odraniemen.org\/polacy-na-swiecie\/wp-content\/uploads\/sites\/10\/elementor\/thumbs\/POLISH-DAY-IN-BRUSSELS-Post-2025EU_wersja_Senat_OdraNiemen_v2-r7u0omhnjhizgnki665by4si7xmpydk3k5y8h2q6y8.png\" title=\"POLISH DAY IN BRUSSELS &#8211; Post &#8211; 2025EU_wersja_Senat_OdraNiemen_v2\" alt=\"POLISH DAY IN BRUSSELS - Post - 2025EU_wersja_Senat_OdraNiemen_v2\" class=\"lae-image\" \/><\/a>\n\n                    \n                    \n                        <div class=\"lae-image-info\">\n\n                            <div class=\"lae-entry-info\">\n\n                                \n                                    <h3 class=\"lae-post-title\">\n\n                                        <a href=\"https:\/\/odraniemen.org\/polacy-na-swiecie\/2025\/06\/25\/polish-day-in-brussels-2025\/\" title=\"Polish Day in Brussels 2025\"\n                                           rel=\"bookmark\">Polish Day in Brussels 2025<\/a>\n\n                                    <\/h3>\n\n                                \n                                \n                            <\/div>\n\n                        <\/div><!-- .lae-image-info -->\n\n                    \n                <\/div>\n\n            \n            \n                <div class=\"lae-entry-text-wrap \">\n\n                    \n                        <h3 class=\"entry-title\">\n\n                            <a href=\"https:\/\/odraniemen.org\/polacy-na-swiecie\/2025\/06\/25\/polish-day-in-brussels-2025\/\" title=\"Polish Day in Brussels 2025\"\n                               rel=\"bookmark\">Polish Day in Brussels 2025<\/a>\n\n                        <\/h3>\n\n                    \n                    \n                        <div class=\"lae-entry-meta\">\n\n                            <span class=\"published\"><abbr title=\"\u015broda, czerwiec, 2025, 3:56 pm\">25 czerwca 2025<\/abbr><\/span>\n                        <\/div>\n\n                    \n                    \n                        <div class=\"entry-summary\">\n\n                            Plenerowe \u015bwi\u0119to jest okazj\u0105 do promocji Polski, j\u0119zyka i kultury, a tak\u017ce do pokazania obecno\u015bci i r\u00f3\u017cnorodno\u015bci Polonii w Belgii.\n                        <\/div>\n\n                    \n                    \n                <\/div>\n\n            \n        \n    <\/article><!-- .hentry -->\n\n<\/div><!-- .lae-posts-carousel-item -->\n<div data-id=\"id-3777\" class=\"lae-posts-carousel-item\">\n\n    <article id=\"post-3777\" class=\"post-3777 post type-post status-publish format-standard has-post-thumbnail hentry category-aktualnosci category-projekty tag-wspolpraca\">\n\n        \n            \n            \n            \n                <div class=\"lae-project-image\">\n\n                    \n                    \n                    \n                        <a href=\"https:\/\/odraniemen.org\/polacy-na-swiecie\/2025\/06\/09\/festiwal-polska-wiosna-w-moldawii\/\"><img loading=\"lazy\" decoding=\"async\" width=\"760\" height=\"760\"  src=\"https:\/\/odraniemen.org\/polacy-na-swiecie\/wp-content\/uploads\/sites\/10\/elementor\/thumbs\/Polska-Wiosna-6-rhniy5512a7b27n54lalb7guzmor6oi9pxwg9vsucw.jpg\" title=\"Polska Wiosna-6\" alt=\"Polska Wiosna-6\" class=\"lae-image\" \/><\/a>\n\n                    \n                    \n                        <div class=\"lae-image-info\">\n\n                            <div class=\"lae-entry-info\">\n\n                                \n                                    <h3 class=\"lae-post-title\">\n\n                                        <a href=\"https:\/\/odraniemen.org\/polacy-na-swiecie\/2025\/06\/09\/festiwal-polska-wiosna-w-moldawii\/\" title=\"Festiwal Polska Wiosna w Mo\u0142dawii\"\n                                           rel=\"bookmark\">Festiwal Polska Wiosna w Mo\u0142dawii<\/a>\n\n                                    <\/h3>\n\n                                \n                                \n                            <\/div>\n\n                        <\/div><!-- .lae-image-info -->\n\n                    \n                <\/div>\n\n            \n            \n                <div class=\"lae-entry-text-wrap \">\n\n                    \n                        <h3 class=\"entry-title\">\n\n                            <a href=\"https:\/\/odraniemen.org\/polacy-na-swiecie\/2025\/06\/09\/festiwal-polska-wiosna-w-moldawii\/\" title=\"Festiwal Polska Wiosna w Mo\u0142dawii\"\n                               rel=\"bookmark\">Festiwal Polska Wiosna w Mo\u0142dawii<\/a>\n\n                        <\/h3>\n\n                    \n                    \n                        <div class=\"lae-entry-meta\">\n\n                            <span class=\"published\"><abbr title=\"poniedzia\u0142ek, czerwiec, 2025, 10:49 am\">9 czerwca 2025<\/abbr><\/span>\n                        <\/div>\n\n                    \n                    \n                        <div class=\"entry-summary\">\n\n                            24 maja w Kiszyniowie odby\u0142 si\u0119 wyj\u0105tkowy festiwal Polska Wiosna, kt\u00f3ry zgromadzi\u0142 Polskie Organizacje z ca\u0142ej Mo\u0142dawii. Widzowie mogli podziwia\u0107 folklorowe zespo\u0142y taneczne, solist\u00f3w wykonuj\u0105cych polskie piosenki, a tak\u017ce poruszaj\u0105ce przedstawienie o polskiej historii.\u00a0Na scenie zachwyca\u0142y kolorowe stroje, tradycyjne ta\u0144ce i pie\u015bni, a nad ca\u0142o\u015bci\u0105 unosi\u0142a si\u0119 atmosfera autentycznej rado\u015bci, wsp\u00f3lnoty i patriotyzmu. To by\u0142o &hellip;<p class=\"read-more\"> <a class=\"\" href=\"https:\/\/odraniemen.org\/polacy-na-swiecie\/2025\/06\/09\/festiwal-polska-wiosna-w-moldawii\/\"> <span class=\"screen-reader-text\">Festiwal Polska Wiosna w Mo\u0142dawii<\/span> Read More &raquo;<\/a><\/p>\n                        <\/div>\n\n                    \n                    \n                <\/div>\n\n            \n        \n    <\/article><!-- .hentry -->\n\n<\/div><!-- .lae-posts-carousel-item -->\n<div data-id=\"id-3781\" class=\"lae-posts-carousel-item\">\n\n    <article id=\"post-3781\" class=\"post-3781 post type-post status-publish format-standard has-post-thumbnail hentry category-aktualnosci tag-chelm tag-odraniemen tag-polskiemiejscapamieci tag-wolontariat tag-wolyn\">\n\n        \n            \n            \n            \n                <div class=\"lae-project-image\">\n\n                    \n                    \n                    \n                        <a href=\"https:\/\/odraniemen.org\/polacy-na-swiecie\/2025\/05\/28\/wyprawy-na-wolyn\/\"><img loading=\"lazy\" decoding=\"async\" width=\"760\" height=\"760\"  src=\"https:\/\/odraniemen.org\/polacy-na-swiecie\/wp-content\/uploads\/sites\/10\/elementor\/thumbs\/293103870_411656487655979_4946203373295526676_n-2-rhp549sn6kwoz9swvsgecrej3cznyu20ax3quitbxs.jpg\" title=\"Pomnik w Ostr\u00f3wkach\" alt=\"Pomnik w Ostr\u00f3wkach\" class=\"lae-image\" \/><\/a>\n\n                    \n                    \n                        <div class=\"lae-image-info\">\n\n                            <div class=\"lae-entry-info\">\n\n                                \n                                    <h3 class=\"lae-post-title\">\n\n                                        <a href=\"https:\/\/odraniemen.org\/polacy-na-swiecie\/2025\/05\/28\/wyprawy-na-wolyn\/\" title=\"Wyprawy na Wo\u0142y\u0144\"\n                                           rel=\"bookmark\">Wyprawy na Wo\u0142y\u0144<\/a>\n\n                                    <\/h3>\n\n                                \n                                \n                            <\/div>\n\n                        <\/div><!-- .lae-image-info -->\n\n                    \n                <\/div>\n\n            \n            \n                <div class=\"lae-entry-text-wrap \">\n\n                    \n                        <h3 class=\"entry-title\">\n\n                            <a href=\"https:\/\/odraniemen.org\/polacy-na-swiecie\/2025\/05\/28\/wyprawy-na-wolyn\/\" title=\"Wyprawy na Wo\u0142y\u0144\"\n                               rel=\"bookmark\">Wyprawy na Wo\u0142y\u0144<\/a>\n\n                        <\/h3>\n\n                    \n                    \n                        <div class=\"lae-entry-meta\">\n\n                            <span class=\"published\"><abbr title=\"\u015broda, maj, 2025, 8:29 pm\">28 maja 2025<\/abbr><\/span>\n                        <\/div>\n\n                    \n                    \n                        <div class=\"entry-summary\">\n\n                            Cz\u0142onkowie oraz wolontariusze Stowarzyszenia Odra-Niemen z Che\u0142ma zorganizowali w maju dwa wyj\u0105tkowe wyjazdy na Wo\u0142y\u0144\n                        <\/div>\n\n                    \n                    \n                <\/div>\n\n            \n        \n    <\/article><!-- .hentry -->\n\n<\/div><!-- .lae-posts-carousel-item -->\n<div data-id=\"id-3783\" class=\"lae-posts-carousel-item\">\n\n    <article id=\"post-3783\" class=\"post-3783 post type-post status-publish format-standard has-post-thumbnail hentry category-aktualnosci category-wolontariat tag-paczkipamieci-2 tag-polacynalitwie tag-rodacybohaterom-2 tag-wilno-2 tag-wolontariat\">\n\n        \n            \n            \n            \n                <div class=\"lae-project-image\">\n\n                    \n                    \n                    \n                        <a href=\"https:\/\/odraniemen.org\/polacy-na-swiecie\/2025\/05\/27\/spotkania-z-polakami-w-wilnie\/\"><img loading=\"lazy\" decoding=\"async\" width=\"760\" height=\"760\"  src=\"https:\/\/odraniemen.org\/polacy-na-swiecie\/wp-content\/uploads\/sites\/10\/elementor\/thumbs\/31-scaled-rhp55mo91yrlqztwydkzyf2hzear33g1tn0zswsuy8.jpg\" title=\"\" alt=\"\" class=\"lae-image\" \/><\/a>\n\n                    \n                    \n                        <div class=\"lae-image-info\">\n\n                            <div class=\"lae-entry-info\">\n\n                                \n                                    <h3 class=\"lae-post-title\">\n\n                                        <a href=\"https:\/\/odraniemen.org\/polacy-na-swiecie\/2025\/05\/27\/spotkania-z-polakami-w-wilnie\/\" title=\"Spotkania z Polakami w Wilnie\"\n                                           rel=\"bookmark\">Spotkania z Polakami w Wilnie<\/a>\n\n                                    <\/h3>\n\n                                \n                                \n                            <\/div>\n\n                        <\/div><!-- .lae-image-info -->\n\n                    \n                <\/div>\n\n            \n            \n                <div class=\"lae-entry-text-wrap \">\n\n                    \n                        <h3 class=\"entry-title\">\n\n                            <a href=\"https:\/\/odraniemen.org\/polacy-na-swiecie\/2025\/05\/27\/spotkania-z-polakami-w-wilnie\/\" title=\"Spotkania z Polakami w Wilnie\"\n                               rel=\"bookmark\">Spotkania z Polakami w Wilnie<\/a>\n\n                        <\/h3>\n\n                    \n                    \n                        <div class=\"lae-entry-meta\">\n\n                            <span class=\"published\"><abbr title=\"wtorek, maj, 2025, 10:36 pm\">27 maja 2025<\/abbr><\/span>\n                        <\/div>\n\n                    \n                    \n                        <div class=\"entry-summary\">\n\n                            W ramach akcji Rodacy-Bohaterom delegacja Stowarzyszenia Odra-Niemen spotka\u0142a si\u0119 z Polakami w Wilnie i przekaza\u0142a paczki pami\u0119ci. \n                        <\/div>\n\n                    \n                    \n                <\/div>\n\n            \n        \n    <\/article><!-- .hentry -->\n\n<\/div><!-- .lae-posts-carousel-item -->\n<div data-id=\"id-3322\" class=\"lae-posts-carousel-item\">\n\n    <article id=\"post-3322\" class=\"post-3322 post type-post status-publish format-standard has-post-thumbnail hentry category-aktualnosci tag-paczkipamieci-2 tag-polacynalitwie tag-spotkania tag-wolontariat\">\n\n        \n            \n            \n            \n                <div class=\"lae-project-image\">\n\n                    \n                    \n                    \n                        <a href=\"https:\/\/odraniemen.org\/polacy-na-swiecie\/2025\/05\/26\/uroczystosc-w-gimnazjum-im-elizy-orzeszkowej-w-bialej-wace\/\"><img loading=\"lazy\" decoding=\"async\" width=\"760\" height=\"760\"  src=\"https:\/\/odraniemen.org\/polacy-na-swiecie\/wp-content\/uploads\/sites\/10\/elementor\/thumbs\/2-scaled-r6l53bgkvj30ba41cmjfxxpal3b27n7bsfckfr2qwg.jpg\" title=\"\" alt=\"\" class=\"lae-image\" \/><\/a>\n\n                    \n                    \n                        <div class=\"lae-image-info\">\n\n                            <div class=\"lae-entry-info\">\n\n                                \n                                    <h3 class=\"lae-post-title\">\n\n                                        <a href=\"https:\/\/odraniemen.org\/polacy-na-swiecie\/2025\/05\/26\/uroczystosc-w-gimnazjum-im-elizy-orzeszkowej-w-bialej-wace\/\" title=\"Jubileusz Gimnazjum im. Elizy Orzeszkowej w Bia\u0142ej Wace\"\n                                           rel=\"bookmark\">Jubileusz Gimnazjum im. Elizy Orzeszkowej w Bia\u0142ej Wace<\/a>\n\n                                    <\/h3>\n\n                                \n                                \n                            <\/div>\n\n                        <\/div><!-- .lae-image-info -->\n\n                    \n                <\/div>\n\n            \n            \n                <div class=\"lae-entry-text-wrap \">\n\n                    \n                        <h3 class=\"entry-title\">\n\n                            <a href=\"https:\/\/odraniemen.org\/polacy-na-swiecie\/2025\/05\/26\/uroczystosc-w-gimnazjum-im-elizy-orzeszkowej-w-bialej-wace\/\" title=\"Jubileusz Gimnazjum im. Elizy Orzeszkowej w Bia\u0142ej Wace\"\n                               rel=\"bookmark\">Jubileusz Gimnazjum im. Elizy Orzeszkowej w Bia\u0142ej Wace<\/a>\n\n                        <\/h3>\n\n                    \n                    \n                        <div class=\"lae-entry-meta\">\n\n                            <span class=\"published\"><abbr title=\"poniedzia\u0142ek, maj, 2025, 9:43 pm\">26 maja 2025<\/abbr><\/span>\n                        <\/div>\n\n                    \n                    \n                        <div class=\"entry-summary\">\n\n                            Delegacja Stowarzyszenia Odra-Niemen bra\u0142a udzia\u0142  w uroczysto\u015bci 70-lecia Gimnazjum im. E.Orzeszkowej w Bia\u0142ej Wace na Litwie.\n                        <\/div>\n\n                    \n                    \n                <\/div>\n\n            \n        \n    <\/article><!-- .hentry -->\n\n<\/div><!-- .lae-posts-carousel-item -->\n<div data-id=\"id-3315\" class=\"lae-posts-carousel-item\">\n\n    <article id=\"post-3315\" class=\"post-3315 post type-post status-publish format-standard has-post-thumbnail hentry category-aktualnosci tag-jedennarodponadgranicami-2 tag-konkurspolonijny tag-polacyzagranica tag-polonia tag-senat\">\n\n        \n            \n            \n            \n                <div class=\"lae-project-image\">\n\n                    \n                    \n                    \n                        <a href=\"https:\/\/odraniemen.org\/polacy-na-swiecie\/2025\/05\/06\/wyniki-konkursu-polonijnego\/\"><img loading=\"lazy\" decoding=\"async\" width=\"760\" height=\"760\"  src=\"https:\/\/odraniemen.org\/polacy-na-swiecie\/wp-content\/uploads\/sites\/10\/elementor\/thumbs\/Ilona-Gosiewska-scaled-r5ekh1vsk5o7zpt8b8uwkyx5wy8pa56wp5x4vqido0.jpg\" title=\"Ilona Gosiewska\" alt=\"Ilona Gosiewska\" class=\"lae-image\" \/><\/a>\n\n                    \n                    \n                        <div class=\"lae-image-info\">\n\n                            <div class=\"lae-entry-info\">\n\n                                \n                                    <h3 class=\"lae-post-title\">\n\n                                        <a href=\"https:\/\/odraniemen.org\/polacy-na-swiecie\/2025\/05\/06\/wyniki-konkursu-polonijnego\/\" title=\"Wyniki konkursu polonijnego\"\n                                           rel=\"bookmark\">Wyniki konkursu polonijnego<\/a>\n\n                                    <\/h3>\n\n                                \n                                \n                            <\/div>\n\n                        <\/div><!-- .lae-image-info -->\n\n                    \n                <\/div>\n\n            \n            \n                <div class=\"lae-entry-text-wrap \">\n\n                    \n                        <h3 class=\"entry-title\">\n\n                            <a href=\"https:\/\/odraniemen.org\/polacy-na-swiecie\/2025\/05\/06\/wyniki-konkursu-polonijnego\/\" title=\"Wyniki konkursu polonijnego\"\n                               rel=\"bookmark\">Wyniki konkursu polonijnego<\/a>\n\n                        <\/h3>\n\n                    \n                    \n                        <div class=\"lae-entry-meta\">\n\n                            <span class=\"published\"><abbr title=\"wtorek, maj, 2025, 11:25 am\">6 maja 2025<\/abbr><\/span>\n                        <\/div>\n\n                    \n                    \n                        <div class=\"entry-summary\">\n\n                            Z rado\u015bci\u0105 informujemy, \u017ce w wyniku tego konkursu na rok 2025 otrzymali\u015bmy dotacje na realizacj\u0119 6 projekt\u00f3w o \u0142\u0105cznej warto\u015bci 1 148 235 z\u0142. To dla nas du\u017ce wyr\u00f3\u017cnienie i potwierdzenie, \u017ce nasza praca ma znaczenie.  \n                        <\/div>\n\n                    \n                    \n                <\/div>\n\n            \n        \n    <\/article><!-- .hentry -->\n\n<\/div><!-- .lae-posts-carousel-item -->\n<div data-id=\"id-3320\" class=\"lae-posts-carousel-item\">\n\n    <article id=\"post-3320\" class=\"post-3320 post type-post status-publish format-standard has-post-thumbnail hentry category-aktualnosci tag-dzienpoloniiipolakowzagranica tag-polacynaswiecie tag-polonia\">\n\n        \n            \n            \n            \n                <div class=\"lae-project-image\">\n\n                    \n                    \n                    \n                        <a href=\"https:\/\/odraniemen.org\/polacy-na-swiecie\/2025\/05\/02\/dzien-polonii-i-polakow-za-granica-4\/\"><img loading=\"lazy\" decoding=\"async\" width=\"760\" height=\"760\"  src=\"https:\/\/odraniemen.org\/polacy-na-swiecie\/wp-content\/uploads\/sites\/10\/elementor\/thumbs\/Aktualnosci13-r6jkyap2bcghedrap110txm9s8nw3zw0lastlvnxdc.jpg\" title=\"\" alt=\"\" class=\"lae-image\" \/><\/a>\n\n                    \n                    \n                        <div class=\"lae-image-info\">\n\n                            <div class=\"lae-entry-info\">\n\n                                \n                                    <h3 class=\"lae-post-title\">\n\n                                        <a href=\"https:\/\/odraniemen.org\/polacy-na-swiecie\/2025\/05\/02\/dzien-polonii-i-polakow-za-granica-4\/\" title=\"Dzie\u0144 Polonii i Polak\u00f3w za Granic\u0105\"\n                                           rel=\"bookmark\">Dzie\u0144 Polonii i Polak\u00f3w za Granic\u0105<\/a>\n\n                                    <\/h3>\n\n                                \n                                \n                            <\/div>\n\n                        <\/div><!-- .lae-image-info -->\n\n                    \n                <\/div>\n\n            \n            \n                <div class=\"lae-entry-text-wrap \">\n\n                    \n                        <h3 class=\"entry-title\">\n\n                            <a href=\"https:\/\/odraniemen.org\/polacy-na-swiecie\/2025\/05\/02\/dzien-polonii-i-polakow-za-granica-4\/\" title=\"Dzie\u0144 Polonii i Polak\u00f3w za Granic\u0105\"\n                               rel=\"bookmark\">Dzie\u0144 Polonii i Polak\u00f3w za Granic\u0105<\/a>\n\n                        <\/h3>\n\n                    \n                    \n                        <div class=\"lae-entry-meta\">\n\n                            <span class=\"published\"><abbr title=\"pi\u0105tek, maj, 2025, 12:49 am\">2 maja 2025<\/abbr><\/span>\n                        <\/div>\n\n                    \n                    \n                        <div class=\"entry-summary\">\n\n                            Dzi\u0119kujemy za to co robi\u0105 nasi Rodacy za granic\u0105 i \u017ce  mo\u017cemy towarzyszy\u0107 w wielu polskich zadaniach realizowanych za granic\u0105.\n                        <\/div>\n\n                    \n                    \n                <\/div>\n\n            \n        \n    <\/article><!-- .hentry -->\n\n<\/div><!-- .lae-posts-carousel-item -->\n<div data-id=\"id-3462\" class=\"lae-posts-carousel-item\">\n\n    <article id=\"post-3462\" class=\"post-3462 post type-post status-publish format-standard has-post-thumbnail hentry category-aktualnosci tag-odraniemenlublin tag-swietawielkanocne tag-zyczenia\">\n\n        \n            \n            \n            \n                <div class=\"lae-project-image\">\n\n                    \n                    \n                    \n                        <a href=\"https:\/\/odraniemen.org\/polacy-na-swiecie\/2025\/04\/18\/zyczenia-wielkanocne-3\/\"><img loading=\"lazy\" decoding=\"async\" width=\"760\" height=\"760\"  src=\"https:\/\/odraniemen.org\/polacy-na-swiecie\/wp-content\/uploads\/sites\/10\/elementor\/thumbs\/Plakat-Wielkanoc-ra1zbq1insosttm7ca76i6phex4ww3u46haxmrv4j4.jpg\" title=\"Plakat Wielkanoc\" alt=\"Plakat Wielkanoc\" class=\"lae-image\" \/><\/a>\n\n                    \n                    \n                        <div class=\"lae-image-info\">\n\n                            <div class=\"lae-entry-info\">\n\n                                \n                                    <h3 class=\"lae-post-title\">\n\n                                        <a href=\"https:\/\/odraniemen.org\/polacy-na-swiecie\/2025\/04\/18\/zyczenia-wielkanocne-3\/\" title=\"\u017byczenia Wielkanocne\"\n                                           rel=\"bookmark\">\u017byczenia Wielkanocne<\/a>\n\n                                    <\/h3>\n\n                                \n                                \n                            <\/div>\n\n                        <\/div><!-- .lae-image-info -->\n\n                    \n                <\/div>\n\n            \n            \n                <div class=\"lae-entry-text-wrap \">\n\n                    \n                        <h3 class=\"entry-title\">\n\n                            <a href=\"https:\/\/odraniemen.org\/polacy-na-swiecie\/2025\/04\/18\/zyczenia-wielkanocne-3\/\" title=\"\u017byczenia Wielkanocne\"\n                               rel=\"bookmark\">\u017byczenia Wielkanocne<\/a>\n\n                        <\/h3>\n\n                    \n                    \n                        <div class=\"lae-entry-meta\">\n\n                            <span class=\"published\"><abbr title=\"pi\u0105tek, kwiecie\u0144, 2025, 3:37 pm\">18 kwietnia 2025<\/abbr><\/span>\n                        <\/div>\n\n                    \n                    \n                        <div class=\"entry-summary\">\n\n                            Przesy\u0142amy najlepsze \u017cyczenia \u015bwi\u0105teczne od ca\u0142ej ekipy Odra-Niemen. B\u0142ogos\u0142awionych \u015awi\u0105t Wielkanocnych. \n                        <\/div>\n\n                    \n                    \n                <\/div>\n\n            \n        \n    <\/article><!-- .hentry -->\n\n<\/div><!-- .lae-posts-carousel-item -->\n<div data-id=\"id-3464\" class=\"lae-posts-carousel-item\">\n\n    <article id=\"post-3464\" class=\"post-3464 post type-post status-publish format-standard has-post-thumbnail hentry category-akcje-pomocowe category-aktualnosci tag-odraniemen tag-polskiehospicjumwwilnie tag-wolontariat tag-wspolpraca\">\n\n        \n            \n            \n            \n                <div class=\"lae-project-image\">\n\n                    \n                    \n                    \n                        <a href=\"https:\/\/odraniemen.org\/polacy-na-swiecie\/2025\/04\/06\/spotkanie-z-siostra-rak\/\"><img loading=\"lazy\" decoding=\"async\" width=\"760\" height=\"760\"  src=\"https:\/\/odraniemen.org\/polacy-na-swiecie\/wp-content\/uploads\/sites\/10\/elementor\/thumbs\/Siostra-Rak2-ra2023eiegsejzb7cokdgj51e35muej0h07cc8rhyo.jpg\" title=\"Siostra Rak2\" alt=\"Siostra Rak2\" class=\"lae-image\" \/><\/a>\n\n                    \n                    \n                        <div class=\"lae-image-info\">\n\n                            <div class=\"lae-entry-info\">\n\n                                \n                                    <h3 class=\"lae-post-title\">\n\n                                        <a href=\"https:\/\/odraniemen.org\/polacy-na-swiecie\/2025\/04\/06\/spotkanie-z-siostra-rak\/\" title=\"Spotkanie z Siostr\u0105 Rak\"\n                                           rel=\"bookmark\">Spotkanie z Siostr\u0105 Rak<\/a>\n\n                                    <\/h3>\n\n                                \n                                \n                            <\/div>\n\n                        <\/div><!-- .lae-image-info -->\n\n                    \n                <\/div>\n\n            \n            \n                <div class=\"lae-entry-text-wrap \">\n\n                    \n                        <h3 class=\"entry-title\">\n\n                            <a href=\"https:\/\/odraniemen.org\/polacy-na-swiecie\/2025\/04\/06\/spotkanie-z-siostra-rak\/\" title=\"Spotkanie z Siostr\u0105 Rak\"\n                               rel=\"bookmark\">Spotkanie z Siostr\u0105 Rak<\/a>\n\n                        <\/h3>\n\n                    \n                    \n                        <div class=\"lae-entry-meta\">\n\n                            <span class=\"published\"><abbr title=\"niedziela, kwiecie\u0144, 2025, 3:44 pm\">6 kwietnia 2025<\/abbr><\/span>\n                        <\/div>\n\n                    \n                    \n                        <div class=\"entry-summary\">\n\n                            Polecamy relacj\u0119 ze spotkania z siostr\u0105 Michael\u0105 Rak, z Wilna\n                        <\/div>\n\n                    \n                    \n                <\/div>\n\n            \n        \n    <\/article><!-- .hentry -->\n\n<\/div><!-- .lae-posts-carousel-item -->\n<div data-id=\"id-3264\" class=\"lae-posts-carousel-item\">\n\n    <article id=\"post-3264\" class=\"post-3264 post type-post status-publish format-standard has-post-thumbnail hentry category-aktualnosci category-wolontariat\">\n\n        \n            \n            \n            \n                <div class=\"lae-project-image\">\n\n                    \n                    \n                    \n                        <a href=\"https:\/\/odraniemen.org\/polacy-na-swiecie\/2025\/03\/01\/rodacy-bohaterom-5\/\"><img loading=\"lazy\" decoding=\"async\" width=\"760\" height=\"760\"  src=\"https:\/\/odraniemen.org\/polacy-na-swiecie\/wp-content\/uploads\/sites\/10\/elementor\/thumbs\/Aktualnosci1-r2koxliag8kbtwv79x8m4nbiiwh6etguq4xopuv4q8.jpg\" title=\"\" alt=\"\" class=\"lae-image\" \/><\/a>\n\n                    \n                    \n                        <div class=\"lae-image-info\">\n\n                            <div class=\"lae-entry-info\">\n\n                                \n                                    <h3 class=\"lae-post-title\">\n\n                                        <a href=\"https:\/\/odraniemen.org\/polacy-na-swiecie\/2025\/03\/01\/rodacy-bohaterom-5\/\" title=\"Rodacy-Bohaterom\"\n                                           rel=\"bookmark\">Rodacy-Bohaterom<\/a>\n\n                                    <\/h3>\n\n                                \n                                \n                            <\/div>\n\n                        <\/div><!-- .lae-image-info -->\n\n                    \n                <\/div>\n\n            \n            \n                <div class=\"lae-entry-text-wrap \">\n\n                    \n                        <h3 class=\"entry-title\">\n\n                            <a href=\"https:\/\/odraniemen.org\/polacy-na-swiecie\/2025\/03\/01\/rodacy-bohaterom-5\/\" title=\"Rodacy-Bohaterom\"\n                               rel=\"bookmark\">Rodacy-Bohaterom<\/a>\n\n                        <\/h3>\n\n                    \n                    \n                        <div class=\"lae-entry-meta\">\n\n                            <span class=\"published\"><abbr title=\"sobota, marzec, 2025, 8:29 pm\">1 marca 2025<\/abbr><\/span>\n                        <\/div>\n\n                    \n                    \n                        <div class=\"entry-summary\">\n\n                            Rodacy-Bohaterom - podsumowanie dzia\u0142a\u0144 i wypraw z paczkami pami\u0119ci do Rodak\u00f3w na Kresach, kt\u00f3re mia\u0142y miejsce w I kwartale 2025 roku.\n                        <\/div>\n\n                    \n                    \n                <\/div>\n\n            \n        \n    <\/article><!-- .hentry -->\n\n<\/div><!-- .lae-posts-carousel-item -->\n<div data-id=\"id-3468\" class=\"lae-posts-carousel-item\">\n\n    <article id=\"post-3468\" class=\"post-3468 post type-post status-publish format-standard has-post-thumbnail hentry category-aktualnosci category-edukacja-historyczna tag-edukacjahistoryczna tag-kresy tag-odraniemen tag-polskaedukacja tag-rodacybohaterom-2 tag-wolontariat tag-wspolpraca\">\n\n        \n            \n            \n            \n                <div class=\"lae-project-image\">\n\n                    \n                    \n                    \n                        <a href=\"https:\/\/odraniemen.org\/polacy-na-swiecie\/2025\/02\/20\/lekcje-historii-w-polskich-szkolach-na-kresach\/\"><img loading=\"lazy\" decoding=\"async\" width=\"760\" height=\"760\"  src=\"https:\/\/odraniemen.org\/polacy-na-swiecie\/wp-content\/uploads\/sites\/10\/elementor\/thumbs\/485862649_662475646324449_8223788768967253722_n-ra3krfggnr80di5pe26jgeoocpodakhhsoauje210w.jpg\" title=\"\" alt=\"\" class=\"lae-image\" \/><\/a>\n\n                    \n                    \n                        <div class=\"lae-image-info\">\n\n                            <div class=\"lae-entry-info\">\n\n                                \n                                    <h3 class=\"lae-post-title\">\n\n                                        <a href=\"https:\/\/odraniemen.org\/polacy-na-swiecie\/2025\/02\/20\/lekcje-historii-w-polskich-szkolach-na-kresach\/\" title=\"Lekcje historii w polskich szko\u0142ach na Kresach\"\n                                           rel=\"bookmark\">Lekcje historii w polskich szko\u0142ach na Kresach<\/a>\n\n                                    <\/h3>\n\n                                \n                                \n                            <\/div>\n\n                        <\/div><!-- .lae-image-info -->\n\n                    \n                <\/div>\n\n            \n            \n                <div class=\"lae-entry-text-wrap \">\n\n                    \n                        <h3 class=\"entry-title\">\n\n                            <a href=\"https:\/\/odraniemen.org\/polacy-na-swiecie\/2025\/02\/20\/lekcje-historii-w-polskich-szkolach-na-kresach\/\" title=\"Lekcje historii w polskich szko\u0142ach na Kresach\"\n                               rel=\"bookmark\">Lekcje historii w polskich szko\u0142ach na Kresach<\/a>\n\n                        <\/h3>\n\n                    \n                    \n                        <div class=\"lae-entry-meta\">\n\n                            <span class=\"published\"><abbr title=\"czwartek, luty, 2025, 2:27 pm\">20 lutego 2025<\/abbr><\/span>\n                        <\/div>\n\n                    \n                    \n                        <div class=\"entry-summary\">\n\n                            Podkarpacki Oddzia\u0142 SON rozpocz\u0105\u0142 projekt, - \u017cywe lekcje historii w polskich szko\u0142ach na Kresach.\n                        <\/div>\n\n                    \n                    \n                <\/div>\n\n            \n        \n    <\/article><!-- .hentry -->\n\n<\/div><!-- .lae-posts-carousel-item -->\n<div data-id=\"id-3273\" class=\"lae-posts-carousel-item\">\n\n    <article id=\"post-3273\" class=\"post-3273 post type-post status-publish format-standard has-post-thumbnail hentry category-aktualnosci category-rozwoj-stowarzyszenia-odra-niemen tag-konkurs tag-polacynaswiecie-2 tag-polonia tag-poloniaipolacyzagranica tag-senatrp\">\n\n        \n            \n            \n            \n                <div class=\"lae-project-image\">\n\n                    \n                    \n                    \n                        <a href=\"https:\/\/odraniemen.org\/polacy-na-swiecie\/2025\/02\/15\/zlozylismy-33-wnioski-polonijne\/\"><img loading=\"lazy\" decoding=\"async\" width=\"760\" height=\"760\"  src=\"https:\/\/odraniemen.org\/polacy-na-swiecie\/wp-content\/uploads\/sites\/10\/elementor\/thumbs\/DJI_0183-scaled-r2krwuvabne8o12cyac0nkx2trt0rfa6t0wc6jtupc.jpg\" title=\"\" alt=\"\" class=\"lae-image\" \/><\/a>\n\n                    \n                    \n                        <div class=\"lae-image-info\">\n\n                            <div class=\"lae-entry-info\">\n\n                                \n                                    <h3 class=\"lae-post-title\">\n\n                                        <a href=\"https:\/\/odraniemen.org\/polacy-na-swiecie\/2025\/02\/15\/zlozylismy-33-wnioski-polonijne\/\" title=\"Z\u0142o\u017cyli\u015bmy 33 wnioski polonijne\"\n                                           rel=\"bookmark\">Z\u0142o\u017cyli\u015bmy 33 wnioski polonijne<\/a>\n\n                                    <\/h3>\n\n                                \n                                \n                            <\/div>\n\n                        <\/div><!-- .lae-image-info -->\n\n                    \n                <\/div>\n\n            \n            \n                <div class=\"lae-entry-text-wrap \">\n\n                    \n                        <h3 class=\"entry-title\">\n\n                            <a href=\"https:\/\/odraniemen.org\/polacy-na-swiecie\/2025\/02\/15\/zlozylismy-33-wnioski-polonijne\/\" title=\"Z\u0142o\u017cyli\u015bmy 33 wnioski polonijne\"\n                               rel=\"bookmark\">Z\u0142o\u017cyli\u015bmy 33 wnioski polonijne<\/a>\n\n                        <\/h3>\n\n                    \n                    \n                        <div class=\"lae-entry-meta\">\n\n                            <span class=\"published\"><abbr title=\"sobota, luty, 2025, 10:45 pm\">15 lutego 2025<\/abbr><\/span>\n                        <\/div>\n\n                    \n                    \n                        <div class=\"entry-summary\">\n\n                            Z rado\u015bci\u0105 informujemy, \u017ce nasze \u015brodowisko z\u0142o\u017cy\u0142o do Senatu RP a\u017c 33 wnioski na \u0142\u0105czn\u0105 kwot\u0119 9.927.580,84 z\u0142 w ramach konkursu polonijnego.\n                        <\/div>\n\n                    \n                    \n                <\/div>\n\n            \n        \n    <\/article><!-- .hentry -->\n\n<\/div><!-- .lae-posts-carousel-item -->\n<div data-id=\"id-3218\" class=\"lae-posts-carousel-item\">\n\n    <article id=\"post-3218\" class=\"post-3218 post type-post status-publish format-standard has-post-thumbnail hentry category-aktualnosci category-projekty category-wydawnictwa-odry-niemen tag-jedennarodponadgranicami tag-kwartalnik tag-odraniemenponadgranicami tag-kwartalnikson tag-oddzialyson tag-polacynaswiecie tag-wspolpraca\">\n\n        \n            \n            \n            \n                <div class=\"lae-project-image\">\n\n                    \n                    \n                    \n                        <a href=\"https:\/\/odraniemen.org\/polacy-na-swiecie\/2024\/12\/30\/kwartalnik-odry-niemen-w-2024-2\/\"><img loading=\"lazy\" decoding=\"async\" width=\"760\" height=\"760\"  src=\"https:\/\/odraniemen.org\/polacy-na-swiecie\/wp-content\/uploads\/sites\/10\/elementor\/thumbs\/Ponad-Granicami-17-internet-01-scaled-qzbfecurvxx1c5drxsf9b2j4o33caiaqqjbd8q2gts.jpg\" title=\"Ponad-Granicami-17&#8211;internet-01\" alt=\"Ponad-Granicami-17--internet-01\" class=\"lae-image\" \/><\/a>\n\n                    \n                    \n                        <div class=\"lae-image-info\">\n\n                            <div class=\"lae-entry-info\">\n\n                                \n                                    <h3 class=\"lae-post-title\">\n\n                                        <a href=\"https:\/\/odraniemen.org\/polacy-na-swiecie\/2024\/12\/30\/kwartalnik-odry-niemen-w-2024-2\/\" title=\"Kwartalnik Odry-Niemen w 2024\"\n                                           rel=\"bookmark\">Kwartalnik Odry-Niemen w 2024<\/a>\n\n                                    <\/h3>\n\n                                \n                                \n                            <\/div>\n\n                        <\/div><!-- .lae-image-info -->\n\n                    \n                <\/div>\n\n            \n            \n                <div class=\"lae-entry-text-wrap \">\n\n                    \n                        <h3 class=\"entry-title\">\n\n                            <a href=\"https:\/\/odraniemen.org\/polacy-na-swiecie\/2024\/12\/30\/kwartalnik-odry-niemen-w-2024-2\/\" title=\"Kwartalnik Odry-Niemen w 2024\"\n                               rel=\"bookmark\">Kwartalnik Odry-Niemen w 2024<\/a>\n\n                        <\/h3>\n\n                    \n                    \n                        <div class=\"lae-entry-meta\">\n\n                            <span class=\"published\"><abbr title=\"poniedzia\u0142ek, grudzie\u0144, 2024, 3:20 pm\">30 grudnia 2024<\/abbr><\/span>\n                        <\/div>\n\n                    \n                    \n                        <div class=\"entry-summary\">\n\n                            Za nami 4 numery kwartalnika \u201cOdra-Niemen Ponad Granicami\u201d, wydane w 2023 roku.  Na stronie znajd\u0105 Pa\u0144stwo wszystkie numery w wersji pdf. Zapraszamy do lektury . \n                        <\/div>\n\n                    \n                    \n                <\/div>\n\n            \n        \n    <\/article><!-- .hentry -->\n\n<\/div><!-- .lae-posts-carousel-item --><\/div><!-- .lae-posts-carousel -->\t\t<\/div>\n\t\t\t\t<\/div>\n\t\t\t\t\t<\/div>\n\t\t<\/div>\n\t\t\t\t\t\t\t<\/div>\n\t\t<\/section>\n\t\t\t\t<section class=\"has_eae_slider elementor-section elementor-top-section elementor-element elementor-element-9888b32 elementor-section-full_width elementor-section-height-default elementor-section-height-default\" data-id=\"9888b32\" data-element_type=\"section\">\n\t\t\t\t\t\t<div class=\"elementor-container elementor-column-gap-default\">\n\t\t\t\t\t<div class=\"has_eae_slider elementor-column elementor-col-100 elementor-top-column elementor-element elementor-element-8589c34\" data-id=\"8589c34\" data-element_type=\"column\">\n\t\t\t<div class=\"elementor-widget-wrap elementor-element-populated\">\n\t\t\t\t\t\t\t\t<div class=\"elementor-element elementor-element-6e2038e elementor-widget elementor-widget-heading\" data-id=\"6e2038e\" data-element_type=\"widget\" data-widget_type=\"heading.default\">\n\t\t\t\t<div class=\"elementor-widget-container\">\n\t\t\t<h2 class=\"elementor-heading-title elementor-size-default\"><a href=\"https:\/\/odra.dracosk.pl\/aktualnosci\/\">Media spo\u0142eczno\u015bciowe<\/a><\/h2>\t\t<\/div>\n\t\t\t\t<\/div>\n\t\t\t\t\t<\/div>\n\t\t<\/div>\n\t\t\t\t\t\t\t<\/div>\n\t\t<\/section>\n\t\t\t\t<section class=\"has_eae_slider elementor-section elementor-top-section elementor-element elementor-element-14120cb elementor-section-full_width elementor-section-height-default elementor-section-height-default\" data-id=\"14120cb\" data-element_type=\"section\">\n\t\t\t\t\t\t<div class=\"elementor-container elementor-column-gap-default\">\n\t\t\t\t\t<div class=\"has_eae_slider elementor-column elementor-col-25 elementor-top-column elementor-element elementor-element-d3466bf\" data-id=\"d3466bf\" data-element_type=\"column\">\n\t\t\t<div class=\"elementor-widget-wrap\">\n\t\t\t\t\t\t\t\t\t<\/div>\n\t\t<\/div>\n\t\t\t\t<div class=\"has_eae_slider elementor-column elementor-col-25 elementor-top-column elementor-element elementor-element-b4e0943\" data-id=\"b4e0943\" data-element_type=\"column\">\n\t\t\t<div class=\"elementor-widget-wrap elementor-element-populated\">\n\t\t\t\t\t\t\t\t<div class=\"elementor-element elementor-element-9c11cbd elementor-vertical-align-middle elementor-position-left elementor-view-default elementor-mobile-position-top elementor-widget elementor-widget-icon-box\" data-id=\"9c11cbd\" data-element_type=\"widget\" data-widget_type=\"icon-box.default\">\n\t\t\t\t<div class=\"elementor-widget-container\">\n\t\t\t\t\t<div class=\"elementor-icon-box-wrapper\">\n\t\t\t\t\t\t<div class=\"elementor-icon-box-icon\">\n\t\t\t\t<a href=\"https:\/\/www.facebook.com\/OdraNiemen\/\" class=\"elementor-icon elementor-animation-\" tabindex=\"-1\">\n\t\t\t\t<i aria-hidden=\"true\" class=\"fab fa-facebook\"><\/i>\t\t\t\t<\/a>\n\t\t\t<\/div>\n\t\t\t\t\t\t<div class=\"elementor-icon-box-content\">\n\t\t\t\t<h3 class=\"elementor-icon-box-title\">\n\t\t\t\t\t<a href=\"https:\/\/www.facebook.com\/OdraNiemen\/\" >\n\t\t\t\t\t\tFACEBOOK\t\t\t\t\t<\/a>\n\t\t\t\t<\/h3>\n\t\t\t\t\t\t\t<\/div>\n\t\t<\/div>\n\t\t\t\t<\/div>\n\t\t\t\t<\/div>\n\t\t\t\t\t<\/div>\n\t\t<\/div>\n\t\t\t\t<div class=\"has_eae_slider elementor-column elementor-col-25 elementor-top-column elementor-element elementor-element-3a3bf66\" data-id=\"3a3bf66\" data-element_type=\"column\" data-settings=\"{&quot;background_background&quot;:&quot;classic&quot;}\">\n\t\t\t<div class=\"elementor-widget-wrap elementor-element-populated\">\n\t\t\t\t\t\t\t\t<div class=\"elementor-element elementor-element-31a7c78 elementor-widget elementor-widget-image\" data-id=\"31a7c78\" data-element_type=\"widget\" data-widget_type=\"image.default\">\n\t\t\t\t<div class=\"elementor-widget-container\">\n\t\t\t\t\t\t\t\t\t\t\t\t\t\t\t\t<a href=\"https:\/\/www.instagram.com\/odraniemen\/\">\n\t\t\t\t\t\t\t<img loading=\"lazy\" decoding=\"async\" width=\"1024\" height=\"251\" src=\"https:\/\/odraniemen.org\/polacy-na-swiecie\/wp-content\/uploads\/sites\/10\/2025\/07\/1086-1024x251.jpg\" class=\"attachment-large size-large wp-image-3416\" alt=\"\" srcset=\"https:\/\/odraniemen.org\/polacy-na-swiecie\/wp-content\/uploads\/sites\/10\/2025\/07\/1086-1024x251.jpg 1024w, https:\/\/odraniemen.org\/polacy-na-swiecie\/wp-content\/uploads\/sites\/10\/2025\/07\/1086-300x74.jpg 300w, https:\/\/odraniemen.org\/polacy-na-swiecie\/wp-content\/uploads\/sites\/10\/2025\/07\/1086-768x188.jpg 768w, https:\/\/odraniemen.org\/polacy-na-swiecie\/wp-content\/uploads\/sites\/10\/2025\/07\/1086.jpg 1200w\" sizes=\"(max-width: 1024px) 100vw, 1024px\" \/>\t\t\t\t\t\t\t\t<\/a>\n\t\t\t\t\t\t\t\t\t\t\t\t\t\t\t<\/div>\n\t\t\t\t<\/div>\n\t\t\t\t\t<\/div>\n\t\t<\/div>\n\t\t\t\t<div class=\"has_eae_slider elementor-column elementor-col-25 elementor-top-column elementor-element elementor-element-3da53c8\" data-id=\"3da53c8\" data-element_type=\"column\">\n\t\t\t<div class=\"elementor-widget-wrap\">\n\t\t\t\t\t\t\t\t\t<\/div>\n\t\t<\/div>\n\t\t\t\t\t\t\t<\/div>\n\t\t<\/section>\n\t\t\t\t<section class=\"has_eae_slider elementor-section elementor-top-section elementor-element elementor-element-3aed62d elementor-section-boxed elementor-section-height-default elementor-section-height-default\" data-id=\"3aed62d\" data-element_type=\"section\">\n\t\t\t\t\t\t<div class=\"elementor-container elementor-column-gap-default\">\n\t\t\t\t\t<div class=\"has_eae_slider elementor-column elementor-col-100 elementor-top-column elementor-element elementor-element-b87401c\" data-id=\"b87401c\" data-element_type=\"column\">\n\t\t\t<div class=\"elementor-widget-wrap elementor-element-populated\">\n\t\t\t\t\t\t\t\t<div class=\"elementor-element elementor-element-e06cad5 elementor-widget elementor-widget-spacer\" data-id=\"e06cad5\" data-element_type=\"widget\" data-widget_type=\"spacer.default\">\n\t\t\t\t<div class=\"elementor-widget-container\">\n\t\t\t\t\t<div class=\"elementor-spacer\">\n\t\t\t<div class=\"elementor-spacer-inner\"><\/div>\n\t\t<\/div>\n\t\t\t\t<\/div>\n\t\t\t\t<\/div>\n\t\t\t\t\t<\/div>\n\t\t<\/div>\n\t\t\t\t\t\t\t<\/div>\n\t\t<\/section>\n\t\t\t\t\t\t\t<\/div>\n\t\t","protected":false},"excerpt":{"rendered":"<p>Poznaj nas lepiej Stowarzyszenie Odra-Niemen dzia\u0142a od ponad 15 lat. Od pocz\u0105tku zajmujemy si\u0119 kilkoma obszarami:\u00a0\u00a0 Polonia i Polacy za granic\u0105\u00a0 Rodacy-Bohaterom\u00a0 Rozw\u00f3j \u015brodowiska pozarz\u0105dowego\u00a0 Skutecznie pozyskujemy \u015brodki na dzia\u0142ania spo\u0142eczne Wsp\u00f3\u0142pracujemy z wieloma instytucjami publicznymi i prywatnymi, dzi\u0119ki czemu z powodzeniem realizujemy liczne projekty w kraju i za granic\u0105.Pozyskali\u015bmy fundusze m.in. z: Kancelarii Prezesa &hellip;<\/p>\n<p class=\"read-more\"> <a class=\"\" href=\"https:\/\/odraniemen.org\/polacy-na-swiecie\/2024\/12\/30\/kwartalnik-odry-niemen-w-2024-2\/\"> <span class=\"screen-reader-text\">Kwartalnik Odry-Niemen w 2024<\/span> Read More &raquo;<\/a><\/p>\n","protected":false},"author":166,"featured_media":0,"parent":0,"menu_order":0,"comment_status":"closed","ping_status":"closed","template":"","meta":{"site-sidebar-layout":"no-sidebar","site-content-layout":"page-builder","ast-site-content-layout":"","site-content-style":"default","site-sidebar-style":"default","ast-global-header-display":"","ast-banner-title-visibility":"","ast-main-header-display":"","ast-hfb-above-header-display":"","ast-hfb-below-header-display":"","ast-hfb-mobile-header-display":"","site-post-title":"disabled","ast-breadcrumbs-content":"","ast-featured-img":"disabled","footer-sml-layout":"","theme-transparent-header-meta":"default","adv-header-id-meta":"","stick-header-meta":"","header-above-stick-meta":"","header-main-stick-meta":"","header-below-stick-meta":"","astra-migrate-meta-layouts":"","ast-page-background-enabled":"default","ast-page-background-meta":{"desktop":{"background-color":"","background-image":"","background-repeat":"repeat","background-position":"center center","background-size":"auto","background-attachment":"scroll","background-type":"","background-media":"","overlay-type":"","overlay-color":"","overlay-gradient":""},"tablet":{"background-color":"","background-image":"","background-repeat":"repeat","background-position":"center center","background-size":"auto","background-attachment":"scroll","background-type":"","background-media":"","overlay-type":"","overlay-color":"","overlay-gradient":""},"mobile":{"background-color":"","background-image":"","background-repeat":"repeat","background-position":"center center","background-size":"auto","background-attachment":"scroll","background-type":"","background-media":"","overlay-type":"","overlay-color":"","overlay-gradient":""}},"ast-content-background-meta":{"desktop":{"background-color":"var(--ast-global-color-5)","background-image":"","background-repeat":"repeat","background-position":"center center","background-size":"auto","background-attachment":"scroll","background-type":"","background-media":"","overlay-type":"","overlay-color":"","overlay-gradient":""},"tablet":{"background-color":"var(--ast-global-color-5)","background-image":"","background-repeat":"repeat","background-position":"center center","background-size":"auto","background-attachment":"scroll","background-type":"","background-media":"","overlay-type":"","overlay-color":"","overlay-gradient":""},"mobile":{"background-color":"var(--ast-global-color-5)","background-image":"","background-repeat":"repeat","background-position":"center center","background-size":"auto","background-attachment":"scroll","background-type":"","background-media":"","overlay-type":"","overlay-color":"","overlay-gradient":""}},"footnotes":""},"yoast_head":"<!-- This site is optimized with the Yoast SEO plugin v21.6 - https:\/\/yoast.com\/wordpress\/plugins\/seo\/ -->\n<title>Strona g\u0142\u00f3wna - Polacy Ponad Granicami<\/title>\n<meta name=\"robots\" content=\"index, follow, max-snippet:-1, max-image-preview:large, max-video-preview:-1\" \/>\n<link rel=\"canonical\" href=\"https:\/\/odraniemen.org\/polacy-na-swiecie\/\" \/>\n<meta property=\"og:locale\" content=\"pl_PL\" \/>\n<meta property=\"og:type\" content=\"article\" \/>\n<meta property=\"og:title\" content=\"Strona g\u0142\u00f3wna - Polacy Ponad Granicami\" \/>\n<meta property=\"og:description\" content=\"Poznaj nas lepiej Stowarzyszenie Odra-Niemen dzia\u0142a od ponad 15 lat. Od pocz\u0105tku zajmujemy si\u0119 kilkoma obszarami:\u00a0\u00a0 Polonia i Polacy za granic\u0105\u00a0 Rodacy-Bohaterom\u00a0 Rozw\u00f3j \u015brodowiska pozarz\u0105dowego\u00a0 Skutecznie pozyskujemy \u015brodki na dzia\u0142ania spo\u0142eczne Wsp\u00f3\u0142pracujemy z wieloma instytucjami publicznymi i prywatnymi, dzi\u0119ki czemu z powodzeniem realizujemy liczne projekty w kraju i za granic\u0105.Pozyskali\u015bmy fundusze m.in. z: Kancelarii Prezesa &hellip; Kwartalnik Odry-Niemen w 2024 Read More &raquo;\" \/>\n<meta property=\"og:url\" content=\"https:\/\/odraniemen.org\/polacy-na-swiecie\/\" \/>\n<meta property=\"og:site_name\" content=\"Polacy Ponad Granicami\" \/>\n<meta property=\"article:modified_time\" content=\"2025-07-25T10:31:49+00:00\" \/>\n<meta property=\"og:image\" content=\"https:\/\/odraniemen.org\/polacy-na-swiecie\/wp-content\/uploads\/sites\/10\/2025\/06\/flaga.jpg\" \/>\n<meta name=\"twitter:card\" content=\"summary_large_image\" \/>\n<meta name=\"twitter:label1\" content=\"Szacowany czas czytania\" \/>\n\t<meta name=\"twitter:data1\" content=\"82 minuty\" \/>\n<script type=\"application\/ld+json\" class=\"yoast-schema-graph\">{\"@context\":\"https:\/\/schema.org\",\"@graph\":[{\"@type\":\"WebPage\",\"@id\":\"https:\/\/odraniemen.org\/polacy-na-swiecie\/\",\"url\":\"https:\/\/odraniemen.org\/polacy-na-swiecie\/\",\"name\":\"Strona g\u0142\u00f3wna - Polacy Ponad Granicami\",\"isPartOf\":{\"@id\":\"https:\/\/odraniemen.org\/polacy-na-swiecie\/#website\"},\"datePublished\":\"2020-01-24T09:33:50+00:00\",\"dateModified\":\"2025-07-25T10:31:49+00:00\",\"breadcrumb\":{\"@id\":\"https:\/\/odraniemen.org\/polacy-na-swiecie\/#breadcrumb\"},\"inLanguage\":\"pl-PL\",\"potentialAction\":[{\"@type\":\"ReadAction\",\"target\":[\"https:\/\/odraniemen.org\/polacy-na-swiecie\/\"]}]},{\"@type\":\"BreadcrumbList\",\"@id\":\"https:\/\/odraniemen.org\/polacy-na-swiecie\/#breadcrumb\",\"itemListElement\":[{\"@type\":\"ListItem\",\"position\":1,\"name\":\"Strona g\u0142\u00f3wna\",\"item\":\"https:\/\/odraniemen.org\/polacy-na-swiecie\/\"},{\"@type\":\"ListItem\",\"position\":2,\"name\":\"Strona g\u0142\u00f3wna\"}]},{\"@type\":\"WebSite\",\"@id\":\"https:\/\/odraniemen.org\/polacy-na-swiecie\/#website\",\"url\":\"https:\/\/odraniemen.org\/polacy-na-swiecie\/\",\"name\":\"Polacy Ponad Granicami\",\"description\":\"Kolejna witryna sieci \u201eOdra-Niemen Witryny\u201d\",\"publisher\":{\"@id\":\"https:\/\/odraniemen.org\/polacy-na-swiecie\/#organization\"},\"potentialAction\":[{\"@type\":\"SearchAction\",\"target\":{\"@type\":\"EntryPoint\",\"urlTemplate\":\"https:\/\/odraniemen.org\/polacy-na-swiecie\/?s={search_term_string}\"},\"query-input\":\"required name=search_term_string\"}],\"inLanguage\":\"pl-PL\"},{\"@type\":\"Organization\",\"@id\":\"https:\/\/odraniemen.org\/polacy-na-swiecie\/#organization\",\"name\":\"Polacy Ponad Granicami\",\"url\":\"https:\/\/odraniemen.org\/polacy-na-swiecie\/\",\"logo\":{\"@type\":\"ImageObject\",\"inLanguage\":\"pl-PL\",\"@id\":\"https:\/\/odraniemen.org\/polacy-na-swiecie\/#\/schema\/logo\/image\/\",\"url\":\"https:\/\/odraniemen.org\/polacy-na-swiecie\/wp-content\/uploads\/sites\/10\/2025\/06\/cropped-Polacy-PONAD-GRANICAMI-logo.png\",\"contentUrl\":\"https:\/\/odraniemen.org\/polacy-na-swiecie\/wp-content\/uploads\/sites\/10\/2025\/06\/cropped-Polacy-PONAD-GRANICAMI-logo.png\",\"width\":1546,\"height\":454,\"caption\":\"Polacy Ponad Granicami\"},\"image\":{\"@id\":\"https:\/\/odraniemen.org\/polacy-na-swiecie\/#\/schema\/logo\/image\/\"}}]}<\/script>\n<!-- \/ Yoast SEO plugin. -->","yoast_head_json":{"title":"Strona g\u0142\u00f3wna - Polacy Ponad Granicami","robots":{"index":"index","follow":"follow","max-snippet":"max-snippet:-1","max-image-preview":"max-image-preview:large","max-video-preview":"max-video-preview:-1"},"canonical":"https:\/\/odraniemen.org\/polacy-na-swiecie\/","og_locale":"pl_PL","og_type":"article","og_title":"Strona g\u0142\u00f3wna - Polacy Ponad Granicami","og_description":"Poznaj nas lepiej Stowarzyszenie Odra-Niemen dzia\u0142a od ponad 15 lat. Od pocz\u0105tku zajmujemy si\u0119 kilkoma obszarami:\u00a0\u00a0 Polonia i Polacy za granic\u0105\u00a0 Rodacy-Bohaterom\u00a0 Rozw\u00f3j \u015brodowiska pozarz\u0105dowego\u00a0 Skutecznie pozyskujemy \u015brodki na dzia\u0142ania spo\u0142eczne Wsp\u00f3\u0142pracujemy z wieloma instytucjami publicznymi i prywatnymi, dzi\u0119ki czemu z powodzeniem realizujemy liczne projekty w kraju i za granic\u0105.Pozyskali\u015bmy fundusze m.in. z: Kancelarii Prezesa &hellip; Kwartalnik Odry-Niemen w 2024 Read More &raquo;","og_url":"https:\/\/odraniemen.org\/polacy-na-swiecie\/","og_site_name":"Polacy Ponad Granicami","article_modified_time":"2025-07-25T10:31:49+00:00","og_image":[{"url":"https:\/\/odraniemen.org\/polacy-na-swiecie\/wp-content\/uploads\/sites\/10\/2025\/06\/flaga.jpg"}],"twitter_card":"summary_large_image","twitter_misc":{"Szacowany czas czytania":"82 minuty"},"schema":{"@context":"https:\/\/schema.org","@graph":[{"@type":"WebPage","@id":"https:\/\/odraniemen.org\/polacy-na-swiecie\/","url":"https:\/\/odraniemen.org\/polacy-na-swiecie\/","name":"Strona g\u0142\u00f3wna - Polacy Ponad Granicami","isPartOf":{"@id":"https:\/\/odraniemen.org\/polacy-na-swiecie\/#website"},"datePublished":"2020-01-24T09:33:50+00:00","dateModified":"2025-07-25T10:31:49+00:00","breadcrumb":{"@id":"https:\/\/odraniemen.org\/polacy-na-swiecie\/#breadcrumb"},"inLanguage":"pl-PL","potentialAction":[{"@type":"ReadAction","target":["https:\/\/odraniemen.org\/polacy-na-swiecie\/"]}]},{"@type":"BreadcrumbList","@id":"https:\/\/odraniemen.org\/polacy-na-swiecie\/#breadcrumb","itemListElement":[{"@type":"ListItem","position":1,"name":"Strona g\u0142\u00f3wna","item":"https:\/\/odraniemen.org\/polacy-na-swiecie\/"},{"@type":"ListItem","position":2,"name":"Strona g\u0142\u00f3wna"}]},{"@type":"WebSite","@id":"https:\/\/odraniemen.org\/polacy-na-swiecie\/#website","url":"https:\/\/odraniemen.org\/polacy-na-swiecie\/","name":"Polacy Ponad Granicami","description":"Kolejna witryna sieci \u201eOdra-Niemen Witryny\u201d","publisher":{"@id":"https:\/\/odraniemen.org\/polacy-na-swiecie\/#organization"},"potentialAction":[{"@type":"SearchAction","target":{"@type":"EntryPoint","urlTemplate":"https:\/\/odraniemen.org\/polacy-na-swiecie\/?s={search_term_string}"},"query-input":"required name=search_term_string"}],"inLanguage":"pl-PL"},{"@type":"Organization","@id":"https:\/\/odraniemen.org\/polacy-na-swiecie\/#organization","name":"Polacy Ponad Granicami","url":"https:\/\/odraniemen.org\/polacy-na-swiecie\/","logo":{"@type":"ImageObject","inLanguage":"pl-PL","@id":"https:\/\/odraniemen.org\/polacy-na-swiecie\/#\/schema\/logo\/image\/","url":"https:\/\/odraniemen.org\/polacy-na-swiecie\/wp-content\/uploads\/sites\/10\/2025\/06\/cropped-Polacy-PONAD-GRANICAMI-logo.png","contentUrl":"https:\/\/odraniemen.org\/polacy-na-swiecie\/wp-content\/uploads\/sites\/10\/2025\/06\/cropped-Polacy-PONAD-GRANICAMI-logo.png","width":1546,"height":454,"caption":"Polacy Ponad Granicami"},"image":{"@id":"https:\/\/odraniemen.org\/polacy-na-swiecie\/#\/schema\/logo\/image\/"}}]}},"_links":{"self":[{"href":"https:\/\/odraniemen.org\/polacy-na-swiecie\/wp-json\/wp\/v2\/pages\/7"}],"collection":[{"href":"https:\/\/odraniemen.org\/polacy-na-swiecie\/wp-json\/wp\/v2\/pages"}],"about":[{"href":"https:\/\/odraniemen.org\/polacy-na-swiecie\/wp-json\/wp\/v2\/types\/page"}],"author":[{"embeddable":true,"href":"https:\/\/odraniemen.org\/polacy-na-swiecie\/wp-json\/wp\/v2\/users\/166"}],"replies":[{"embeddable":true,"href":"https:\/\/odraniemen.org\/polacy-na-swiecie\/wp-json\/wp\/v2\/comments?post=7"}],"version-history":[{"count":172,"href":"https:\/\/odraniemen.org\/polacy-na-swiecie\/wp-json\/wp\/v2\/pages\/7\/revisions"}],"predecessor-version":[{"id":3440,"href":"https:\/\/odraniemen.org\/polacy-na-swiecie\/wp-json\/wp\/v2\/pages\/7\/revisions\/3440"}],"wp:attachment":[{"href":"https:\/\/odraniemen.org\/polacy-na-swiecie\/wp-json\/wp\/v2\/media?parent=7"}],"curies":[{"name":"wp","href":"https:\/\/api.w.org\/{rel}","templated":true}]}}