
{"id":4716,"date":"2022-04-13T15:21:17","date_gmt":"2022-04-13T13:21:17","guid":{"rendered":"https:\/\/odraniemen.org\/sklep\/?post_type=product&#038;p=4716"},"modified":"2024-04-04T14:29:58","modified_gmt":"2024-04-04T12:29:58","slug":"mlekiem-miodem-i-krwia","status":"publish","type":"product","link":"https:\/\/odraniemen.org\/sklep\/produkt\/mlekiem-miodem-i-krwia\/","title":{"rendered":"&#8220;Mlekiem, miodem i krwi\u0105&#8221;"},"content":{"rendered":"<p>&nbsp;<\/p>\n<p style=\"line-height: 150%;\"><strong>Dym kompletnie zas\u0142oni\u0142 widok na drog\u0119. Ni st\u0105d, ni zow\u0105d obro\u0144cy zacz\u0119li s\u0142ysze\u0107 ukrai\u0144skie komendy na dziedzi\u0144cu przed ko\u015bcio\u0142em, a po chwili kto\u015b zacz\u0105\u0142 dobija\u0107 si\u0119 do drzwi. Banderowcy przeszli przez drog\u0119 pod os\u0142on\u0105 dymu. Kto\u015b ma granaty? spyta\u0142 Kossowski. Nikt. Sku\u0144czy\u0142y sia po ustatniej akcji odpar\u0142 Panasiewicz. Ach, gdyby tylko mie\u0107 granaty! pomy\u015bla\u0142 W\u0142odek. Obrzuciliby banderowc\u00f3w pod ko\u015bcio\u0142em i zabili pewnie dziesi\u0105tki z nich, czego ca\u0142\u0105 dusz\u0105 pragn\u0119li. Niestety zabrak\u0142o zaopatrzenia. Przez Kresy Rzeczypospolitej, krain\u0119 niegdy\u015b mlekiem i miodem p\u0142yn\u0105c\u0105, obszar \u017cyzny i p\u0142odny, w kt\u00f3rym obok siebie przez wieki mieszkali Polacy, Rusini i \u017bydzi, w dwudziestym stuleciu przesz\u0142y trzy ideologie: hitlerowska, sowiecka i ukrai\u0144ski nacjonalizm. Wspania\u0142a ziemia sp\u0142yn\u0119\u0142a krwi\u0105. Ksi\u0105\u017cka Marcina Wi\u0119ckowskiego Mlekiem, miodem i krwi\u0105 ukazuje tragizm mieszka\u0144c\u00f3w tych ziem, w czasach powojennych na zawsze wysiedlonych ze swojej ukochanej ojczyzny. Serdecznie polecam! &#8211; Kajetan Rajski<\/strong><\/p>\n","protected":false},"excerpt":{"rendered":"<p><span style=\"font-family: Roboto;\"><br \/>\nAutor: Marcin Wi\u0119ckowski<br \/>\n<\/span><\/p>\n<p>Typ ok\u0142adki: mi\u0119kka<\/p>\n<p>&nbsp;<\/p>\n<p>Wydawca: Miles<\/p>\n<p>&nbsp;<\/p>\n<p>Liczba stron: 429<\/p>\n<p>&nbsp;<\/p>\n<p>Data wydania: 2016<\/p>\n<p>&nbsp;<\/p>\n<p>&nbsp;<\/p>\n<p>&nbsp;<\/p>\n","protected":false},"featured_media":4697,"comment_status":"open","ping_status":"closed","template":"","meta":{"site-sidebar-layout":"default","site-content-layout":"default","ast-site-content-layout":"","site-content-style":"default","site-sidebar-style":"default","ast-global-header-display":"","ast-banner-title-visibility":"","ast-main-header-display":"","ast-hfb-above-header-display":"","ast-hfb-below-header-display":"","ast-hfb-mobile-header-display":"","site-post-title":"","ast-breadcrumbs-content":"","ast-featured-img":"","footer-sml-layout":"","theme-transparent-header-meta":"default","adv-header-id-meta":"","stick-header-meta":"","header-above-stick-meta":"","header-main-stick-meta":"","header-below-stick-meta":"","astra-migrate-meta-layouts":"","ast-page-background-enabled":"default","ast-page-background-meta":{"desktop":{"background-color":"","background-image":"","background-repeat":"repeat","background-position":"center center","background-size":"auto","background-attachment":"scroll","background-type":"","background-media":"","overlay-type":"","overlay-color":"","overlay-gradient":""},"tablet":{"background-color":"","background-image":"","background-repeat":"repeat","background-position":"center center","background-size":"auto","background-attachment":"scroll","background-type":"","background-media":"","overlay-type":"","overlay-color":"","overlay-gradient":""},"mobile":{"background-color":"","background-image":"","background-repeat":"repeat","background-position":"center center","background-size":"auto","background-attachment":"scroll","background-type":"","background-media":"","overlay-type":"","overlay-color":"","overlay-gradient":""}},"ast-content-background-meta":{"desktop":{"background-color":"var(--ast-global-color-5)","background-image":"","background-repeat":"repeat","background-position":"center center","background-size":"auto","background-attachment":"scroll","background-type":"","background-media":"","overlay-type":"","overlay-color":"","overlay-gradient":""},"tablet":{"background-color":"var(--ast-global-color-5)","background-image":"","background-repeat":"repeat","background-position":"center center","background-size":"auto","background-attachment":"scroll","background-type":"","background-media":"","overlay-type":"","overlay-color":"","overlay-gradient":""},"mobile":{"background-color":"var(--ast-global-color-5)","background-image":"","background-repeat":"repeat","background-position":"center center","background-size":"auto","background-attachment":"scroll","background-type":"","background-media":"","overlay-type":"","overlay-color":"","overlay-gradient":""}}},"product_cat":[53,23],"product_tag":[],"yoast_head":"<!-- This site is optimized with the Yoast SEO plugin v21.6 - https:\/\/yoast.com\/wordpress\/plugins\/seo\/ -->\n<title>&quot;Mlekiem, miodem i krwi\u0105&quot; - Odra Niemen Sklep Charytatywny<\/title>\n<meta name=\"description\" content=\"Ksi\u0105\u017cka &quot;Mlekiem, miodem i krwi\u0105&quot; ukazuje tragizm mieszka\u0144c\u00f3w tych ziem na zawsze wysiedlonych ze swojej ukochanej ojczyzny.\" \/>\n<meta name=\"robots\" content=\"index, follow, max-snippet:-1, max-image-preview:large, max-video-preview:-1\" \/>\n<link rel=\"canonical\" href=\"https:\/\/odraniemen.org\/sklep\/produkt\/mlekiem-miodem-i-krwia\/\" \/>\n<meta property=\"og:locale\" content=\"pl_PL\" \/>\n<meta property=\"og:type\" content=\"article\" \/>\n<meta property=\"og:title\" content=\"&quot;Mlekiem, miodem i krwi\u0105&quot; - Odra Niemen Sklep Charytatywny\" \/>\n<meta property=\"og:description\" content=\"Ksi\u0105\u017cka &quot;Mlekiem, miodem i krwi\u0105&quot; ukazuje tragizm mieszka\u0144c\u00f3w tych ziem na zawsze wysiedlonych ze swojej ukochanej ojczyzny.\" \/>\n<meta property=\"og:url\" content=\"https:\/\/odraniemen.org\/sklep\/produkt\/mlekiem-miodem-i-krwia\/\" \/>\n<meta property=\"og:site_name\" content=\"Odra Niemen Sklep Charytatywny\" \/>\n<meta property=\"article:modified_time\" content=\"2024-04-04T12:29:58+00:00\" \/>\n<meta property=\"og:image\" content=\"https:\/\/odraniemen.org\/sklep\/wp-content\/uploads\/sites\/8\/2022\/04\/Mlekiem-Miodem-i-Krwia.jpg\" \/>\n\t<meta property=\"og:image:width\" content=\"750\" \/>\n\t<meta property=\"og:image:height\" content=\"1000\" \/>\n\t<meta property=\"og:image:type\" content=\"image\/jpeg\" \/>\n<meta name=\"twitter:card\" content=\"summary_large_image\" \/>\n<meta name=\"twitter:label1\" content=\"Szacowany czas czytania\" \/>\n\t<meta name=\"twitter:data1\" content=\"1 minuta\" \/>\n<script type=\"application\/ld+json\" class=\"yoast-schema-graph\">{\"@context\":\"https:\/\/schema.org\",\"@graph\":[{\"@type\":\"WebPage\",\"@id\":\"https:\/\/odraniemen.org\/sklep\/produkt\/mlekiem-miodem-i-krwia\/\",\"url\":\"https:\/\/odraniemen.org\/sklep\/produkt\/mlekiem-miodem-i-krwia\/\",\"name\":\"\\\"Mlekiem, miodem i krwi\u0105\\\" - Odra Niemen Sklep Charytatywny\",\"isPartOf\":{\"@id\":\"https:\/\/odraniemen.org\/sklep\/#website\"},\"datePublished\":\"2022-04-13T13:21:17+00:00\",\"dateModified\":\"2024-04-04T12:29:58+00:00\",\"description\":\"Ksi\u0105\u017cka \\\"Mlekiem, miodem i krwi\u0105\\\" ukazuje tragizm mieszka\u0144c\u00f3w tych ziem na zawsze wysiedlonych ze swojej ukochanej ojczyzny.\",\"breadcrumb\":{\"@id\":\"https:\/\/odraniemen.org\/sklep\/produkt\/mlekiem-miodem-i-krwia\/#breadcrumb\"},\"inLanguage\":\"pl-PL\",\"potentialAction\":[{\"@type\":\"ReadAction\",\"target\":[\"https:\/\/odraniemen.org\/sklep\/produkt\/mlekiem-miodem-i-krwia\/\"]}]},{\"@type\":\"BreadcrumbList\",\"@id\":\"https:\/\/odraniemen.org\/sklep\/produkt\/mlekiem-miodem-i-krwia\/#breadcrumb\",\"itemListElement\":[{\"@type\":\"ListItem\",\"position\":1,\"name\":\"Strona g\u0142\u00f3wna\",\"item\":\"https:\/\/odraniemen.org\/sklep\/\"},{\"@type\":\"ListItem\",\"position\":2,\"name\":\"Sklep\",\"item\":\"https:\/\/odraniemen.org\/sklep\/sklep\/\"},{\"@type\":\"ListItem\",\"position\":3,\"name\":\"&#8220;Mlekiem, miodem i krwi\u0105&#8221;\"}]},{\"@type\":\"WebSite\",\"@id\":\"https:\/\/odraniemen.org\/sklep\/#website\",\"url\":\"https:\/\/odraniemen.org\/sklep\/\",\"name\":\"Odra Niemen Sklep Charytatywny\",\"description\":\"Sklep charytatywny Stowarzyszenia Odra-Niemen\",\"publisher\":{\"@id\":\"https:\/\/odraniemen.org\/sklep\/#organization\"},\"potentialAction\":[{\"@type\":\"SearchAction\",\"target\":{\"@type\":\"EntryPoint\",\"urlTemplate\":\"https:\/\/odraniemen.org\/sklep\/?s={search_term_string}\"},\"query-input\":\"required name=search_term_string\"}],\"inLanguage\":\"pl-PL\"},{\"@type\":\"Organization\",\"@id\":\"https:\/\/odraniemen.org\/sklep\/#organization\",\"name\":\"Odra Niemen Sklep Charytatywny\",\"url\":\"https:\/\/odraniemen.org\/sklep\/\",\"logo\":{\"@type\":\"ImageObject\",\"inLanguage\":\"pl-PL\",\"@id\":\"https:\/\/odraniemen.org\/sklep\/#\/schema\/logo\/image\/\",\"url\":\"https:\/\/odraniemen.org\/sklep\/wp-content\/uploads\/sites\/8\/2022\/05\/cropped-logo-menu1.png\",\"contentUrl\":\"https:\/\/odraniemen.org\/sklep\/wp-content\/uploads\/sites\/8\/2022\/05\/cropped-logo-menu1.png\",\"width\":324,\"height\":250,\"caption\":\"Odra Niemen Sklep Charytatywny\"},\"image\":{\"@id\":\"https:\/\/odraniemen.org\/sklep\/#\/schema\/logo\/image\/\"}}]}<\/script>\n<!-- \/ Yoast SEO plugin. -->","yoast_head_json":{"title":"\"Mlekiem, miodem i krwi\u0105\" - Odra Niemen Sklep Charytatywny","description":"Ksi\u0105\u017cka \"Mlekiem, miodem i krwi\u0105\" ukazuje tragizm mieszka\u0144c\u00f3w tych ziem na zawsze wysiedlonych ze swojej ukochanej ojczyzny.","robots":{"index":"index","follow":"follow","max-snippet":"max-snippet:-1","max-image-preview":"max-image-preview:large","max-video-preview":"max-video-preview:-1"},"canonical":"https:\/\/odraniemen.org\/sklep\/produkt\/mlekiem-miodem-i-krwia\/","og_locale":"pl_PL","og_type":"article","og_title":"\"Mlekiem, miodem i krwi\u0105\" - Odra Niemen Sklep Charytatywny","og_description":"Ksi\u0105\u017cka \"Mlekiem, miodem i krwi\u0105\" ukazuje tragizm mieszka\u0144c\u00f3w tych ziem na zawsze wysiedlonych ze swojej ukochanej ojczyzny.","og_url":"https:\/\/odraniemen.org\/sklep\/produkt\/mlekiem-miodem-i-krwia\/","og_site_name":"Odra Niemen Sklep Charytatywny","article_modified_time":"2024-04-04T12:29:58+00:00","og_image":[{"width":750,"height":1000,"url":"https:\/\/odraniemen.org\/sklep\/wp-content\/uploads\/sites\/8\/2022\/04\/Mlekiem-Miodem-i-Krwia.jpg","type":"image\/jpeg"}],"twitter_card":"summary_large_image","twitter_misc":{"Szacowany czas czytania":"1 minuta"},"schema":{"@context":"https:\/\/schema.org","@graph":[{"@type":"WebPage","@id":"https:\/\/odraniemen.org\/sklep\/produkt\/mlekiem-miodem-i-krwia\/","url":"https:\/\/odraniemen.org\/sklep\/produkt\/mlekiem-miodem-i-krwia\/","name":"\"Mlekiem, miodem i krwi\u0105\" - Odra Niemen Sklep Charytatywny","isPartOf":{"@id":"https:\/\/odraniemen.org\/sklep\/#website"},"datePublished":"2022-04-13T13:21:17+00:00","dateModified":"2024-04-04T12:29:58+00:00","description":"Ksi\u0105\u017cka \"Mlekiem, miodem i krwi\u0105\" ukazuje tragizm mieszka\u0144c\u00f3w tych ziem na zawsze wysiedlonych ze swojej ukochanej ojczyzny.","breadcrumb":{"@id":"https:\/\/odraniemen.org\/sklep\/produkt\/mlekiem-miodem-i-krwia\/#breadcrumb"},"inLanguage":"pl-PL","potentialAction":[{"@type":"ReadAction","target":["https:\/\/odraniemen.org\/sklep\/produkt\/mlekiem-miodem-i-krwia\/"]}]},{"@type":"BreadcrumbList","@id":"https:\/\/odraniemen.org\/sklep\/produkt\/mlekiem-miodem-i-krwia\/#breadcrumb","itemListElement":[{"@type":"ListItem","position":1,"name":"Strona g\u0142\u00f3wna","item":"https:\/\/odraniemen.org\/sklep\/"},{"@type":"ListItem","position":2,"name":"Sklep","item":"https:\/\/odraniemen.org\/sklep\/sklep\/"},{"@type":"ListItem","position":3,"name":"&#8220;Mlekiem, miodem i krwi\u0105&#8221;"}]},{"@type":"WebSite","@id":"https:\/\/odraniemen.org\/sklep\/#website","url":"https:\/\/odraniemen.org\/sklep\/","name":"Odra Niemen Sklep Charytatywny","description":"Sklep charytatywny Stowarzyszenia Odra-Niemen","publisher":{"@id":"https:\/\/odraniemen.org\/sklep\/#organization"},"potentialAction":[{"@type":"SearchAction","target":{"@type":"EntryPoint","urlTemplate":"https:\/\/odraniemen.org\/sklep\/?s={search_term_string}"},"query-input":"required name=search_term_string"}],"inLanguage":"pl-PL"},{"@type":"Organization","@id":"https:\/\/odraniemen.org\/sklep\/#organization","name":"Odra Niemen Sklep Charytatywny","url":"https:\/\/odraniemen.org\/sklep\/","logo":{"@type":"ImageObject","inLanguage":"pl-PL","@id":"https:\/\/odraniemen.org\/sklep\/#\/schema\/logo\/image\/","url":"https:\/\/odraniemen.org\/sklep\/wp-content\/uploads\/sites\/8\/2022\/05\/cropped-logo-menu1.png","contentUrl":"https:\/\/odraniemen.org\/sklep\/wp-content\/uploads\/sites\/8\/2022\/05\/cropped-logo-menu1.png","width":324,"height":250,"caption":"Odra Niemen Sklep Charytatywny"},"image":{"@id":"https:\/\/odraniemen.org\/sklep\/#\/schema\/logo\/image\/"}}]}},"_links":{"self":[{"href":"https:\/\/odraniemen.org\/sklep\/wp-json\/wp\/v2\/product\/4716"}],"collection":[{"href":"https:\/\/odraniemen.org\/sklep\/wp-json\/wp\/v2\/product"}],"about":[{"href":"https:\/\/odraniemen.org\/sklep\/wp-json\/wp\/v2\/types\/product"}],"replies":[{"embeddable":true,"href":"https:\/\/odraniemen.org\/sklep\/wp-json\/wp\/v2\/comments?post=4716"}],"wp:featuredmedia":[{"embeddable":true,"href":"https:\/\/odraniemen.org\/sklep\/wp-json\/wp\/v2\/media\/4697"}],"wp:attachment":[{"href":"https:\/\/odraniemen.org\/sklep\/wp-json\/wp\/v2\/media?parent=4716"}],"wp:term":[{"taxonomy":"product_cat","embeddable":true,"href":"https:\/\/odraniemen.org\/sklep\/wp-json\/wp\/v2\/product_cat?post=4716"},{"taxonomy":"product_tag","embeddable":true,"href":"https:\/\/odraniemen.org\/sklep\/wp-json\/wp\/v2\/product_tag?post=4716"}],"curies":[{"name":"wp","href":"https:\/\/api.w.org\/{rel}","templated":true}]}}