
{"id":611,"date":"2021-01-25T13:27:08","date_gmt":"2021-01-25T12:27:08","guid":{"rendered":"https:\/\/odraniemen.org\/sklep\/?post_type=product&#038;p=611"},"modified":"2026-04-16T08:59:33","modified_gmt":"2026-04-16T06:59:33","slug":"pamietnik-wrzesien-1939-maj-1949-z-bronski-uskok","status":"publish","type":"product","link":"https:\/\/odraniemen.org\/sklep\/produkt\/pamietnik-wrzesien-1939-maj-1949-z-bronski-uskok\/","title":{"rendered":"\u201ePami\u0119tnik. Wrzesie\u0144 1939- Maj 1949\u201d Z. Bro\u0144ski &#8220;Uskok&#8221;"},"content":{"rendered":"<p>&nbsp;<\/p>\n<p style=\"line-height: 150%;\"><strong>Zdzis\u0142aw Bro\u0144ski \u201eUskok\u201d (1912\u20131949) od jesieni 1943 r. dowodzi\u0142 oddzia\u0142em partyzanckim w Obwodzie AK Lubart\u00f3w, bra\u0142 udzia\u0142 w akcji \u201eBurza\u201d. Po \u201ewyzwoleniu\u201d walczy\u0142 z komunistami. Zgin\u0105\u0142 otoczony w bunkrze, gdzie przez dwa lata ukrywa\u0142 si\u0119 przed UB.<br \/>\nUkrywaj\u0105c si\u0119 spisywa\u0142 wspomnienia. Jest to \u017ar\u00f3d\u0142o unikatowe, gdy\u017c pozwala pozna\u0107 motywy, jakie sk\u0142oni\u0142y \u017co\u0142nierzy wykl\u0119tych do pozostania w konspiracji. Ze wspomnie\u0144 przebija zdumiewaj\u0105ca wyobra\u017ania spo\u0142eczna i polityczna autora, kt\u00f3ry trafnie analizowa\u0142 zmieniaj\u0105c\u0105 si\u0119 sytuacj\u0119 mi\u0119dzynarodow\u0105 i wewn\u0119trzn\u0105 w Polsce.<\/strong><\/p>\n","protected":false},"excerpt":{"rendered":"<p>&nbsp;<\/p>\n<p style=\"line-height: 150%;\"><strong>Autor: Zdzis\u0142aw Bro\u0144ski \u201eUskok\u201d; <strong>wst\u0119p, redakcja naukowa i opracowanie dokument\u00f3w S\u0142awomir Poleszak, edycja tekstu Andrzej T. Filipek, Maciej Sobieraj<\/strong><\/strong><\/p>\n<p><strong>Typ ok\u0142adki: twarda<\/strong><\/p>\n<p>&nbsp;<\/p>\n<p><strong>Wydawca: IPN<\/strong><\/p>\n<p>&nbsp;<\/p>\n<p><strong>Wymiary: 145&#215;210<\/strong><\/p>\n<p>&nbsp;<\/p>\n<p><strong>Liczba stron: 383<\/strong><\/p>\n<p>&nbsp;<\/p>\n<p><strong>Data wydania: 2015<\/strong><\/p>\n<p>&nbsp;<\/p>\n<p>&nbsp;<\/p>\n","protected":false},"featured_media":4700,"comment_status":"open","ping_status":"closed","template":"","meta":{"site-sidebar-layout":"default","site-content-layout":"default","ast-site-content-layout":"","site-content-style":"default","site-sidebar-style":"default","ast-global-header-display":"","ast-banner-title-visibility":"","ast-main-header-display":"","ast-hfb-above-header-display":"","ast-hfb-below-header-display":"","ast-hfb-mobile-header-display":"","site-post-title":"","ast-breadcrumbs-content":"","ast-featured-img":"","footer-sml-layout":"","theme-transparent-header-meta":"default","adv-header-id-meta":"","stick-header-meta":"","header-above-stick-meta":"","header-main-stick-meta":"","header-below-stick-meta":"","astra-migrate-meta-layouts":"","ast-page-background-enabled":"default","ast-page-background-meta":{"desktop":{"background-color":"","background-image":"","background-repeat":"repeat","background-position":"center center","background-size":"auto","background-attachment":"scroll","background-type":"","background-media":"","overlay-type":"","overlay-color":"","overlay-gradient":""},"tablet":{"background-color":"","background-image":"","background-repeat":"repeat","background-position":"center center","background-size":"auto","background-attachment":"scroll","background-type":"","background-media":"","overlay-type":"","overlay-color":"","overlay-gradient":""},"mobile":{"background-color":"","background-image":"","background-repeat":"repeat","background-position":"center center","background-size":"auto","background-attachment":"scroll","background-type":"","background-media":"","overlay-type":"","overlay-color":"","overlay-gradient":""}},"ast-content-background-meta":{"desktop":{"background-color":"var(--ast-global-color-5)","background-image":"","background-repeat":"repeat","background-position":"center center","background-size":"auto","background-attachment":"scroll","background-type":"","background-media":"","overlay-type":"","overlay-color":"","overlay-gradient":""},"tablet":{"background-color":"var(--ast-global-color-5)","background-image":"","background-repeat":"repeat","background-position":"center center","background-size":"auto","background-attachment":"scroll","background-type":"","background-media":"","overlay-type":"","overlay-color":"","overlay-gradient":""},"mobile":{"background-color":"var(--ast-global-color-5)","background-image":"","background-repeat":"repeat","background-position":"center center","background-size":"auto","background-attachment":"scroll","background-type":"","background-media":"","overlay-type":"","overlay-color":"","overlay-gradient":""}}},"product_cat":[53,23],"product_tag":[],"yoast_head":"<!-- This site is optimized with the Yoast SEO plugin v21.6 - https:\/\/yoast.com\/wordpress\/plugins\/seo\/ -->\n<title>\u201ePami\u0119tnik. Wrzesie\u0144 1939- Maj 1949\u201d Z. Bro\u0144ski &quot;Uskok&quot; - Odra Niemen Sklep Charytatywny<\/title>\n<meta name=\"description\" content=\"Zdzis\u0142aw Bro\u0144ski \u201eUskok\u201d (1912\u20131949) od jesieni 1943 r. dowodzi\u0142 oddzia\u0142em partyzanckim w Obwodzie AK Lubart\u00f3w, bra\u0142 udzia\u0142 w akcji \u201eBurza\u201d.\" \/>\n<meta name=\"robots\" content=\"index, follow, max-snippet:-1, max-image-preview:large, max-video-preview:-1\" \/>\n<link rel=\"canonical\" href=\"https:\/\/odraniemen.org\/sklep\/produkt\/pamietnik-wrzesien-1939-maj-1949-z-bronski-uskok\/\" \/>\n<meta property=\"og:locale\" content=\"pl_PL\" \/>\n<meta property=\"og:type\" content=\"article\" \/>\n<meta property=\"og:title\" content=\"\u201ePami\u0119tnik. Wrzesie\u0144 1939- Maj 1949\u201d Z. Bro\u0144ski &quot;Uskok&quot; - Odra Niemen Sklep Charytatywny\" \/>\n<meta property=\"og:description\" content=\"Zdzis\u0142aw Bro\u0144ski \u201eUskok\u201d (1912\u20131949) od jesieni 1943 r. dowodzi\u0142 oddzia\u0142em partyzanckim w Obwodzie AK Lubart\u00f3w, bra\u0142 udzia\u0142 w akcji \u201eBurza\u201d.\" \/>\n<meta property=\"og:url\" content=\"https:\/\/odraniemen.org\/sklep\/produkt\/pamietnik-wrzesien-1939-maj-1949-z-bronski-uskok\/\" \/>\n<meta property=\"og:site_name\" content=\"Odra Niemen Sklep Charytatywny\" \/>\n<meta property=\"article:modified_time\" content=\"2026-04-16T06:59:33+00:00\" \/>\n<meta property=\"og:image\" content=\"https:\/\/odraniemen.org\/sklep\/wp-content\/uploads\/sites\/8\/2022\/04\/Pamietnik.jpg\" \/>\n\t<meta property=\"og:image:width\" content=\"750\" \/>\n\t<meta property=\"og:image:height\" content=\"1000\" \/>\n\t<meta property=\"og:image:type\" content=\"image\/jpeg\" \/>\n<meta name=\"twitter:card\" content=\"summary_large_image\" \/>\n<meta name=\"twitter:label1\" content=\"Szacowany czas czytania\" \/>\n\t<meta name=\"twitter:data1\" content=\"1 minuta\" \/>\n<script type=\"application\/ld+json\" class=\"yoast-schema-graph\">{\"@context\":\"https:\/\/schema.org\",\"@graph\":[{\"@type\":\"WebPage\",\"@id\":\"https:\/\/odraniemen.org\/sklep\/produkt\/pamietnik-wrzesien-1939-maj-1949-z-bronski-uskok\/\",\"url\":\"https:\/\/odraniemen.org\/sklep\/produkt\/pamietnik-wrzesien-1939-maj-1949-z-bronski-uskok\/\",\"name\":\"\u201ePami\u0119tnik. Wrzesie\u0144 1939- Maj 1949\u201d Z. Bro\u0144ski \\\"Uskok\\\" - Odra Niemen Sklep Charytatywny\",\"isPartOf\":{\"@id\":\"https:\/\/odraniemen.org\/sklep\/#website\"},\"datePublished\":\"2021-01-25T12:27:08+00:00\",\"dateModified\":\"2026-04-16T06:59:33+00:00\",\"description\":\"Zdzis\u0142aw Bro\u0144ski \u201eUskok\u201d (1912\u20131949) od jesieni 1943 r. dowodzi\u0142 oddzia\u0142em partyzanckim w Obwodzie AK Lubart\u00f3w, bra\u0142 udzia\u0142 w akcji \u201eBurza\u201d.\",\"breadcrumb\":{\"@id\":\"https:\/\/odraniemen.org\/sklep\/produkt\/pamietnik-wrzesien-1939-maj-1949-z-bronski-uskok\/#breadcrumb\"},\"inLanguage\":\"pl-PL\",\"potentialAction\":[{\"@type\":\"ReadAction\",\"target\":[\"https:\/\/odraniemen.org\/sklep\/produkt\/pamietnik-wrzesien-1939-maj-1949-z-bronski-uskok\/\"]}]},{\"@type\":\"BreadcrumbList\",\"@id\":\"https:\/\/odraniemen.org\/sklep\/produkt\/pamietnik-wrzesien-1939-maj-1949-z-bronski-uskok\/#breadcrumb\",\"itemListElement\":[{\"@type\":\"ListItem\",\"position\":1,\"name\":\"Strona g\u0142\u00f3wna\",\"item\":\"https:\/\/odraniemen.org\/sklep\/\"},{\"@type\":\"ListItem\",\"position\":2,\"name\":\"Sklep\",\"item\":\"https:\/\/odraniemen.org\/sklep\/sklep\/\"},{\"@type\":\"ListItem\",\"position\":3,\"name\":\"\u201ePami\u0119tnik. Wrzesie\u0144 1939- Maj 1949\u201d Z. Bro\u0144ski &#8220;Uskok&#8221;\"}]},{\"@type\":\"WebSite\",\"@id\":\"https:\/\/odraniemen.org\/sklep\/#website\",\"url\":\"https:\/\/odraniemen.org\/sklep\/\",\"name\":\"Odra Niemen Sklep Charytatywny\",\"description\":\"Sklep charytatywny Stowarzyszenia Odra-Niemen\",\"publisher\":{\"@id\":\"https:\/\/odraniemen.org\/sklep\/#organization\"},\"potentialAction\":[{\"@type\":\"SearchAction\",\"target\":{\"@type\":\"EntryPoint\",\"urlTemplate\":\"https:\/\/odraniemen.org\/sklep\/?s={search_term_string}\"},\"query-input\":\"required name=search_term_string\"}],\"inLanguage\":\"pl-PL\"},{\"@type\":\"Organization\",\"@id\":\"https:\/\/odraniemen.org\/sklep\/#organization\",\"name\":\"Odra Niemen Sklep Charytatywny\",\"url\":\"https:\/\/odraniemen.org\/sklep\/\",\"logo\":{\"@type\":\"ImageObject\",\"inLanguage\":\"pl-PL\",\"@id\":\"https:\/\/odraniemen.org\/sklep\/#\/schema\/logo\/image\/\",\"url\":\"https:\/\/odraniemen.org\/sklep\/wp-content\/uploads\/sites\/8\/2022\/05\/cropped-logo-menu1.png\",\"contentUrl\":\"https:\/\/odraniemen.org\/sklep\/wp-content\/uploads\/sites\/8\/2022\/05\/cropped-logo-menu1.png\",\"width\":324,\"height\":250,\"caption\":\"Odra Niemen Sklep Charytatywny\"},\"image\":{\"@id\":\"https:\/\/odraniemen.org\/sklep\/#\/schema\/logo\/image\/\"}}]}<\/script>\n<!-- \/ Yoast SEO plugin. -->","yoast_head_json":{"title":"\u201ePami\u0119tnik. Wrzesie\u0144 1939- Maj 1949\u201d Z. Bro\u0144ski \"Uskok\" - Odra Niemen Sklep Charytatywny","description":"Zdzis\u0142aw Bro\u0144ski \u201eUskok\u201d (1912\u20131949) od jesieni 1943 r. dowodzi\u0142 oddzia\u0142em partyzanckim w Obwodzie AK Lubart\u00f3w, bra\u0142 udzia\u0142 w akcji \u201eBurza\u201d.","robots":{"index":"index","follow":"follow","max-snippet":"max-snippet:-1","max-image-preview":"max-image-preview:large","max-video-preview":"max-video-preview:-1"},"canonical":"https:\/\/odraniemen.org\/sklep\/produkt\/pamietnik-wrzesien-1939-maj-1949-z-bronski-uskok\/","og_locale":"pl_PL","og_type":"article","og_title":"\u201ePami\u0119tnik. Wrzesie\u0144 1939- Maj 1949\u201d Z. Bro\u0144ski \"Uskok\" - Odra Niemen Sklep Charytatywny","og_description":"Zdzis\u0142aw Bro\u0144ski \u201eUskok\u201d (1912\u20131949) od jesieni 1943 r. dowodzi\u0142 oddzia\u0142em partyzanckim w Obwodzie AK Lubart\u00f3w, bra\u0142 udzia\u0142 w akcji \u201eBurza\u201d.","og_url":"https:\/\/odraniemen.org\/sklep\/produkt\/pamietnik-wrzesien-1939-maj-1949-z-bronski-uskok\/","og_site_name":"Odra Niemen Sklep Charytatywny","article_modified_time":"2026-04-16T06:59:33+00:00","og_image":[{"width":750,"height":1000,"url":"https:\/\/odraniemen.org\/sklep\/wp-content\/uploads\/sites\/8\/2022\/04\/Pamietnik.jpg","type":"image\/jpeg"}],"twitter_card":"summary_large_image","twitter_misc":{"Szacowany czas czytania":"1 minuta"},"schema":{"@context":"https:\/\/schema.org","@graph":[{"@type":"WebPage","@id":"https:\/\/odraniemen.org\/sklep\/produkt\/pamietnik-wrzesien-1939-maj-1949-z-bronski-uskok\/","url":"https:\/\/odraniemen.org\/sklep\/produkt\/pamietnik-wrzesien-1939-maj-1949-z-bronski-uskok\/","name":"\u201ePami\u0119tnik. Wrzesie\u0144 1939- Maj 1949\u201d Z. Bro\u0144ski \"Uskok\" - Odra Niemen Sklep Charytatywny","isPartOf":{"@id":"https:\/\/odraniemen.org\/sklep\/#website"},"datePublished":"2021-01-25T12:27:08+00:00","dateModified":"2026-04-16T06:59:33+00:00","description":"Zdzis\u0142aw Bro\u0144ski \u201eUskok\u201d (1912\u20131949) od jesieni 1943 r. dowodzi\u0142 oddzia\u0142em partyzanckim w Obwodzie AK Lubart\u00f3w, bra\u0142 udzia\u0142 w akcji \u201eBurza\u201d.","breadcrumb":{"@id":"https:\/\/odraniemen.org\/sklep\/produkt\/pamietnik-wrzesien-1939-maj-1949-z-bronski-uskok\/#breadcrumb"},"inLanguage":"pl-PL","potentialAction":[{"@type":"ReadAction","target":["https:\/\/odraniemen.org\/sklep\/produkt\/pamietnik-wrzesien-1939-maj-1949-z-bronski-uskok\/"]}]},{"@type":"BreadcrumbList","@id":"https:\/\/odraniemen.org\/sklep\/produkt\/pamietnik-wrzesien-1939-maj-1949-z-bronski-uskok\/#breadcrumb","itemListElement":[{"@type":"ListItem","position":1,"name":"Strona g\u0142\u00f3wna","item":"https:\/\/odraniemen.org\/sklep\/"},{"@type":"ListItem","position":2,"name":"Sklep","item":"https:\/\/odraniemen.org\/sklep\/sklep\/"},{"@type":"ListItem","position":3,"name":"\u201ePami\u0119tnik. Wrzesie\u0144 1939- Maj 1949\u201d Z. Bro\u0144ski &#8220;Uskok&#8221;"}]},{"@type":"WebSite","@id":"https:\/\/odraniemen.org\/sklep\/#website","url":"https:\/\/odraniemen.org\/sklep\/","name":"Odra Niemen Sklep Charytatywny","description":"Sklep charytatywny Stowarzyszenia Odra-Niemen","publisher":{"@id":"https:\/\/odraniemen.org\/sklep\/#organization"},"potentialAction":[{"@type":"SearchAction","target":{"@type":"EntryPoint","urlTemplate":"https:\/\/odraniemen.org\/sklep\/?s={search_term_string}"},"query-input":"required name=search_term_string"}],"inLanguage":"pl-PL"},{"@type":"Organization","@id":"https:\/\/odraniemen.org\/sklep\/#organization","name":"Odra Niemen Sklep Charytatywny","url":"https:\/\/odraniemen.org\/sklep\/","logo":{"@type":"ImageObject","inLanguage":"pl-PL","@id":"https:\/\/odraniemen.org\/sklep\/#\/schema\/logo\/image\/","url":"https:\/\/odraniemen.org\/sklep\/wp-content\/uploads\/sites\/8\/2022\/05\/cropped-logo-menu1.png","contentUrl":"https:\/\/odraniemen.org\/sklep\/wp-content\/uploads\/sites\/8\/2022\/05\/cropped-logo-menu1.png","width":324,"height":250,"caption":"Odra Niemen Sklep Charytatywny"},"image":{"@id":"https:\/\/odraniemen.org\/sklep\/#\/schema\/logo\/image\/"}}]}},"_links":{"self":[{"href":"https:\/\/odraniemen.org\/sklep\/wp-json\/wp\/v2\/product\/611"}],"collection":[{"href":"https:\/\/odraniemen.org\/sklep\/wp-json\/wp\/v2\/product"}],"about":[{"href":"https:\/\/odraniemen.org\/sklep\/wp-json\/wp\/v2\/types\/product"}],"replies":[{"embeddable":true,"href":"https:\/\/odraniemen.org\/sklep\/wp-json\/wp\/v2\/comments?post=611"}],"wp:featuredmedia":[{"embeddable":true,"href":"https:\/\/odraniemen.org\/sklep\/wp-json\/wp\/v2\/media\/4700"}],"wp:attachment":[{"href":"https:\/\/odraniemen.org\/sklep\/wp-json\/wp\/v2\/media?parent=611"}],"wp:term":[{"taxonomy":"product_cat","embeddable":true,"href":"https:\/\/odraniemen.org\/sklep\/wp-json\/wp\/v2\/product_cat?post=611"},{"taxonomy":"product_tag","embeddable":true,"href":"https:\/\/odraniemen.org\/sklep\/wp-json\/wp\/v2\/product_tag?post=611"}],"curies":[{"name":"wp","href":"https:\/\/api.w.org\/{rel}","templated":true}]}}